{"id":19661,"date":"2019-01-25T10:06:13","date_gmt":"2019-01-25T09:06:13","guid":{"rendered":"https:\/\/ordesasobrarbe.com\/servicios\/"},"modified":"2019-04-05T15:05:43","modified_gmt":"2019-04-05T14:05:43","slug":"service-companies","status":"publish","type":"page","link":"https:\/\/ordesasobrarbe.com\/en\/service-companies\/","title":{"rendered":"Service companies"},"content":{"rendered":"<p>[et_pb_section bb_built=&#8221;1&#8243; fullwidth=&#8221;on&#8221; specialty=&#8221;off&#8221; next_background_color=&#8221;#000000&#8243;][et_pb_fullwidth_slider _builder_version=&#8221;3.21.3&#8243; z_index_tablet=&#8221;500&#8243;][et_pb_slide _builder_version=&#8221;3.21.3&#8243; heading=&#8221;Services&#8221; button_link=&#8221;#&#8221; button_link_2=&#8221;#&#8221; url_new_window=&#8221;off&#8221; link_option_url_new_window=&#8221;off&#8221; background_color=&#8221;#000000&#8243; use_background_color_gradient=&#8221;off&#8221; background_color_gradient_start=&#8221;#2b87da&#8221; background_color_gradient_end=&#8221;#29c4a9&#8243; background_color_gradient_type=&#8221;linear&#8221; background_color_gradient_direction=&#8221;180deg&#8221; background_color_gradient_direction_radial=&#8221;center&#8221; background_color_gradient_start_position=&#8221;0%&#8221; background_color_gradient_end_position=&#8221;100%&#8221; background_color_gradient_overlays_image=&#8221;off&#8221; background_image=&#8221;https:\/\/ordesasobrarbe.com\/wp-content\/uploads\/2017\/02\/sub_header_home.jpg&#8221; parallax=&#8221;off&#8221; parallax_method=&#8221;on&#8221; background_size=&#8221;cover&#8221; background_position=&#8221;center&#8221; background_repeat=&#8221;no-repeat&#8221; background_blend=&#8221;normal&#8221; allow_player_pause=&#8221;off&#8221; background_video_pause_outside_viewport=&#8221;on&#8221; use_bg_overlay=&#8221;off&#8221; use_text_overlay=&#8221;off&#8221; text_border_radius=&#8221;3&#8243; alignment=&#8221;center&#8221; child_filter_hue_rotate=&#8221;0deg&#8221; child_filter_saturate=&#8221;100%&#8221; child_filter_brightness=&#8221;100%&#8221; child_filter_contrast=&#8221;100%&#8221; child_filter_invert=&#8221;0%&#8221; child_filter_sepia=&#8221;0%&#8221; child_filter_opacity=&#8221;100%&#8221; child_filter_blur=&#8221;0px&#8221; child_mix_blend_mode=&#8221;normal&#8221; background_layout=&#8221;dark&#8221; text_shadow_style=&#8221;none&#8221; header_text_shadow_style=&#8221;none&#8221; body_text_shadow_style=&#8221;none&#8221; custom_button=&#8221;off&#8221; button_bg_use_color_gradient=&#8221;off&#8221; button_bg_color_gradient_overlays_image=&#8221;off&#8221; button_use_icon=&#8221;on&#8221; button_on_hover=&#8221;on&#8221; button_text_shadow_style=&#8221;none&#8221; box_shadow_style_button=&#8221;none&#8221; hover_transition_duration=&#8221;300ms&#8221; hover_transition_delay=&#8221;0ms&#8221; hover_transition_speed_curve=&#8221;ease&#8221; text_shadow_horizontal_length=&#8221;0em&#8221; text_shadow_vertical_length=&#8221;0em&#8221; text_shadow_blur_strength=&#8221;0em&#8221; header_text_shadow_horizontal_length=&#8221;0em&#8221; header_text_shadow_vertical_length=&#8221;0em&#8221; header_text_shadow_blur_strength=&#8221;0em&#8221; body_text_shadow_horizontal_length=&#8221;0em&#8221; body_text_shadow_vertical_length=&#8221;0em&#8221; body_text_shadow_blur_strength=&#8221;0em&#8221; button_text_shadow_horizontal_length=&#8221;0em&#8221; button_text_shadow_vertical_length=&#8221;0em&#8221; button_text_shadow_blur_strength=&#8221;0em&#8221; \/][\/et_pb_fullwidth_slider][\/et_pb_section][et_pb_section bb_built=&#8221;1&#8243; prev_background_color=&#8221;#000000&#8243;][et_pb_row][et_pb_column type=&#8221;4_4&#8243;][et_pb_text _builder_version=&#8221;3.19.13&#8243;]<\/p>\n<p style=\"text-align: center;\"><form autocomplete=\"off\" name=\"wpv-filter-3901\" action=\"\/en\/wp-json\/wp\/v2\/pages\/19661?wpv_view_count=3901\" method=\"get\" class=\"wpv-filter-form js-wpv-filter-form js-wpv-filter-form-3901 js-wpv-form-full\" data-viewnumber=\"3901\" data-viewid=\"3901\" data-viewhash=\"eyJuYW1lIjoic2VydmljaW9zIn0=\" data-viewwidgetid=\"0\" data-orderby=\"\" data-order=\"\" data-orderbyas=\"\" data-orderbysecond=\"\" data-ordersecond=\"\" data-parametric=\"{&quot;query&quot;:&quot;normal&quot;,&quot;id&quot;:3901,&quot;view_id&quot;:3901,&quot;widget_id&quot;:0,&quot;view_hash&quot;:&quot;3901&quot;,&quot;action&quot;:&quot;\\\/en\\\/wp-json\\\/wp\\\/v2\\\/pages\\\/19661?wpv_view_count=3901&quot;,&quot;sort&quot;:{&quot;orderby&quot;:&quot;&quot;,&quot;order&quot;:&quot;&quot;,&quot;orderby_as&quot;:&quot;&quot;,&quot;orderby_second&quot;:&quot;&quot;,&quot;order_second&quot;:&quot;&quot;},&quot;orderby&quot;:&quot;&quot;,&quot;order&quot;:&quot;&quot;,&quot;orderby_as&quot;:&quot;&quot;,&quot;orderby_second&quot;:&quot;&quot;,&quot;order_second&quot;:&quot;&quot;,&quot;ajax_form&quot;:&quot;&quot;,&quot;ajax_results&quot;:&quot;&quot;,&quot;effect&quot;:&quot;fade&quot;,&quot;prebefore&quot;:&quot;&quot;,&quot;before&quot;:&quot;&quot;,&quot;after&quot;:&quot;&quot;,&quot;attributes&quot;:[],&quot;environment&quot;:{&quot;current_post_id&quot;:19661,&quot;parent_post_id&quot;:19661,&quot;parent_term_id&quot;:0,&quot;parent_user_id&quot;:0,&quot;archive&quot;:{&quot;type&quot;:&quot;&quot;,&quot;name&quot;:&quot;&quot;,&quot;data&quot;:[]}},&quot;loop&quot;:{&quot;type&quot;:&quot;&quot;,&quot;name&quot;:&quot;&quot;,&quot;data&quot;:[],&quot;id&quot;:0}}\" data-attributes=\"[]\" data-environment=\"{&quot;current_post_id&quot;:19661,&quot;parent_post_id&quot;:19661,&quot;parent_term_id&quot;:0,&quot;parent_user_id&quot;:0,&quot;archive&quot;:{&quot;type&quot;:&quot;&quot;,&quot;name&quot;:&quot;&quot;,&quot;data&quot;:[]}}\"><input type=\"hidden\" class=\"js-wpv-dps-filter-data js-wpv-filter-data-for-this-form\" data-action=\"\/en\/wp-json\/wp\/v2\/pages\/19661?wpv_view_count=3901\" data-page=\"1\" data-ajax=\"disable\" data-effect=\"fade\" data-maxpages=\"0\" data-ajaxprebefore=\"\" data-ajaxbefore=\"\" data-ajaxafter=\"\" \/><input class=\"wpv_view_count wpv_view_count-3901\" type=\"hidden\" name=\"wpv_view_count\" value=\"3901\" \/>\n\n<\/form>\n\n<div id=\"js-wpv-addon-maps-render-map-4\" style=\"width:100%; height:500px;\" class=\"wpv-addon-maps-render js-wpv-addon-maps-render js-wpv-addon-maps-render-map-4 \" data-map=\"map-4\" data-generalzoom=\"5\" data-generalcenterlat=\"0\" data-generalcenterlon=\"0\" data-fitbounds=\"on\" data-singlezoom=\"14\" data-singlecenter=\"on\" data-osmlayer=\"standard\" data-maptype=\"roadmap\" data-showlayerinterests=\"false\" data-markericon=\"\/\/ordesasobrarbe.com\/wp-content\/plugins\/toolset-maps\/resources\/images\/markers\/Home.png\" data-markericonhover=\"\" data-draggable=\"on\" data-scrollwheel=\"on\" data-doubleclickzoom=\"on\" data-maptypecontrol=\"on\" data-fullscreencontrol=\"on\" data-zoomcontrol=\"on\" data-streetviewcontrol=\"on\" data-backgroundcolor=\"\" data-cluster=\"off\" data-clustergridsize=\"60\" data-clustermaxzoom=\"\" data-clusterclickzoom=\"on\" data-clusterminsize=\"2\" data-stylejson=\"\/\/ordesasobrarbe.com\/wp-content\/plugins\/toolset-maps\/resources\/json\/Standard.json\" data-spiderfy=\"off\" data-streetview=\"off\" data-markerid=\"\" data-location=\"\" data-lat=\"0\" data-long=\"0\" data-heading=\"\" data-pitch=\"\"><\/div>\n\n<div id=\"wpv-view-layout-3901\" class=\"js-wpv-view-layout js-wpv-layout-responsive js-wpv-view-layout-3901\" data-viewnumber=\"3901\" data-pagination=\"{&quot;id&quot;:3901,&quot;query&quot;:&quot;normal&quot;,&quot;type&quot;:&quot;disabled&quot;,&quot;effect&quot;:&quot;fade&quot;,&quot;duration&quot;:&quot;500&quot;,&quot;speed&quot;:&quot;5&quot;,&quot;pause_on_hover&quot;:&quot;disabled&quot;,&quot;stop_rollover&quot;:&quot;false&quot;,&quot;cache_pages&quot;:&quot;enabled&quot;,&quot;preload_images&quot;:&quot;enabled&quot;,&quot;preload_pages&quot;:&quot;enabled&quot;,&quot;preload_reach&quot;:&quot;1&quot;,&quot;spinner&quot;:&quot;builtin&quot;,&quot;spinner_image&quot;:&quot;https:\/\/ordesasobrarbe.com\/wp-content\/plugins\/wp-views\/embedded\/res\/img\/ajax-loader.gif&quot;,&quot;callback_next&quot;:&quot;&quot;,&quot;manage_history&quot;:&quot;disabled&quot;,&quot;has_controls_in_form&quot;:&quot;disabled&quot;,&quot;infinite_tolerance&quot;:&quot;0&quot;,&quot;max_pages&quot;:0,&quot;page&quot;:1,&quot;base_permalink&quot;:&quot;\/en\/wp-json\/wp\/v2\/pages\/19661?wpv_view_count=3901&amp;wpv_paged=WPV_PAGE_NUM&quot;,&quot;loop&quot;:{&quot;type&quot;:&quot;&quot;,&quot;name&quot;:&quot;&quot;,&quot;data&quot;:[],&quot;id&quot;:0}}\" data-permalink=\"\/en\/wp-json\/wp\/v2\/pages\/19661?wpv_view_count=3901\">\n\n\t\n\t\n\t<table width=\"100%\">\n\t\t<tbody class=\"wpv-loop js-wpv-loop\">\n\t\t\n\t\t\t<tr>\n             \n\t\t\t\t<div style=\"display:none\" class=\"wpv-addon-maps-marker js-wpv-addon-maps-marker js-wpv-addon-maps-marker-marker-3 js-wpv-addon-maps-markerfor-map-4\" data-marker=\"marker-3\" data-markertitle=\"Alea Comunicacion\" data-markerfor=\"map-4\" data-markerlat=\"42.5454262\" data-markerlon=\"0.1989972\" data-markericon=\"\" data-markericonhover=\"\" data-streetview=\"no\" data-fromview=\"\">\n\n<div><b><a href=\"https:\/\/ordesasobrarbe.com\/en\/empresas\/alea-comunicacion\/\">Alea Comunicacion<\/a><\/b><\/div>\n<div align=\"center\"><a href=\"https:\/\/ordesasobrarbe.com\/en\/empresas\/alea-comunicacion\/\"><img loading=\"lazy\" decoding=\"async\" width=\"150\" height=\"150\" src=\"https:\/\/ordesasobrarbe.com\/wp-content\/uploads\/2015\/08\/alea-comunicacion_principal-150x150.jpg\" class=\"attachment-thumbnail size-thumbnail wp-post-image\" alt=\"\" \/><\/a><\/div>\n\n<\/div>\n              \n\t\t\t<\/tr>\n\t\t\n\t\t\t<tr>\n             \n\t\t\t\t<div style=\"display:none\" class=\"wpv-addon-maps-marker js-wpv-addon-maps-marker js-wpv-addon-maps-marker-marker-3-1 js-wpv-addon-maps-markerfor-map-4\" data-marker=\"marker-3-1\" data-markertitle=\"Clinica Dental Herrera Ruiz\" data-markerfor=\"map-4\" data-markerlat=\"42.4117972\" data-markerlon=\"0.1497716\" data-markericon=\"\" data-markericonhover=\"\" data-streetview=\"no\" data-fromview=\"\">\n\n<div><b><a href=\"https:\/\/ordesasobrarbe.com\/en\/empresas\/clinica-dental-herrera-ruiz\/\">Clinica Dental Herrera Ruiz<\/a><\/b><\/div>\n<div align=\"center\"><a href=\"https:\/\/ordesasobrarbe.com\/en\/empresas\/clinica-dental-herrera-ruiz\/\"><img loading=\"lazy\" decoding=\"async\" width=\"150\" height=\"150\" src=\"https:\/\/ordesasobrarbe.com\/wp-content\/uploads\/2015\/08\/dentista_principal-150x150.jpg\" class=\"attachment-thumbnail size-thumbnail wp-post-image\" alt=\"\" \/><\/a><\/div>\n\n<\/div>\n              \n\t\t\t<\/tr>\n\t\t\n\t\t\t<tr>\n             \n\t\t\t\t<div style=\"display:none\" class=\"wpv-addon-maps-marker js-wpv-addon-maps-marker js-wpv-addon-maps-marker-marker-3-2 js-wpv-addon-maps-markerfor-map-4\" data-marker=\"marker-3-2\" data-markertitle=\"InfoPirineo\" data-markerfor=\"map-4\" data-markerlat=\"42.4148264\" data-markerlon=\"0.1454471\" data-markericon=\"\" data-markericonhover=\"\" data-streetview=\"no\" data-fromview=\"\">\n\n<div><b><a href=\"https:\/\/ordesasobrarbe.com\/en\/empresas\/infopirineo\/\">InfoPirineo<\/a><\/b><\/div>\n<div align=\"center\"><a href=\"https:\/\/ordesasobrarbe.com\/en\/empresas\/infopirineo\/\"><img loading=\"lazy\" decoding=\"async\" width=\"150\" height=\"150\" src=\"https:\/\/ordesasobrarbe.com\/wp-content\/uploads\/2015\/08\/servidores-dedicados-150x150.jpg\" class=\"attachment-thumbnail size-thumbnail wp-post-image\" alt=\"\" \/><\/a><\/div>\n\n<\/div>\n              \n\t\t\t<\/tr>\n\t\t\n\t\t\t<tr>\n             \n\t\t\t\t<div style=\"display:none\" class=\"wpv-addon-maps-marker js-wpv-addon-maps-marker js-wpv-addon-maps-marker-marker-3-3 js-wpv-addon-maps-markerfor-map-4\" data-marker=\"marker-3-3\" data-markertitle=\"Piritec\" data-markerfor=\"map-4\" data-markerlat=\"42.4151557\" data-markerlon=\"0.1477187\" data-markericon=\"\" data-markericonhover=\"\" data-streetview=\"no\" data-fromview=\"\">\n\n<div><b><a href=\"https:\/\/ordesasobrarbe.com\/en\/empresas\/piritec\/\">Piritec<\/a><\/b><\/div>\n<div align=\"center\"><a href=\"https:\/\/ordesasobrarbe.com\/en\/empresas\/piritec\/\"><img loading=\"lazy\" decoding=\"async\" width=\"150\" height=\"150\" src=\"https:\/\/ordesasobrarbe.com\/wp-content\/uploads\/2017\/03\/piritec_principal-150x150.jpg\" class=\"attachment-thumbnail size-thumbnail wp-post-image\" alt=\"\" \/><\/a><\/div>\n\n<\/div>\n              \n\t\t\t<\/tr>\n\t\t\n\t\t\t<tr>\n             \n\t\t\t\t<div style=\"display:none\" class=\"wpv-addon-maps-marker js-wpv-addon-maps-marker js-wpv-addon-maps-marker-marker-3-4 js-wpv-addon-maps-markerfor-map-4\" data-marker=\"marker-3-4\" data-markertitle=\"Farmacia Garc\u00eda Campo\" data-markerfor=\"map-4\" data-markerlat=\"42.41384\" data-markerlon=\"0.1406865\" data-markericon=\"\" data-markericonhover=\"\" data-streetview=\"no\" data-fromview=\"\">\n\n<div><b><a href=\"https:\/\/ordesasobrarbe.com\/en\/empresas\/farmacia-garcia-campo\/\">Farmacia Garc\u00eda Campo<\/a><\/b><\/div>\n<div align=\"center\"><a href=\"https:\/\/ordesasobrarbe.com\/en\/empresas\/farmacia-garcia-campo\/\"><img loading=\"lazy\" decoding=\"async\" width=\"150\" height=\"150\" src=\"https:\/\/ordesasobrarbe.com\/wp-content\/uploads\/2016\/07\/farmacia_garcia_campo_principal-150x150.jpg\" class=\"attachment-thumbnail size-thumbnail wp-post-image\" alt=\"\" \/><\/a><\/div>\n\n<\/div>\n              \n\t\t\t<\/tr>\n\t\t\n\t\t\t<tr>\n             \n\t\t\t\t\n              \n\t\t\t<\/tr>\n\t\t\n\t\t\t<tr>\n             \n\t\t\t\t<div style=\"display:none\" class=\"wpv-addon-maps-marker js-wpv-addon-maps-marker js-wpv-addon-maps-marker-marker-3-5 js-wpv-addon-maps-markerfor-map-4\" data-marker=\"marker-3-5\" data-markertitle=\"Switch Drones\" data-markerfor=\"map-4\" data-markerlat=\"42.4446959\" data-markerlon=\"0.0664228\" data-markericon=\"\" data-markericonhover=\"\" data-streetview=\"no\" data-fromview=\"\">\n\n<div><b><a href=\"https:\/\/ordesasobrarbe.com\/en\/empresas\/switch-drones\/\">Switch Drones<\/a><\/b><\/div>\n<div align=\"center\"><a href=\"https:\/\/ordesasobrarbe.com\/en\/empresas\/switch-drones\/\"><img loading=\"lazy\" decoding=\"async\" width=\"150\" height=\"150\" src=\"https:\/\/ordesasobrarbe.com\/wp-content\/uploads\/2016\/07\/switch_drone_principal-150x150.png\" class=\"attachment-thumbnail size-thumbnail wp-post-image\" alt=\"\" \/><\/a><\/div>\n\n<\/div>\n              \n\t\t\t<\/tr>\n\t\t\n\t\t<\/tbody>\n\t<\/table>\n\t\n\t\n\t\n<\/div><\/p>\n<p>[\/et_pb_text][et_pb_text _builder_version=&#8221;3.19.8&#8243;]<\/p>\n<p style=\"text-align: center;\"><div class=\"pt-cv-wrapper et_smooth_scroll_disabled\"><div class=\"cvp-live-filter cvp-dropdown \" id=\"\" data-name=\"tx_tiposempresas\" data-sid=\"8a796cbzfe\" data-isblock=\"\" data-postid=\"\"><label class=\"cvp-label\">Tipo de Empresa<\/label><select name=\"tx_tiposempresas\"><option value=\"\">All<\/option><option value=\"servicios\" >MAS SERVICIOS<span class=\"cvp-count\"> (7)<\/span><\/option><option value=\"alojamientos\" >ALOJAMIENTOS<span class=\"cvp-count\"> (31)<\/span><\/option><option value=\"comercio\" >COMPRAS Y COMERCIOS<span class=\"cvp-count\"> (8)<\/span><\/option><option value=\"desplazamiento\" >AUTOCARES Y TAXIS<span class=\"cvp-count\"> (2)<\/span><\/option><option value=\"ocio\" >DEPORTES Y ECOTURISMO<span class=\"cvp-count\"> (4)<\/span><\/option><option value=\"restauracion\" >RESTAURANTES<span class=\"cvp-count\"> (5)<\/span><\/option><option value=\"tomar-algo\" >BARES PUBS CERVECERIAS<span class=\"cvp-count\"> (1)<\/span><\/option><\/select><\/div><div class=\"cvp-live-filter cvp-dropdown \" id=\"\" data-name=\"tx_zona-sobrarbe\" data-sid=\"8a796cbzfe\" data-isblock=\"\" data-postid=\"\"><label class=\"cvp-label\">Zona<\/label><select name=\"tx_zona-sobrarbe\"><option value=\"\">All<\/option><option value=\"zona-ainsa\" >Zona Ainsa<span class=\"cvp-count\"> (17)<\/span><\/option><option value=\"zona-bajo-penas\" >Zona Bajo Pe\u00f1as<span class=\"cvp-count\"> (1)<\/span><\/option><option value=\"zona-biello-sobrarbe\" >Zona Biello Sobrarbe<span class=\"cvp-count\"> (2)<\/span><\/option><option value=\"zona-bielsa\" >Zona Bielsa<span class=\"cvp-count\"> (5)<\/span><\/option><option value=\"zona-boltana\" >Zona Bolta\u00f1a<span class=\"cvp-count\"> (5)<\/span><\/option><option value=\"zona-broto-torla\" >Zona Broto \/ Torla<span class=\"cvp-count\"> (9)<\/span><\/option><option value=\"zona-fiscal\" >Zona Fiscal<span class=\"cvp-count\"> (1)<\/span><\/option><option value=\"zona-la-fueva\" >Zona La Fueva<span class=\"cvp-count\"> (4)<\/span><\/option><option value=\"zona-valle-de-chistau\" >Zona Valle de Chistau<span class=\"cvp-count\"> (4)<\/span><\/option><option value=\"zona-valle-del-cinca\" >Zona Valle del Cinca<span class=\"cvp-count\"> (9)<\/span><\/option><\/select><\/div><div class=\"pt-cv-view pt-cv-grid pt-cv-colsys pt-cv-same-height cvp-lfres pt-cv-alternate-right\" id=\"pt-cv-view-8a796cbzfe\"><div data-id=\"pt-cv-page-1\" class=\"pt-cv-page\" data-cvc=\"3\" data-cvct=\"2\" data-cvcm=\"1\"><div class=\"col-md-4 col-sm-6 col-xs-12 pt-cv-content-item pt-cv-2-col\"  data-pid=\"20222\"><div class='pt-cv-ifield'><a href=\"https:\/\/ordesasobrarbe.com\/en\/empresas\/casa-gerbe\/\" class=\"_blank pt-cv-href-thumbnail pt-cv-thumb-left cvplbd\" target=\"_blank\" ><img loading=\"lazy\" decoding=\"async\" width=\"400\" height=\"400\" src=\"https:\/\/ordesasobrarbe.com\/wp-content\/uploads\/2016\/07\/panoramica_gerbe_principal-400x375.jpg\" class=\"pt-cv-thumbnail img-none pull-left skip-lazy \" alt=\"Casa Gerbe\" data-no-lazy=\"1\" \/><\/a>\n<h4 class=\"pt-cv-title\"><a href=\"https:\/\/ordesasobrarbe.com\/en\/empresas\/casa-gerbe\/\" class=\"_blank cvplbd\" target=\"_blank\" >Casa Gerbe<\/a><\/h4>\n<div class=\"pt-cv-ctf-list\" data-cvc=\"1\"><div class=\"col-md-12 pt-cv-ctf-column\"><div class=\"pt-cv-custom-fields pt-cv-ctf-wpcf-localidad-ubicacion\"><div class=\"pt-cv-ctf-value\">Gerbe<\/div><\/div><\/div><\/div>\n<div class=\"pt-cv-content\">Casa Rural Gerbe es una\u00a0Vivienda de Turismo Rural situada en Gerbe, a orillas del embalse de Mediano, a tan s\u00f3lo ...<br \/><div class=\"pt-cv-rmwrap\"><a href=\"https:\/\/ordesasobrarbe.com\/en\/empresas\/casa-gerbe\/\" class=\"_blank pt-cv-readmore btn btn-success cvprmct  cvplbd\" target=\"_blank\">Leer M\u00e1s<\/a><\/div><\/div><\/div><\/div>\n<div class=\"col-md-4 col-sm-6 col-xs-12 pt-cv-content-item pt-cv-2-col\"  data-pid=\"19903\"><div class='pt-cv-ifield'><a href=\"https:\/\/ordesasobrarbe.com\/en\/empresas\/queseria-bal-de-broto\/\" class=\"_blank pt-cv-href-thumbnail pt-cv-thumb-left cvplbd\" target=\"_blank\" ><img loading=\"lazy\" decoding=\"async\" width=\"400\" height=\"400\" src=\"https:\/\/ordesasobrarbe.com\/wp-content\/uploads\/2024\/10\/Diseno-sin-titulo-2024-10-18T102229.148-768x768-400x400.png\" class=\"pt-cv-thumbnail img-none pull-left skip-lazy \" alt=\"etecuida senderismo Chist\u00e9n Sierra de Guara Aventura Pirineos Turismo Sobrarbe Patrimonio Sobrarbe Cultura Aragonesa Naturaleza Sobrarbe Senderismo Pirineos patrimonio Historia Sobrarbe Gastronom\u00eda Sobrarbe Ordesa Sobrarbe Bolta\u00f1a museo Bielsa aventura Sobrarbe ainsa Turismo Sostenible ordesa AETS Parque Nacional Ordesa naturaleza Huesca La Fueva Cultura Sobrarbe Actividades Sobrarbe broto Alojamiento Sobrarbe Asociaci\u00f3n Empresarial Tur\u00edstica de Sobrarbe Fiscal Aventura Pirineo Pirineo Aragon\u00e9s sobrarbe Posets Maladeta monte perdido Torla\" data-no-lazy=\"1\" \/><\/a>\n<h4 class=\"pt-cv-title\"><a href=\"https:\/\/ordesasobrarbe.com\/en\/empresas\/queseria-bal-de-broto\/\" class=\"_blank cvplbd\" target=\"_blank\" >Queser\u00eda Bal de Broto<\/a><\/h4>\n<div class=\"pt-cv-ctf-list\" data-cvc=\"1\"><div class=\"col-md-12 pt-cv-ctf-column\"><div class=\"pt-cv-custom-fields pt-cv-ctf-wpcf-localidad-ubicacion\"><div class=\"pt-cv-ctf-value\">Sarvis\u00e9<\/div><\/div><\/div><\/div>\n<div class=\"pt-cv-content\">Queser\u00eda artesana y sostenible en la zona de Broto ...<br \/><div class=\"pt-cv-rmwrap\"><a href=\"https:\/\/ordesasobrarbe.com\/en\/empresas\/queseria-bal-de-broto\/\" class=\"_blank pt-cv-readmore btn btn-success cvprmct  cvplbd\" target=\"_blank\">Leer M\u00e1s<\/a><\/div><\/div><\/div><\/div>\n<div class=\"col-md-4 col-sm-6 col-xs-12 pt-cv-content-item pt-cv-2-col\"  data-pid=\"20154\"><div class='pt-cv-ifield'><a href=\"https:\/\/ordesasobrarbe.com\/en\/empresas\/carniceria-carnisima\/\" class=\"_blank pt-cv-href-thumbnail pt-cv-thumb-left cvplbd\" target=\"_blank\" ><img loading=\"lazy\" decoding=\"async\" width=\"400\" height=\"400\" src=\"https:\/\/ordesasobrarbe.com\/wp-content\/uploads\/2019\/03\/CARNISIMA-400x400.jpg\" class=\"pt-cv-thumbnail img-none pull-left skip-lazy \" alt=\"Carnicer\u00eda carn\u00edsima\" data-no-lazy=\"1\" \/><\/a>\n<h4 class=\"pt-cv-title\"><a href=\"https:\/\/ordesasobrarbe.com\/en\/empresas\/carniceria-carnisima\/\" class=\"_blank cvplbd\" target=\"_blank\" >Carnicer\u00eda carn\u00edsima<\/a><\/h4>\n<div class=\"pt-cv-ctf-list\" data-cvc=\"1\"><div class=\"col-md-12 pt-cv-ctf-column\"><div class=\"pt-cv-custom-fields pt-cv-ctf-wpcf-localidad-ubicacion\"><div class=\"pt-cv-ctf-value\">Ainsa<\/div><\/div><\/div><\/div>\n<div class=\"pt-cv-content\">Organic meat, from local producers Member of the loyalty card's network \"Vivo Sobrarbe\" ...<br \/><div class=\"pt-cv-rmwrap\"><a href=\"https:\/\/ordesasobrarbe.com\/en\/empresas\/carniceria-carnisima\/\" class=\"_blank pt-cv-readmore btn btn-success cvprmct  cvplbd\" target=\"_blank\">Leer M\u00e1s<\/a><\/div><\/div><\/div><\/div>\n<div class=\"col-md-4 col-sm-6 col-xs-12 pt-cv-content-item pt-cv-2-col\"  data-pid=\"21681\"><div class='pt-cv-ifield'><a href=\"https:\/\/ordesasobrarbe.com\/en\/empresas\/hotel-meson-de-salinas\/\" class=\"_blank pt-cv-href-thumbnail pt-cv-thumb-left cvplbd\" target=\"_blank\" ><img loading=\"lazy\" decoding=\"async\" width=\"400\" height=\"400\" src=\"https:\/\/ordesasobrarbe.com\/wp-content\/uploads\/2019\/04\/vista-meson-de-salinas-400x400.jpg\" class=\"pt-cv-thumbnail img-none pull-left skip-lazy \" alt=\"Hotel Mes\u00f3n de Salinas\" data-no-lazy=\"1\" \/><\/a>\n<h4 class=\"pt-cv-title\"><a href=\"https:\/\/ordesasobrarbe.com\/en\/empresas\/hotel-meson-de-salinas\/\" class=\"_blank cvplbd\" target=\"_blank\" >Hotel Mes\u00f3n de Salinas<\/a><\/h4>\n<div class=\"pt-cv-ctf-list\" data-cvc=\"1\"><div class=\"col-md-12 pt-cv-ctf-column\"><div class=\"pt-cv-custom-fields pt-cv-ctf-wpcf-localidad-ubicacion\"><div class=\"pt-cv-ctf-value\">Salinas de Sin<\/div><\/div><\/div><\/div>\n<div class=\"pt-cv-content\">Hotel located at the entrance of the valley of Chistau ...<br \/><div class=\"pt-cv-rmwrap\"><a href=\"https:\/\/ordesasobrarbe.com\/en\/empresas\/hotel-meson-de-salinas\/\" class=\"_blank pt-cv-readmore btn btn-success cvprmct  cvplbd\" target=\"_blank\">Leer M\u00e1s<\/a><\/div><\/div><\/div><\/div>\n<div class=\"col-md-4 col-sm-6 col-xs-12 pt-cv-content-item pt-cv-2-col\"  data-pid=\"19894\"><div class='pt-cv-ifield'><a href=\"https:\/\/ordesasobrarbe.com\/en\/empresas\/carniceria-fes\/\" class=\"_blank pt-cv-href-thumbnail pt-cv-thumb-left cvplbd\" target=\"_blank\" ><img loading=\"lazy\" decoding=\"async\" width=\"400\" height=\"400\" src=\"https:\/\/ordesasobrarbe.com\/wp-content\/uploads\/2018\/07\/IMG_3086-400x400.jpg\" class=\"pt-cv-thumbnail img-none pull-left skip-lazy \" alt=\"Carnicer\u00eda Fes\" data-no-lazy=\"1\" \/><\/a>\n<h4 class=\"pt-cv-title\"><a href=\"https:\/\/ordesasobrarbe.com\/en\/empresas\/carniceria-fes\/\" class=\"_blank cvplbd\" target=\"_blank\" >Carnicer\u00eda Fes<\/a><\/h4>\n<div class=\"pt-cv-ctf-list\" data-cvc=\"1\"><div class=\"col-md-12 pt-cv-ctf-column\"><div class=\"pt-cv-custom-fields pt-cv-ctf-wpcf-localidad-ubicacion\"><div class=\"pt-cv-ctf-value\">Ainsa<\/div><\/div><\/div><\/div>\n<div class=\"pt-cv-content\">Carnicer\u00eda con ternera ecol\u00f3gica, raza Piren\u00e1ica de ganader\u00eda propia. Tienda on line, con venta de carne, embutidos, huevos caseros y ...<br \/><div class=\"pt-cv-rmwrap\"><a href=\"https:\/\/ordesasobrarbe.com\/en\/empresas\/carniceria-fes\/\" class=\"_blank pt-cv-readmore btn btn-success cvprmct  cvplbd\" target=\"_blank\">Leer M\u00e1s<\/a><\/div><\/div><\/div><\/div>\n<div class=\"col-md-4 col-sm-6 col-xs-12 pt-cv-content-item pt-cv-2-col\"  data-pid=\"19917\"><div class='pt-cv-ifield'><a href=\"https:\/\/ordesasobrarbe.com\/en\/empresas\/hostal-casa-vidaller\/\" class=\"_blank pt-cv-href-thumbnail pt-cv-thumb-left cvplbd\" target=\"_blank\" ><img loading=\"lazy\" decoding=\"async\" width=\"400\" height=\"400\" src=\"https:\/\/ordesasobrarbe.com\/wp-content\/uploads\/2017\/07\/casa_vidaller_principal-400x400.jpg\" class=\"pt-cv-thumbnail img-none pull-left skip-lazy \" alt=\"Hostal Casa Vidaller\" data-no-lazy=\"1\" \/><\/a>\n<h4 class=\"pt-cv-title\"><a href=\"https:\/\/ordesasobrarbe.com\/en\/empresas\/hostal-casa-vidaller\/\" class=\"_blank cvplbd\" target=\"_blank\" >Hostal Casa Vidaller<\/a><\/h4>\n<div class=\"pt-cv-ctf-list\" data-cvc=\"1\"><div class=\"col-md-12 pt-cv-ctf-column\"><div class=\"pt-cv-custom-fields pt-cv-ctf-wpcf-localidad-ubicacion\"><div class=\"pt-cv-ctf-value\">Bielsa<\/div><\/div><\/div><\/div>\n<div class=\"pt-cv-content\">El hostal cuenta con 12 habitaciones repartidas en dos plantas. Tras m\u00e1s de 50 a\u00f1os de servicio, todas ellas han ...<br \/><div class=\"pt-cv-rmwrap\"><a href=\"https:\/\/ordesasobrarbe.com\/en\/empresas\/hostal-casa-vidaller\/\" class=\"_blank pt-cv-readmore btn btn-success cvprmct  cvplbd\" target=\"_blank\">Leer M\u00e1s<\/a><\/div><\/div><\/div><\/div>\n<div class=\"col-md-4 col-sm-6 col-xs-12 pt-cv-content-item pt-cv-2-col\"  data-pid=\"20185\"><div class='pt-cv-ifield'><a href=\"https:\/\/ordesasobrarbe.com\/en\/empresas\/supermercado-y-carniceria-pintado\/\" class=\"_blank pt-cv-href-thumbnail pt-cv-thumb-left cvplbd\" target=\"_blank\" ><img loading=\"lazy\" decoding=\"async\" width=\"400\" height=\"400\" src=\"https:\/\/ordesasobrarbe.com\/wp-content\/uploads\/2017\/07\/carniceriapintado-400x272.png\" class=\"pt-cv-thumbnail img-none pull-left skip-lazy \" alt=\"Supermercado y carnicer\u00eda Pintado\" data-no-lazy=\"1\" \/><\/a>\n<h4 class=\"pt-cv-title\"><a href=\"https:\/\/ordesasobrarbe.com\/en\/empresas\/supermercado-y-carniceria-pintado\/\" class=\"_blank cvplbd\" target=\"_blank\" >Supermercado y carnicer\u00eda Pintado<\/a><\/h4>\n<div class=\"pt-cv-ctf-list\" data-cvc=\"1\"><div class=\"col-md-12 pt-cv-ctf-column\"><div class=\"pt-cv-custom-fields pt-cv-ctf-wpcf-localidad-ubicacion\"><div class=\"pt-cv-ctf-value\">Broto<\/div><\/div><\/div><\/div>\n<div class=\"pt-cv-content\">En una carnicer\u00eda no puede faltar la secci\u00f3n de charcuter\u00eda y en la nuestra tampoco, disponemos de una selecci\u00f3n de ...<br \/><div class=\"pt-cv-rmwrap\"><a href=\"https:\/\/ordesasobrarbe.com\/en\/empresas\/supermercado-y-carniceria-pintado\/\" class=\"_blank pt-cv-readmore btn btn-success cvprmct  cvplbd\" target=\"_blank\">Leer M\u00e1s<\/a><\/div><\/div><\/div><\/div>\n<div class=\"col-md-4 col-sm-6 col-xs-12 pt-cv-content-item pt-cv-2-col\"  data-pid=\"20248\"><div class='pt-cv-ifield'><a href=\"https:\/\/ordesasobrarbe.com\/en\/empresas\/hotel-gabarre\/\" class=\"_blank pt-cv-href-thumbnail pt-cv-thumb-left cvplbd\" target=\"_blank\" ><img loading=\"lazy\" decoding=\"async\" width=\"299\" height=\"399\" src=\"https:\/\/ordesasobrarbe.com\/wp-content\/uploads\/2015\/08\/hotel-gabarre_principal.jpg\" class=\"pt-cv-thumbnail img-none pull-left skip-lazy \" alt=\"Hotel Gabarre\" data-no-lazy=\"1\" \/><\/a>\n<h4 class=\"pt-cv-title\"><a href=\"https:\/\/ordesasobrarbe.com\/en\/empresas\/hotel-gabarre\/\" class=\"_blank cvplbd\" target=\"_blank\" >Hotel Gabarre<\/a><\/h4>\n<div class=\"pt-cv-ctf-list\" data-cvc=\"1\"><div class=\"col-md-12 pt-cv-ctf-column\"><div class=\"pt-cv-custom-fields pt-cv-ctf-wpcf-localidad-ubicacion\"><div class=\"pt-cv-ctf-value\">Broto<\/div><\/div><\/div><\/div>\n<div class=\"pt-cv-content\">El Hotel Gabarre est\u00e1 situado en Broto, peque\u00f1a localidad de Huesca, en el Pirineo Central. Por su situaci\u00f3n, es un ...<br \/><div class=\"pt-cv-rmwrap\"><a href=\"https:\/\/ordesasobrarbe.com\/en\/empresas\/hotel-gabarre\/\" class=\"_blank pt-cv-readmore btn btn-success cvprmct  cvplbd\" target=\"_blank\">Leer M\u00e1s<\/a><\/div><\/div><\/div><\/div>\n<div class=\"col-md-4 col-sm-6 col-xs-12 pt-cv-content-item pt-cv-2-col\"  data-pid=\"21641\"><div class='pt-cv-ifield'><a href=\"https:\/\/ordesasobrarbe.com\/en\/empresas\/liguerre-de-cinca-enoturismo\/\" class=\"_blank pt-cv-href-thumbnail pt-cv-thumb-left cvplbd\" target=\"_blank\" ><img loading=\"lazy\" decoding=\"async\" width=\"400\" height=\"400\" src=\"https:\/\/ordesasobrarbe.com\/wp-content\/uploads\/2014\/06\/liguerre_cinco_enoturismo_principal-400x320.jpg\" class=\"pt-cv-thumbnail img-none pull-left skip-lazy \" alt=\"Lig\u00fcerre de Cinca Enoturismo\" data-no-lazy=\"1\" \/><\/a>\n<h4 class=\"pt-cv-title\"><a href=\"https:\/\/ordesasobrarbe.com\/en\/empresas\/liguerre-de-cinca-enoturismo\/\" class=\"_blank cvplbd\" target=\"_blank\" >Lig\u00fcerre de Cinca Enoturismo<\/a><\/h4>\n<div class=\"pt-cv-ctf-list\" data-cvc=\"1\"><div class=\"col-md-12 pt-cv-ctf-column\"><div class=\"pt-cv-custom-fields pt-cv-ctf-wpcf-localidad-ubicacion\"><div class=\"pt-cv-ctf-value\">Lig\u00fcerre de Cinca<\/div><\/div><\/div><\/div>\n<div class=\"pt-cv-content\">Restored village on the banks of the reservoir of El Grado. It will turn your stay into a memorable experience ...<br \/><div class=\"pt-cv-rmwrap\"><a href=\"https:\/\/ordesasobrarbe.com\/en\/empresas\/liguerre-de-cinca-enoturismo\/\" class=\"_blank pt-cv-readmore btn btn-success cvprmct  cvplbd\" target=\"_blank\">Leer M\u00e1s<\/a><\/div><\/div><\/div><\/div>\n<div class=\"col-md-4 col-sm-6 col-xs-12 pt-cv-content-item pt-cv-2-col\"  data-pid=\"19919\"><div class='pt-cv-ifield'><a href=\"https:\/\/ordesasobrarbe.com\/en\/empresas\/casa-lanau\/\" class=\"_blank pt-cv-href-thumbnail pt-cv-thumb-left cvplbd\" target=\"_blank\" ><img loading=\"lazy\" decoding=\"async\" width=\"400\" height=\"400\" src=\"https:\/\/ordesasobrarbe.com\/wp-content\/uploads\/2017\/07\/casa_lanau_principal-400x400.jpg\" class=\"pt-cv-thumbnail img-none pull-left skip-lazy \" alt=\"Casa Lanau\" data-no-lazy=\"1\" \/><\/a>\n<h4 class=\"pt-cv-title\"><a href=\"https:\/\/ordesasobrarbe.com\/en\/empresas\/casa-lanau\/\" class=\"_blank cvplbd\" target=\"_blank\" >Casa Lanau<\/a><\/h4>\n<div class=\"pt-cv-ctf-list\" data-cvc=\"1\"><div class=\"col-md-12 pt-cv-ctf-column\"><div class=\"pt-cv-custom-fields pt-cv-ctf-wpcf-localidad-ubicacion\"><div class=\"pt-cv-ctf-value\">Latorrecilla<\/div><\/div><\/div><\/div>\n<div class=\"pt-cv-content\">Casa Lanau es una oferta de turismo rural localizada en\u00a0Latorrecilla. Un peque\u00f1o pueblo del\u00a0Pirineo de Huesca,\u00a0donde\u00a0disfrutar del aire libre y ...<br \/><div class=\"pt-cv-rmwrap\"><a href=\"https:\/\/ordesasobrarbe.com\/en\/empresas\/casa-lanau\/\" class=\"_blank pt-cv-readmore btn btn-success cvprmct  cvplbd\" target=\"_blank\">Leer M\u00e1s<\/a><\/div><\/div><\/div><\/div>\n<div class=\"col-md-4 col-sm-6 col-xs-12 pt-cv-content-item pt-cv-2-col\"  data-pid=\"20306\"><div class='pt-cv-ifield'><a href=\"https:\/\/ordesasobrarbe.com\/en\/empresas\/infopirineo\/\" class=\"_blank pt-cv-href-thumbnail pt-cv-thumb-left cvplbd\" target=\"_blank\" ><img loading=\"lazy\" decoding=\"async\" width=\"400\" height=\"400\" src=\"https:\/\/ordesasobrarbe.com\/wp-content\/uploads\/2015\/08\/servidores-dedicados-400x400.jpg\" class=\"pt-cv-thumbnail img-none pull-left skip-lazy \" alt=\"InfoPirineo\" data-no-lazy=\"1\" \/><\/a>\n<h4 class=\"pt-cv-title\"><a href=\"https:\/\/ordesasobrarbe.com\/en\/empresas\/infopirineo\/\" class=\"_blank cvplbd\" target=\"_blank\" >InfoPirineo<\/a><\/h4>\n<div class=\"pt-cv-ctf-list\" data-cvc=\"1\"><div class=\"col-md-12 pt-cv-ctf-column\"><div class=\"pt-cv-custom-fields pt-cv-ctf-wpcf-localidad-ubicacion\"><div class=\"pt-cv-ctf-value\">Ainsa<\/div><\/div><\/div><\/div>\n<div class=\"pt-cv-content\">InfoPirineo Servicios Web y Publicidad en Internet: SEO, DISE\u00d1O WEB, ECOMMERCE en Ainsa y Sobrarbe Servicios Internet en Ainsa Sobrarbe ...<br \/><div class=\"pt-cv-rmwrap\"><a href=\"https:\/\/ordesasobrarbe.com\/en\/empresas\/infopirineo\/\" class=\"_blank pt-cv-readmore btn btn-success cvprmct  cvplbd\" target=\"_blank\">Leer M\u00e1s<\/a><\/div><\/div><\/div><\/div>\n<div class=\"col-md-4 col-sm-6 col-xs-12 pt-cv-content-item pt-cv-2-col\"  data-pid=\"20234\"><div class='pt-cv-ifield'><a href=\"https:\/\/ordesasobrarbe.com\/en\/empresas\/hotel-bujaruelo\/\" class=\"_blank pt-cv-href-thumbnail pt-cv-thumb-left cvplbd\" target=\"_blank\" ><img loading=\"lazy\" decoding=\"async\" width=\"400\" height=\"400\" src=\"https:\/\/ordesasobrarbe.com\/wp-content\/uploads\/2016\/07\/hotel_bujaruelo_principal-400x400.jpg\" class=\"pt-cv-thumbnail img-none pull-left skip-lazy \" alt=\"Hotel Bujaruelo\" data-no-lazy=\"1\" \/><\/a>\n<h4 class=\"pt-cv-title\"><a href=\"https:\/\/ordesasobrarbe.com\/en\/empresas\/hotel-bujaruelo\/\" class=\"_blank cvplbd\" target=\"_blank\" >Hotel Bujaruelo<\/a><\/h4>\n<div class=\"pt-cv-ctf-list\" data-cvc=\"1\"><div class=\"col-md-12 pt-cv-ctf-column\"><div class=\"pt-cv-custom-fields pt-cv-ctf-wpcf-localidad-ubicacion\"><div class=\"pt-cv-ctf-value\">Torla<\/div><\/div><\/div><\/div>\n<div class=\"pt-cv-content\">El Hotel Bujaruelo se encuentra en el centro del municipio de Torla, entrada natural del Parque Nacional de Ordesa y ...<br \/><div class=\"pt-cv-rmwrap\"><a href=\"https:\/\/ordesasobrarbe.com\/en\/empresas\/hotel-bujaruelo\/\" class=\"_blank pt-cv-readmore btn btn-success cvprmct  cvplbd\" target=\"_blank\">Leer M\u00e1s<\/a><\/div><\/div><\/div><\/div>\n<div class=\"col-md-4 col-sm-6 col-xs-12 pt-cv-content-item pt-cv-2-col\"  data-pid=\"19908\"><div class='pt-cv-ifield'><a href=\"https:\/\/ordesasobrarbe.com\/en\/empresas\/camping-los-vives\/\" class=\"_blank pt-cv-href-thumbnail pt-cv-thumb-left cvplbd\" target=\"_blank\" ><img loading=\"lazy\" decoding=\"async\" width=\"400\" height=\"400\" src=\"https:\/\/ordesasobrarbe.com\/wp-content\/uploads\/2017\/08\/los_vives_principal-400x400.jpg\" class=\"pt-cv-thumbnail img-none pull-left skip-lazy \" alt=\"Camping los Vives\" data-no-lazy=\"1\" \/><\/a>\n<h4 class=\"pt-cv-title\"><a href=\"https:\/\/ordesasobrarbe.com\/en\/empresas\/camping-los-vives\/\" class=\"_blank cvplbd\" target=\"_blank\" >Camping los Vives<\/a><\/h4>\n<div class=\"pt-cv-ctf-list\" data-cvc=\"1\"><div class=\"col-md-12 pt-cv-ctf-column\"><div class=\"pt-cv-custom-fields pt-cv-ctf-wpcf-localidad-ubicacion\"><div class=\"pt-cv-ctf-value\">Saravillo<\/div><\/div><\/div><\/div>\n<div class=\"pt-cv-content\">\"LOS VIVES\" es un amplio paraje capaz de acoger un buen n\u00famero de amigos y dotado con los mejores servicios ...<br \/><div class=\"pt-cv-rmwrap\"><a href=\"https:\/\/ordesasobrarbe.com\/en\/empresas\/camping-los-vives\/\" class=\"_blank pt-cv-readmore btn btn-success cvprmct  cvplbd\" target=\"_blank\">Leer M\u00e1s<\/a><\/div><\/div><\/div><\/div>\n<div class=\"col-md-4 col-sm-6 col-xs-12 pt-cv-content-item pt-cv-2-col\"  data-pid=\"20304\"><div class='pt-cv-ifield'><a href=\"https:\/\/ordesasobrarbe.com\/en\/empresas\/casas-rurales-o-molin-de-lirues-y-a-ceresera\/\" class=\"_blank pt-cv-href-thumbnail pt-cv-thumb-left cvplbd\" target=\"_blank\" ><img loading=\"lazy\" decoding=\"async\" width=\"400\" height=\"400\" src=\"https:\/\/ordesasobrarbe.com\/wp-content\/uploads\/2015\/08\/o_molin_de_lirues_principal-400x400.jpg\" class=\"pt-cv-thumbnail img-none pull-left skip-lazy \" alt=\"Casas rurales O molin de l&#039;Irues y A ceresera\" data-no-lazy=\"1\" \/><\/a>\n<h4 class=\"pt-cv-title\"><a href=\"https:\/\/ordesasobrarbe.com\/en\/empresas\/casas-rurales-o-molin-de-lirues-y-a-ceresera\/\" class=\"_blank cvplbd\" target=\"_blank\" >Casas rurales O molin de l&#8217;Irues y A ceresera<\/a><\/h4>\n<div class=\"pt-cv-ctf-list\" data-cvc=\"1\"><div class=\"col-md-12 pt-cv-ctf-column\"><div class=\"pt-cv-custom-fields pt-cv-ctf-wpcf-localidad-ubicacion\"><div class=\"pt-cv-ctf-value\">Bada\u00edn<\/div><\/div><\/div><\/div>\n<div class=\"pt-cv-content\">O Molin de l'Irues y A Ceresera : dos magn\u00edficas casas rurales en Bada\u00edn, un lugar muy tranquilo del Sobrarbe ...<br \/><div class=\"pt-cv-rmwrap\"><a href=\"https:\/\/ordesasobrarbe.com\/en\/empresas\/casas-rurales-o-molin-de-lirues-y-a-ceresera\/\" class=\"_blank pt-cv-readmore btn btn-success cvprmct  cvplbd\" target=\"_blank\">Leer M\u00e1s<\/a><\/div><\/div><\/div><\/div>\n<div class=\"col-md-4 col-sm-6 col-xs-12 pt-cv-content-item pt-cv-2-col\"  data-pid=\"19879\"><div class='pt-cv-ifield'><a href=\"https:\/\/ordesasobrarbe.com\/en\/empresas\/la-posada-de-silvan\/\" class=\"_blank pt-cv-href-thumbnail pt-cv-thumb-left cvplbd\" target=\"_blank\" ><img loading=\"lazy\" decoding=\"async\" width=\"400\" height=\"400\" src=\"https:\/\/ordesasobrarbe.com\/wp-content\/uploads\/2018\/07\/posada_silvan_principal-1-400x400.jpg\" class=\"pt-cv-thumbnail img-none pull-left skip-lazy \" alt=\"La Posada de Silv\u00e1n\" data-no-lazy=\"1\" \/><\/a>\n<h4 class=\"pt-cv-title\"><a href=\"https:\/\/ordesasobrarbe.com\/en\/empresas\/la-posada-de-silvan\/\" class=\"_blank cvplbd\" target=\"_blank\" >La Posada de Silv\u00e1n<\/a><\/h4>\n<div class=\"pt-cv-ctf-list\" data-cvc=\"1\"><div class=\"col-md-12 pt-cv-ctf-column\"><div class=\"pt-cv-custom-fields pt-cv-ctf-wpcf-localidad-ubicacion\"><div class=\"pt-cv-ctf-value\">Tella<\/div><\/div><\/div><\/div>\n<div class=\"pt-cv-content\">Cafeter\u00eda y apartamentos de lujo en el entorno m\u00e1gico de Tella ...<br \/><div class=\"pt-cv-rmwrap\"><a href=\"https:\/\/ordesasobrarbe.com\/en\/empresas\/la-posada-de-silvan\/\" class=\"_blank pt-cv-readmore btn btn-success cvprmct  cvplbd\" target=\"_blank\">Leer M\u00e1s<\/a><\/div><\/div><\/div><\/div>\n<div class=\"col-md-4 col-sm-6 col-xs-12 pt-cv-content-item pt-cv-2-col\"  data-pid=\"20183\"><div class='pt-cv-ifield'><a href=\"https:\/\/ordesasobrarbe.com\/en\/empresas\/carniceria-bun\/\" class=\"_blank pt-cv-href-thumbnail pt-cv-thumb-left cvplbd\" target=\"_blank\" ><img loading=\"lazy\" decoding=\"async\" width=\"400\" height=\"400\" src=\"https:\/\/ordesasobrarbe.com\/wp-content\/uploads\/2017\/07\/carniceria_bun_principal-400x400.jpg\" class=\"pt-cv-thumbnail img-none pull-left skip-lazy \" alt=\"Carnicer\u00eda Bun\" data-no-lazy=\"1\" \/><\/a>\n<h4 class=\"pt-cv-title\"><a href=\"https:\/\/ordesasobrarbe.com\/en\/empresas\/carniceria-bun\/\" class=\"_blank cvplbd\" target=\"_blank\" >Carnicer\u00eda Bun<\/a><\/h4>\n<div class=\"pt-cv-ctf-list\" data-cvc=\"1\"><div class=\"col-md-12 pt-cv-ctf-column\"><div class=\"pt-cv-custom-fields pt-cv-ctf-wpcf-localidad-ubicacion\"><div class=\"pt-cv-ctf-value\">Torla Ordesa<\/div><\/div><\/div><\/div>\n<div class=\"pt-cv-content\">Empresa Familiar con mas de 50 a\u00f1os de experiencia y dedicados a la elaboracion de embutidos propios , la Ternera ...<br \/><div class=\"pt-cv-rmwrap\"><a href=\"https:\/\/ordesasobrarbe.com\/en\/empresas\/carniceria-bun\/\" class=\"_blank pt-cv-readmore btn btn-success cvprmct  cvplbd\" target=\"_blank\">Leer M\u00e1s<\/a><\/div><\/div><\/div><\/div>\n<div class=\"col-md-4 col-sm-6 col-xs-12 pt-cv-content-item pt-cv-2-col\"  data-pid=\"20193\"><div class='pt-cv-ifield'><a href=\"https:\/\/ordesasobrarbe.com\/en\/empresas\/o-chardinet-da-formiga\/\" class=\"_blank pt-cv-href-thumbnail pt-cv-thumb-left cvplbd\" target=\"_blank\" ><img loading=\"lazy\" decoding=\"async\" width=\"400\" height=\"400\" src=\"https:\/\/ordesasobrarbe.com\/wp-content\/uploads\/2017\/03\/ochardinet_principal-400x400.jpg\" class=\"pt-cv-thumbnail img-none pull-left skip-lazy \" alt=\"O Chardinet d&#039;a Formiga\" data-no-lazy=\"1\" \/><\/a>\n<h4 class=\"pt-cv-title\"><a href=\"https:\/\/ordesasobrarbe.com\/en\/empresas\/o-chardinet-da-formiga\/\" class=\"_blank cvplbd\" target=\"_blank\" >O Chardinet d&#8217;a Formiga<\/a><\/h4>\n<div class=\"pt-cv-ctf-list\" data-cvc=\"1\"><div class=\"col-md-12 pt-cv-ctf-column\"><div class=\"pt-cv-custom-fields pt-cv-ctf-wpcf-localidad-ubicacion\"><div class=\"pt-cv-ctf-value\">Charo<\/div><\/div><\/div><\/div>\n<div class=\"pt-cv-content\">Casa rural sostenible en el valle de la Fueva ...<br \/><div class=\"pt-cv-rmwrap\"><a href=\"https:\/\/ordesasobrarbe.com\/en\/empresas\/o-chardinet-da-formiga\/\" class=\"_blank pt-cv-readmore btn btn-success cvprmct  cvplbd\" target=\"_blank\">Leer M\u00e1s<\/a><\/div><\/div><\/div><\/div>\n<div class=\"col-md-4 col-sm-6 col-xs-12 pt-cv-content-item pt-cv-2-col\"  data-pid=\"20337\"><div class='pt-cv-ifield'><a href=\"https:\/\/ordesasobrarbe.com\/en\/empresas\/taxi-bielsa\/\" class=\"_blank pt-cv-href-thumbnail pt-cv-thumb-left cvplbd\" target=\"_blank\" ><img loading=\"lazy\" decoding=\"async\" width=\"400\" height=\"400\" src=\"https:\/\/ordesasobrarbe.com\/wp-content\/uploads\/2014\/06\/taxi_bielsa_principal-400x400.jpg\" class=\"pt-cv-thumbnail img-none pull-left skip-lazy \" alt=\"Taxi Bielsa\" data-no-lazy=\"1\" \/><\/a>\n<h4 class=\"pt-cv-title\"><a href=\"https:\/\/ordesasobrarbe.com\/en\/empresas\/taxi-bielsa\/\" class=\"_blank cvplbd\" target=\"_blank\" >Taxi Bielsa<\/a><\/h4>\n<div class=\"pt-cv-ctf-list\" data-cvc=\"1\"><div class=\"col-md-12 pt-cv-ctf-column\"><div class=\"pt-cv-custom-fields pt-cv-ctf-wpcf-localidad-ubicacion\"><div class=\"pt-cv-ctf-value\">Bielsa<\/div><\/div><\/div><\/div>\n<div class=\"pt-cv-content\">Servicio de taxi para todo el pa\u00eds, veh\u00edculos amplios para poder realizar sus desplazamientos con total comodidad. Hasta 8 plazas ...<br \/><div class=\"pt-cv-rmwrap\"><a href=\"https:\/\/ordesasobrarbe.com\/en\/empresas\/taxi-bielsa\/\" class=\"_blank pt-cv-readmore btn btn-success cvprmct  cvplbd\" target=\"_blank\">Leer M\u00e1s<\/a><\/div><\/div><\/div><\/div>\n<div class=\"col-md-4 col-sm-6 col-xs-12 pt-cv-content-item pt-cv-2-col\"  data-pid=\"20288\"><div class='pt-cv-ifield'><a href=\"https:\/\/ordesasobrarbe.com\/en\/empresas\/clinica-dental-herrera-ruiz\/\" class=\"_blank pt-cv-href-thumbnail pt-cv-thumb-left cvplbd\" target=\"_blank\" ><img loading=\"lazy\" decoding=\"async\" width=\"400\" height=\"400\" src=\"https:\/\/ordesasobrarbe.com\/wp-content\/uploads\/2015\/08\/dentista_principal-400x400.jpg\" class=\"pt-cv-thumbnail img-none pull-left skip-lazy \" alt=\"Clinica Dental Herrera Ruiz\" data-no-lazy=\"1\" \/><\/a>\n<h4 class=\"pt-cv-title\"><a href=\"https:\/\/ordesasobrarbe.com\/en\/empresas\/clinica-dental-herrera-ruiz\/\" class=\"_blank cvplbd\" target=\"_blank\" >Clinica Dental Herrera Ruiz<\/a><\/h4>\n<div class=\"pt-cv-ctf-list\" data-cvc=\"1\"><div class=\"col-md-12 pt-cv-ctf-column\"><div class=\"pt-cv-custom-fields pt-cv-ctf-wpcf-localidad-ubicacion\"><div class=\"pt-cv-ctf-value\">Ainsa<\/div><\/div><\/div><\/div>\n<div class=\"pt-cv-content\"> ...<br \/><div class=\"pt-cv-rmwrap\"><a href=\"https:\/\/ordesasobrarbe.com\/en\/empresas\/clinica-dental-herrera-ruiz\/\" class=\"_blank pt-cv-readmore btn btn-success cvprmct  cvplbd\" target=\"_blank\">Leer M\u00e1s<\/a><\/div><\/div><\/div><\/div>\n<div class=\"col-md-4 col-sm-6 col-xs-12 pt-cv-content-item pt-cv-2-col\"  data-pid=\"20290\"><div class='pt-cv-ifield'><a href=\"https:\/\/ordesasobrarbe.com\/en\/empresas\/nomadas-del-pirineo\/\" class=\"_blank pt-cv-href-thumbnail pt-cv-thumb-left cvplbd\" target=\"_blank\" ><img loading=\"lazy\" decoding=\"async\" width=\"400\" height=\"400\" src=\"https:\/\/ordesasobrarbe.com\/wp-content\/uploads\/2015\/08\/nomadas_pirineo_principal-400x400.jpg\" class=\"pt-cv-thumbnail img-none pull-left skip-lazy \" alt=\"Nomadas del Pirineo\" data-no-lazy=\"1\" \/><\/a>\n<h4 class=\"pt-cv-title\"><a href=\"https:\/\/ordesasobrarbe.com\/en\/empresas\/nomadas-del-pirineo\/\" class=\"_blank cvplbd\" target=\"_blank\" >Nomadas del Pirineo<\/a><\/h4>\n<div class=\"pt-cv-ctf-list\" data-cvc=\"1\"><div class=\"col-md-12 pt-cv-ctf-column\"><div class=\"pt-cv-custom-fields pt-cv-ctf-wpcf-localidad-ubicacion\"><div class=\"pt-cv-ctf-value\">Escalona<\/div><\/div><\/div><\/div>\n<div class=\"pt-cv-content\">Situados en los Pirineos, te ofrecemos multitud de actividades de aventura como: barranquismo, v\u00edas ferratas, multiaventura o rafting. Tambi\u00e9n disponemos ...<br \/><div class=\"pt-cv-rmwrap\"><a href=\"https:\/\/ordesasobrarbe.com\/en\/empresas\/nomadas-del-pirineo\/\" class=\"_blank pt-cv-readmore btn btn-success cvprmct  cvplbd\" target=\"_blank\">Leer M\u00e1s<\/a><\/div><\/div><\/div><\/div>\n<div class=\"col-md-4 col-sm-6 col-xs-12 pt-cv-content-item pt-cv-2-col\"  data-pid=\"20263\"><div class='pt-cv-ifield'><a href=\"https:\/\/ordesasobrarbe.com\/en\/empresas\/la-creperia\/\" class=\"_blank pt-cv-href-thumbnail pt-cv-thumb-left cvplbd\" target=\"_blank\" ><img loading=\"lazy\" decoding=\"async\" width=\"400\" height=\"400\" src=\"https:\/\/ordesasobrarbe.com\/wp-content\/uploads\/2015\/08\/la_creperia_principal-400x302.jpg\" class=\"pt-cv-thumbnail img-none pull-left skip-lazy \" alt=\"La Creperia\" data-no-lazy=\"1\" \/><\/a>\n<h4 class=\"pt-cv-title\"><a href=\"https:\/\/ordesasobrarbe.com\/en\/empresas\/la-creperia\/\" class=\"_blank cvplbd\" target=\"_blank\" >La Creperia<\/a><\/h4>\n<div class=\"pt-cv-ctf-list\" data-cvc=\"1\"><div class=\"col-md-12 pt-cv-ctf-column\"><div class=\"pt-cv-custom-fields pt-cv-ctf-wpcf-localidad-ubicacion\"><div class=\"pt-cv-ctf-value\">Ainsa<\/div><\/div><\/div><\/div>\n<div class=\"pt-cv-content\">La Creperia de Ainsa, comida diferente para gente diferente. Ven y prueba nuestros creps variados dulces o salado, goza con ...<br \/><div class=\"pt-cv-rmwrap\"><a href=\"https:\/\/ordesasobrarbe.com\/en\/empresas\/la-creperia\/\" class=\"_blank pt-cv-readmore btn btn-success cvprmct  cvplbd\" target=\"_blank\">Leer M\u00e1s<\/a><\/div><\/div><\/div><\/div>\n<div class=\"col-md-4 col-sm-6 col-xs-12 pt-cv-content-item pt-cv-2-col\"  data-pid=\"20256\"><div class='pt-cv-ifield'><a href=\"https:\/\/ordesasobrarbe.com\/en\/empresas\/camping-ordesa\/\" class=\"_blank pt-cv-href-thumbnail pt-cv-thumb-left cvplbd\" target=\"_blank\" ><img loading=\"lazy\" decoding=\"async\" width=\"400\" height=\"400\" src=\"https:\/\/ordesasobrarbe.com\/wp-content\/uploads\/2015\/08\/camping_ordesa-oto_principal-1-400x400.jpg\" class=\"pt-cv-thumbnail img-none pull-left skip-lazy \" alt=\"Camping Ordesa\" data-no-lazy=\"1\" \/><\/a>\n<h4 class=\"pt-cv-title\"><a href=\"https:\/\/ordesasobrarbe.com\/en\/empresas\/camping-ordesa\/\" class=\"_blank cvplbd\" target=\"_blank\" >Camping Ordesa<\/a><\/h4>\n<div class=\"pt-cv-ctf-list\" data-cvc=\"1\"><div class=\"col-md-12 pt-cv-ctf-column\"><div class=\"pt-cv-custom-fields pt-cv-ctf-wpcf-localidad-ubicacion\"><div class=\"pt-cv-ctf-value\">Torla<\/div><\/div><\/div><\/div>\n<div class=\"pt-cv-content\">DONDE UN PARA\u00cdSO EMPIEZA\u2026 ...<br \/><div class=\"pt-cv-rmwrap\"><a href=\"https:\/\/ordesasobrarbe.com\/en\/empresas\/camping-ordesa\/\" class=\"_blank pt-cv-readmore btn btn-success cvprmct  cvplbd\" target=\"_blank\">Leer M\u00e1s<\/a><\/div><\/div><\/div><\/div>\n<div class=\"col-md-4 col-sm-6 col-xs-12 pt-cv-content-item pt-cv-2-col\"  data-pid=\"20195\"><div class='pt-cv-ifield'><a href=\"https:\/\/ordesasobrarbe.com\/en\/empresas\/piritec\/\" class=\"_blank pt-cv-href-thumbnail pt-cv-thumb-left cvplbd\" target=\"_blank\" ><img loading=\"lazy\" decoding=\"async\" width=\"350\" height=\"233\" src=\"https:\/\/ordesasobrarbe.com\/wp-content\/uploads\/2017\/03\/piritec_principal.jpg\" class=\"pt-cv-thumbnail img-none pull-left skip-lazy \" alt=\"Piritec\" data-no-lazy=\"1\" \/><\/a>\n<h4 class=\"pt-cv-title\"><a href=\"https:\/\/ordesasobrarbe.com\/en\/empresas\/piritec\/\" class=\"_blank cvplbd\" target=\"_blank\" >Piritec<\/a><\/h4>\n<div class=\"pt-cv-ctf-list\" data-cvc=\"1\"><div class=\"col-md-12 pt-cv-ctf-column\"><div class=\"pt-cv-custom-fields pt-cv-ctf-wpcf-localidad-ubicacion\"><div class=\"pt-cv-ctf-value\">Ainsa<\/div><\/div><\/div><\/div>\n<div class=\"pt-cv-content\">Telecomunicaciones, inform\u00e1tica,\u00a0 servicio mantenimiento e instalaci\u00f3n EMBOU ...<br \/><div class=\"pt-cv-rmwrap\"><a href=\"https:\/\/ordesasobrarbe.com\/en\/empresas\/piritec\/\" class=\"_blank pt-cv-readmore btn btn-success cvprmct  cvplbd\" target=\"_blank\">Leer M\u00e1s<\/a><\/div><\/div><\/div><\/div>\n<div class=\"col-md-4 col-sm-6 col-xs-12 pt-cv-content-item pt-cv-2-col\"  data-pid=\"19912\"><div class='pt-cv-ifield'><a href=\"https:\/\/ordesasobrarbe.com\/en\/empresas\/hotel-turmo\/\" class=\"_blank pt-cv-href-thumbnail pt-cv-thumb-left cvplbd\" target=\"_blank\" ><img loading=\"lazy\" decoding=\"async\" width=\"400\" height=\"400\" src=\"https:\/\/ordesasobrarbe.com\/wp-content\/uploads\/2017\/07\/hotel_turmo_principal-400x400.jpg\" class=\"pt-cv-thumbnail img-none pull-left skip-lazy \" alt=\"Hotel Turmo\" data-no-lazy=\"1\" \/><\/a>\n<h4 class=\"pt-cv-title\"><a href=\"https:\/\/ordesasobrarbe.com\/en\/empresas\/hotel-turmo\/\" class=\"_blank cvplbd\" target=\"_blank\" >Hotel Turmo<\/a><\/h4>\n<div class=\"pt-cv-ctf-list\" data-cvc=\"1\"><div class=\"col-md-12 pt-cv-ctf-column\"><div class=\"pt-cv-custom-fields pt-cv-ctf-wpcf-localidad-ubicacion\"><div class=\"pt-cv-ctf-value\">Labuerda<\/div><\/div><\/div><\/div>\n<div class=\"pt-cv-content\">De reciente construcci\u00f3n, el Hotel Turmo dispone de 42 habitaciones dobles, algunas con posibilidad de ampliar a triples, amplias y ...<br \/><div class=\"pt-cv-rmwrap\"><a href=\"https:\/\/ordesasobrarbe.com\/en\/empresas\/hotel-turmo\/\" class=\"_blank pt-cv-readmore btn btn-success cvprmct  cvplbd\" target=\"_blank\">Leer M\u00e1s<\/a><\/div><\/div><\/div><\/div><\/div><\/div>\n<div class=\"text-left pt-cv-pagination-wrapper\"><ul class=\"pt-cv-pagination pt-cv-ajax pagination\" data-totalpages=\"3\" data-currentpage=\"1\" data-sid=\"8a796cbzfe\" data-unid=\"\" data-isblock=\"\" data-postid=\"\"><li class=\"active\"><a href=\"#\">1<\/a><\/li>\n\t<li ><a class=\"\" href=\"https:\/\/ordesasobrarbe.com\/en\/wp-json\/wp\/v2\/pages\/19661\/?_page=2\">2<\/a><\/li>\n\t<li ><a class=\"\" href=\"https:\/\/ordesasobrarbe.com\/en\/wp-json\/wp\/v2\/pages\/19661\/?_page=3\">3<\/a><\/li>\n\t<li ><a class=\" \" href=\"https:\/\/ordesasobrarbe.com\/en\/wp-json\/wp\/v2\/pages\/19661\/?_page=2\">&rsaquo;<\/a><\/li>\n\t<\/ul><img loading=\"lazy\" decoding=\"async\" width=\"15\" height=\"15\" class=\"pt-cv-spinner\" alt=\"Loading...\" src=\"data:image\/gif;base64,R0lGODlhDwAPALMPAMrKygwMDJOTkz09PZWVla+vr3p6euTk5M7OzuXl5TMzMwAAAJmZmWZmZszMzP\/\/\/yH\/C05FVFNDQVBFMi4wAwEAAAAh+QQFCgAPACwAAAAADwAPAAAEQvDJaZaZOIcV8iQK8VRX4iTYoAwZ4iCYoAjZ4RxejhVNoT+mRGP4cyF4Pp0N98sBGIBMEMOotl6YZ3S61Bmbkm4mAgAh+QQFCgAPACwAAAAADQANAAAENPDJSRSZeA418itN8QiK8BiLITVsFiyBBIoYqnoewAD4xPw9iY4XLGYSjkQR4UAUD45DLwIAIfkEBQoADwAsAAAAAA8ACQAABC\/wyVlamTi3nSdgwFNdhEJgTJoNyoB9ISYoQmdjiZPcj7EYCAeCF1gEDo4Dz2eIAAAh+QQFCgAPACwCAAAADQANAAAEM\/DJBxiYeLKdX3IJZT1FU0iIg2RNKx3OkZVnZ98ToRD4MyiDnkAh6BkNC0MvsAj0kMpHBAAh+QQFCgAPACwGAAAACQAPAAAEMDC59KpFDll73HkAA2wVY5KgiK5b0RRoI6MuzG6EQqCDMlSGheEhUAgqgUUAFRySIgAh+QQFCgAPACwCAAIADQANAAAEM\/DJKZNLND\/kkKaHc3xk+QAMYDKsiaqmZCxGVjSFFCxB1vwy2oOgIDxuucxAMTAJFAJNBAAh+QQFCgAPACwAAAYADwAJAAAEMNAs86q1yaWwwv2Ig0jUZx3OYa4XoRAfwADXoAwfo1+CIjyFRuEho60aSNYlOPxEAAAh+QQFCgAPACwAAAIADQANAAAENPA9s4y8+IUVcqaWJ4qEQozSoAzoIyhCK2NFU2SJk0hNnyEOhKR2AzAAj4Pj4GE4W0bkJQIAOw==\" \/><div class=\"clear pt-cv-clear-pagination\"><\/div><\/div><\/div>\t\t\t<style type=\"text\/css\" id=\"pt-cv-inline-style-5d110fat61\">#pt-cv-view-8a796cbzfe .pt-cv-title a, #pt-cv-view-8a796cbzfe  .panel-title { font-weight: 600 !important; display: block !important; text-align: center !important; clear: both !important; }\n#pt-cv-view-8a796cbzfe  .pt-cv-title a:hover, #pt-cv-view-8a796cbzfe  .panel-title:hover   { display: block !important; text-align: center !important; clear: both !important; }\n#pt-cv-view-8a796cbzfe .pt-cv-content , #pt-cv-view-8a796cbzfe  .pt-cv-content *:not(.pt-cv-readmore):not(style):not(script) { display: block !important; text-align: center !important; clear: both !important; }\n#pt-cv-view-8a796cbzfe .pt-cv-custom-fields * { margin-left: auto !important; margin-right: auto !important; display: block !important; text-align: center !important; clear: both !important; }\n#pt-cv-view-8a796cbzfe .pt-cv-readmore  { color: #ffffff !important; background-color: #00aeef !important; margin-left: auto !important; margin-right: auto !important; float: none !important; display: table !important; text-align: center !important; clear: both !important; }\n#pt-cv-view-8a796cbzfe .pt-cv-readmore:hover  { color: #ffffff !important; background-color: #00aeef !important; margin-left: auto !important; margin-right: auto !important; float: none !important; display: table !important; text-align: center !important; clear: both !important; }\n#pt-cv-view-8a796cbzfe  + .pt-cv-pagination-wrapper .pt-cv-more , #pt-cv-view-8a796cbzfe  + .pt-cv-pagination-wrapper .pagination .active a, .pt-cv-pagination[data-sid='8a796cbzfe'] .active a { color: #ffffff !important; background-color: #00aeef !important; }<\/style>\r\n\t\t\t<\/p>\n<p>[\/et_pb_text][\/et_pb_column][\/et_pb_row][\/et_pb_section]<\/p>\n","protected":false},"excerpt":{"rendered":"<p><div class=\"et_pb_row et_pb_row_0 et_pb_row_empty\">\n\t\t\t\t\n\t\t\t\t\n\t\t\t\t\n\t\t\t\t\n\t\t\t\t\n\t\t\t<\/div> {!{wpv-view name=&#8217;servicios&#8217;}!} <div class=\"pt-cv-wrapper et_smooth_scroll_disabled\"><div class=\"cvp-live-filter cvp-dropdown \" id=\"\" data-name=\"tx_tiposempresas\" data-sid=\"8a796cbzfe\" data-isblock=\"\" data-postid=\"\"><label class=\"cvp-label\">Tipo de Empresa<\/label><select name=\"tx_tiposempresas\"><option value=\"\">All<\/option><option value=\"servicios\" >MAS SERVICIOS<span class=\"cvp-count\"> (7)<\/span><\/option><option value=\"alojamientos\" >ALOJAMIENTOS<span class=\"cvp-count\"> (31)<\/span><\/option><option value=\"comercio\" >COMPRAS Y COMERCIOS<span class=\"cvp-count\"> (8)<\/span><\/option><option value=\"desplazamiento\" >AUTOCARES Y TAXIS<span class=\"cvp-count\"> (2)<\/span><\/option><option value=\"ocio\" >DEPORTES Y ECOTURISMO<span class=\"cvp-count\"> (4)<\/span><\/option><option value=\"restauracion\" >RESTAURANTES<span class=\"cvp-count\"> (5)<\/span><\/option><option value=\"tomar-algo\" >BARES PUBS CERVECERIAS<span class=\"cvp-count\"> (1)<\/span><\/option><\/select><\/div><div class=\"cvp-live-filter cvp-dropdown \" id=\"\" data-name=\"tx_zona-sobrarbe\" data-sid=\"8a796cbzfe\" data-isblock=\"\" data-postid=\"\"><label class=\"cvp-label\">Zona<\/label><select name=\"tx_zona-sobrarbe\"><option value=\"\">All<\/option><option value=\"zona-ainsa\" >Zona Ainsa<span class=\"cvp-count\"> (17)<\/span><\/option><option value=\"zona-bajo-penas\" >Zona Bajo Pe\u00f1as<span class=\"cvp-count\"> (1)<\/span><\/option><option value=\"zona-biello-sobrarbe\" >Zona Biello Sobrarbe<span class=\"cvp-count\"> (2)<\/span><\/option><option value=\"zona-bielsa\" >Zona Bielsa<span class=\"cvp-count\"> (5)<\/span><\/option><option value=\"zona-boltana\" >Zona Bolta\u00f1a<span class=\"cvp-count\"> (5)<\/span><\/option><option value=\"zona-broto-torla\" >Zona Broto \/ Torla<span class=\"cvp-count\"> (9)<\/span><\/option><option value=\"zona-fiscal\" >Zona Fiscal<span class=\"cvp-count\"> (1)<\/span><\/option><option value=\"zona-la-fueva\" >Zona La Fueva<span class=\"cvp-count\"> (4)<\/span><\/option><option value=\"zona-valle-de-chistau\" >Zona Valle de Chistau<span class=\"cvp-count\"> (4)<\/span><\/option><option value=\"zona-valle-del-cinca\" >Zona Valle del Cinca<span class=\"cvp-count\"> (9)<\/span><\/option><\/select><\/div><div class=\"pt-cv-view pt-cv-grid pt-cv-colsys pt-cv-same-height cvp-lfres pt-cv-alternate-right\" id=\"pt-cv-view-8a796cbzfe\"><div data-id=\"pt-cv-page-1\" class=\"pt-cv-page\" data-cvc=\"3\" data-cvct=\"2\" data-cvcm=\"1\"><div class=\"col-md-4 col-sm-6 col-xs-12 pt-cv-content-item pt-cv-2-col\"  data-pid=\"20295\"><div class='pt-cv-ifield'><a href=\"https:\/\/ordesasobrarbe.com\/en\/empresas\/asociacion-zona-zero\/\" class=\"_blank pt-cv-href-thumbnail pt-cv-thumb-left cvplbd\" target=\"_blank\" ><img loading=\"lazy\" width=\"182\" height=\"182\" src=\"https:\/\/ordesasobrarbe.com\/wp-content\/uploads\/2015\/08\/zona-zero_principal.jpg\" class=\"pt-cv-thumbnail img-none pull-left skip-lazy \" alt=\"Asociaci\u00f3n Zona Zero\" decoding=\"async\" data-no-lazy=\"1\" \/><\/a>\n<h4 class=\"pt-cv-title\"><a href=\"https:\/\/ordesasobrarbe.com\/en\/empresas\/asociacion-zona-zero\/\" class=\"_blank cvplbd\" target=\"_blank\" >Asociaci\u00f3n Zona Zero<\/a><\/h4>\n<div class=\"pt-cv-ctf-list\" data-cvc=\"1\"><div class=\"col-md-12 pt-cv-ctf-column\"><div class=\"pt-cv-custom-fields pt-cv-ctf-wpcf-localidad-ubicacion\"><div class=\"pt-cv-ctf-value\">Ainsa<\/div><\/div><\/div><\/div>\n<div class=\"pt-cv-content\">Centro BTT de enduro. En 2015 y 2018 Sobrarbe ha acogido el campeonato del mundo Enduro World Series ...<br \/><div class=\"pt-cv-rmwrap\"><a href=\"https:\/\/ordesasobrarbe.com\/en\/empresas\/asociacion-zona-zero\/\" class=\"_blank pt-cv-readmore btn btn-success cvprmct  cvplbd\" target=\"_blank\">Leer M\u00e1s<\/a><\/div><\/div><\/div><\/div>\n<div class=\"col-md-4 col-sm-6 col-xs-12 pt-cv-content-item pt-cv-2-col\"  data-pid=\"19695\"><div class='pt-cv-ifield'><a href=\"https:\/\/ordesasobrarbe.com\/en\/empresas\/camping-ainsa\/\" class=\"_blank pt-cv-href-thumbnail pt-cv-thumb-left cvplbd\" target=\"_blank\" ><img loading=\"lazy\" width=\"400\" height=\"400\" src=\"https:\/\/ordesasobrarbe.com\/wp-content\/uploads\/2014\/06\/camping_ainsa_principal-400x400.jpg\" class=\"pt-cv-thumbnail img-none pull-left skip-lazy \" alt=\"Camping Ainsa\" decoding=\"async\" data-no-lazy=\"1\" \/><\/a>\n<h4 class=\"pt-cv-title\"><a href=\"https:\/\/ordesasobrarbe.com\/en\/empresas\/camping-ainsa\/\" class=\"_blank cvplbd\" target=\"_blank\" >Camping Ainsa<\/a><\/h4>\n<div class=\"pt-cv-ctf-list\" data-cvc=\"1\"><div class=\"col-md-12 pt-cv-ctf-column\"><div class=\"pt-cv-custom-fields pt-cv-ctf-wpcf-localidad-ubicacion\"><div class=\"pt-cv-ctf-value\">Ainsa<\/div><\/div><\/div><\/div>\n<div class=\"pt-cv-content\">Disponemos de una superficie de 50.000m2, en gran parte arbolada. Se distribuye en varias alturas de forma aterrazada, donde usted ...<br \/><div class=\"pt-cv-rmwrap\"><a href=\"https:\/\/ordesasobrarbe.com\/en\/empresas\/camping-ainsa\/\" class=\"_blank pt-cv-readmore btn btn-success cvprmct  cvplbd\" target=\"_blank\">Leer M\u00e1s<\/a><\/div><\/div><\/div><\/div>\n<div class=\"col-md-4 col-sm-6 col-xs-12 pt-cv-content-item pt-cv-2-col\"  data-pid=\"20293\"><div class='pt-cv-ifield'><a href=\"https:\/\/ordesasobrarbe.com\/en\/empresas\/restaurante-bistro-la-capilleta\/\" class=\"_blank pt-cv-href-thumbnail pt-cv-thumb-left cvplbd\" target=\"_blank\" ><img loading=\"lazy\" width=\"400\" height=\"400\" src=\"https:\/\/ordesasobrarbe.com\/wp-content\/uploads\/2015\/08\/la-capilleta_principal-400x310.jpg\" class=\"pt-cv-thumbnail img-none pull-left skip-lazy \" alt=\"Restaurante Bistr\u00f3 la Capilleta\" decoding=\"async\" data-no-lazy=\"1\" \/><\/a>\n<h4 class=\"pt-cv-title\"><a href=\"https:\/\/ordesasobrarbe.com\/en\/empresas\/restaurante-bistro-la-capilleta\/\" class=\"_blank cvplbd\" target=\"_blank\" >Restaurante Bistr\u00f3 la Capilleta<\/a><\/h4>\n<div class=\"pt-cv-ctf-list\" data-cvc=\"1\"><div class=\"col-md-12 pt-cv-ctf-column\"><div class=\"pt-cv-custom-fields pt-cv-ctf-wpcf-localidad-ubicacion\"><div class=\"pt-cv-ctf-value\">Plan<\/div><\/div><\/div><\/div>\n<div class=\"pt-cv-content\">Una esmerada cocina en el valle de Chistau ...<br \/><div class=\"pt-cv-rmwrap\"><a href=\"https:\/\/ordesasobrarbe.com\/en\/empresas\/restaurante-bistro-la-capilleta\/\" class=\"_blank pt-cv-readmore btn btn-success cvprmct  cvplbd\" target=\"_blank\">Leer M\u00e1s<\/a><\/div><\/div><\/div><\/div>\n<div class=\"col-md-4 col-sm-6 col-xs-12 pt-cv-content-item pt-cv-2-col\"  data-pid=\"19919\"><div class='pt-cv-ifield'><a href=\"https:\/\/ordesasobrarbe.com\/en\/empresas\/casa-lanau\/\" class=\"_blank pt-cv-href-thumbnail pt-cv-thumb-left cvplbd\" target=\"_blank\" ><img loading=\"lazy\" width=\"400\" height=\"400\" src=\"https:\/\/ordesasobrarbe.com\/wp-content\/uploads\/2017\/07\/casa_lanau_principal-400x400.jpg\" class=\"pt-cv-thumbnail img-none pull-left skip-lazy \" alt=\"Casa Lanau\" decoding=\"async\" data-no-lazy=\"1\" \/><\/a>\n<h4 class=\"pt-cv-title\"><a href=\"https:\/\/ordesasobrarbe.com\/en\/empresas\/casa-lanau\/\" class=\"_blank cvplbd\" target=\"_blank\" >Casa Lanau<\/a><\/h4>\n<div class=\"pt-cv-ctf-list\" data-cvc=\"1\"><div class=\"col-md-12 pt-cv-ctf-column\"><div class=\"pt-cv-custom-fields pt-cv-ctf-wpcf-localidad-ubicacion\"><div class=\"pt-cv-ctf-value\">Latorrecilla<\/div><\/div><\/div><\/div>\n<div class=\"pt-cv-content\">Casa Lanau es una oferta de turismo rural localizada en\u00a0Latorrecilla. Un peque\u00f1o pueblo del\u00a0Pirineo de Huesca,\u00a0donde\u00a0disfrutar del aire libre y ...<br \/><div class=\"pt-cv-rmwrap\"><a href=\"https:\/\/ordesasobrarbe.com\/en\/empresas\/casa-lanau\/\" class=\"_blank pt-cv-readmore btn btn-success cvprmct  cvplbd\" target=\"_blank\">Leer M\u00e1s<\/a><\/div><\/div><\/div><\/div>\n<div class=\"col-md-4 col-sm-6 col-xs-12 pt-cv-content-item pt-cv-2-col\"  data-pid=\"21637\"><div class='pt-cv-ifield'><a href=\"https:\/\/ordesasobrarbe.com\/en\/empresas\/giro-libre-escuela-de-vuelo\/\" class=\"_blank pt-cv-href-thumbnail pt-cv-thumb-left cvplbd\" target=\"_blank\" ><img loading=\"lazy\" width=\"400\" height=\"400\" src=\"https:\/\/ordesasobrarbe.com\/wp-content\/uploads\/2014\/06\/girolibre_principal-400x400.jpg\" class=\"pt-cv-thumbnail img-none pull-left skip-lazy \" alt=\"Giro Libre Escuela de Vuelo\" decoding=\"async\" data-no-lazy=\"1\" \/><\/a>\n<h4 class=\"pt-cv-title\"><a href=\"https:\/\/ordesasobrarbe.com\/en\/empresas\/giro-libre-escuela-de-vuelo\/\" class=\"_blank cvplbd\" target=\"_blank\" >Giro Libre Escuela de Vuelo<\/a><\/h4>\n<div class=\"pt-cv-ctf-list\" data-cvc=\"1\"><div class=\"col-md-12 pt-cv-ctf-column\"><div class=\"pt-cv-custom-fields pt-cv-ctf-wpcf-localidad-ubicacion\"><div class=\"pt-cv-ctf-value\">Coscojuela de Sobrarbe<\/div><\/div><\/div><\/div>\n<div class=\"pt-cv-content\">Become a pilot for a day. We offer you a unique and memorable experience ...<br \/><div class=\"pt-cv-rmwrap\"><a href=\"https:\/\/ordesasobrarbe.com\/en\/empresas\/giro-libre-escuela-de-vuelo\/\" class=\"_blank pt-cv-readmore btn btn-success cvprmct  cvplbd\" target=\"_blank\">Leer M\u00e1s<\/a><\/div><\/div><\/div><\/div>\n<div class=\"col-md-4 col-sm-6 col-xs-12 pt-cv-content-item pt-cv-2-col\"  data-pid=\"19901\"><div class='pt-cv-ifield'><a href=\"https:\/\/ordesasobrarbe.com\/en\/empresas\/hotel-tierra-buxo\/\" class=\"_blank pt-cv-href-thumbnail pt-cv-thumb-left cvplbd\" target=\"_blank\" ><img loading=\"lazy\" width=\"400\" height=\"400\" src=\"https:\/\/ordesasobrarbe.com\/wp-content\/uploads\/2018\/02\/tierra_buxo_principal-400x400.jpg\" class=\"pt-cv-thumbnail img-none pull-left skip-lazy \" alt=\"Hotel Tierra Buxo\" decoding=\"async\" data-no-lazy=\"1\" \/><\/a>\n<h4 class=\"pt-cv-title\"><a href=\"https:\/\/ordesasobrarbe.com\/en\/empresas\/hotel-tierra-buxo\/\" class=\"_blank cvplbd\" target=\"_blank\" >Hotel Tierra Buxo<\/a><\/h4>\n<div class=\"pt-cv-ctf-list\" data-cvc=\"1\"><div class=\"col-md-12 pt-cv-ctf-column\"><div class=\"pt-cv-custom-fields pt-cv-ctf-wpcf-localidad-ubicacion\"><div class=\"pt-cv-ctf-value\">Arcusa<\/div><\/div><\/div><\/div>\n<div class=\"pt-cv-content\">Al norte de la Sierra de Guara y cerca de A\u00ednsa, se encuentra el Hotel\u00a0 Tierra Buxo. Tras a\u00f1os trabajando ...<br \/><div class=\"pt-cv-rmwrap\"><a href=\"https:\/\/ordesasobrarbe.com\/en\/empresas\/hotel-tierra-buxo\/\" class=\"_blank pt-cv-readmore btn btn-success cvprmct  cvplbd\" target=\"_blank\">Leer M\u00e1s<\/a><\/div><\/div><\/div><\/div>\n<div class=\"col-md-4 col-sm-6 col-xs-12 pt-cv-content-item pt-cv-2-col\"  data-pid=\"20229\"><div class='pt-cv-ifield'><a href=\"https:\/\/ordesasobrarbe.com\/en\/empresas\/almacen-de-calzado-teresa-mir\/\" class=\"_blank pt-cv-href-thumbnail pt-cv-thumb-left cvplbd\" target=\"_blank\" ><img loading=\"lazy\" width=\"400\" height=\"400\" src=\"https:\/\/ordesasobrarbe.com\/wp-content\/uploads\/2016\/07\/teresa_mir_abril_2015_principal-400x250.jpg\" class=\"pt-cv-thumbnail img-none pull-left skip-lazy \" alt=\"Almac\u00e9n de Calzado Teresa Mir\" decoding=\"async\" data-no-lazy=\"1\" \/><\/a>\n<h4 class=\"pt-cv-title\"><a href=\"https:\/\/ordesasobrarbe.com\/en\/empresas\/almacen-de-calzado-teresa-mir\/\" class=\"_blank cvplbd\" target=\"_blank\" >Almac\u00e9n de Calzado Teresa Mir<\/a><\/h4>\n<div class=\"pt-cv-ctf-list\" data-cvc=\"1\"><div class=\"col-md-12 pt-cv-ctf-column\"><div class=\"pt-cv-custom-fields pt-cv-ctf-wpcf-localidad-ubicacion\"><div class=\"pt-cv-ctf-value\">Bielsa<\/div><\/div><\/div><\/div>\n<div class=\"pt-cv-content\">Excelente relaci\u00f3n calidad-precio ...<br \/><div class=\"pt-cv-rmwrap\"><a href=\"https:\/\/ordesasobrarbe.com\/en\/empresas\/almacen-de-calzado-teresa-mir\/\" class=\"_blank pt-cv-readmore btn btn-success cvprmct  cvplbd\" target=\"_blank\">Leer M\u00e1s<\/a><\/div><\/div><\/div><\/div>\n<div class=\"col-md-4 col-sm-6 col-xs-12 pt-cv-content-item pt-cv-2-col\"  data-pid=\"20298\"><div class='pt-cv-ifield'><a href=\"https:\/\/ordesasobrarbe.com\/en\/empresas\/parador-nacional-de-bielsa\/\" class=\"_blank pt-cv-href-thumbnail pt-cv-thumb-left cvplbd\" target=\"_blank\" ><img loading=\"lazy\" width=\"400\" height=\"400\" src=\"https:\/\/ordesasobrarbe.com\/wp-content\/uploads\/2015\/08\/parador_nacional_bielsa_principal-768x768-400x400.jpg\" class=\"pt-cv-thumbnail img-none pull-left skip-lazy \" alt=\"Parador Nacional de Bielsa\" decoding=\"async\" data-no-lazy=\"1\" \/><\/a>\n<h4 class=\"pt-cv-title\"><a href=\"https:\/\/ordesasobrarbe.com\/en\/empresas\/parador-nacional-de-bielsa\/\" class=\"_blank cvplbd\" target=\"_blank\" >Parador Nacional de Bielsa<\/a><\/h4>\n<div class=\"pt-cv-ctf-list\" data-cvc=\"1\"><div class=\"col-md-12 pt-cv-ctf-column\"><div class=\"pt-cv-custom-fields pt-cv-ctf-wpcf-localidad-ubicacion\"><div class=\"pt-cv-ctf-value\">Bielsa<\/div><\/div><\/div><\/div>\n<div class=\"pt-cv-content\">\u00bfQuieres vivir la monta\u00f1a? Te proponemos un lugar de inigualable riqueza paisaj\u00edstica en el Pirineo oscense, al pie del Monte ...<br \/><div class=\"pt-cv-rmwrap\"><a href=\"https:\/\/ordesasobrarbe.com\/en\/empresas\/parador-nacional-de-bielsa\/\" class=\"_blank pt-cv-readmore btn btn-success cvprmct  cvplbd\" target=\"_blank\">Leer M\u00e1s<\/a><\/div><\/div><\/div><\/div>\n<div class=\"col-md-4 col-sm-6 col-xs-12 pt-cv-content-item pt-cv-2-col\"  data-pid=\"20193\"><div class='pt-cv-ifield'><a href=\"https:\/\/ordesasobrarbe.com\/en\/empresas\/o-chardinet-da-formiga\/\" class=\"_blank pt-cv-href-thumbnail pt-cv-thumb-left cvplbd\" target=\"_blank\" ><img loading=\"lazy\" width=\"400\" height=\"400\" src=\"https:\/\/ordesasobrarbe.com\/wp-content\/uploads\/2017\/03\/ochardinet_principal-400x400.jpg\" class=\"pt-cv-thumbnail img-none pull-left skip-lazy \" alt=\"O Chardinet d&#039;a Formiga\" decoding=\"async\" data-no-lazy=\"1\" \/><\/a>\n<h4 class=\"pt-cv-title\"><a href=\"https:\/\/ordesasobrarbe.com\/en\/empresas\/o-chardinet-da-formiga\/\" class=\"_blank cvplbd\" target=\"_blank\" >O Chardinet d&#8217;a Formiga<\/a><\/h4>\n<div class=\"pt-cv-ctf-list\" data-cvc=\"1\"><div class=\"col-md-12 pt-cv-ctf-column\"><div class=\"pt-cv-custom-fields pt-cv-ctf-wpcf-localidad-ubicacion\"><div class=\"pt-cv-ctf-value\">Charo<\/div><\/div><\/div><\/div>\n<div class=\"pt-cv-content\">Casa rural sostenible en el valle de la Fueva ...<br \/><div class=\"pt-cv-rmwrap\"><a href=\"https:\/\/ordesasobrarbe.com\/en\/empresas\/o-chardinet-da-formiga\/\" class=\"_blank pt-cv-readmore btn btn-success cvprmct  cvplbd\" target=\"_blank\">Leer M\u00e1s<\/a><\/div><\/div><\/div><\/div>\n<div class=\"col-md-4 col-sm-6 col-xs-12 pt-cv-content-item pt-cv-2-col\"  data-pid=\"20187\"><div class='pt-cv-ifield'><a href=\"https:\/\/ordesasobrarbe.com\/en\/empresas\/carniceria-espanol\/\" class=\"_blank pt-cv-href-thumbnail pt-cv-thumb-left cvplbd\" target=\"_blank\" ><img loading=\"lazy\" width=\"400\" height=\"400\" src=\"https:\/\/ordesasobrarbe.com\/wp-content\/uploads\/2017\/07\/carniceria_espanol-principal-400x338.jpg\" class=\"pt-cv-thumbnail img-none pull-left skip-lazy \" alt=\"Carnicer\u00eda Espa\u00f1ol\" decoding=\"async\" data-no-lazy=\"1\" \/><\/a>\n<h4 class=\"pt-cv-title\"><a href=\"https:\/\/ordesasobrarbe.com\/en\/empresas\/carniceria-espanol\/\" class=\"_blank cvplbd\" target=\"_blank\" >Carnicer\u00eda Espa\u00f1ol<\/a><\/h4>\n<div class=\"pt-cv-ctf-list\" data-cvc=\"1\"><div class=\"col-md-12 pt-cv-ctf-column\"><div class=\"pt-cv-custom-fields pt-cv-ctf-wpcf-localidad-ubicacion\"><div class=\"pt-cv-ctf-value\">Broto<\/div><\/div><\/div><\/div>\n<div class=\"pt-cv-content\">Tu carnicer\u00eda en Broto. productos t\u00edpicos de la zona, embutido de elaboraci\u00f3n propia ...<br \/><div class=\"pt-cv-rmwrap\"><a href=\"https:\/\/ordesasobrarbe.com\/en\/empresas\/carniceria-espanol\/\" class=\"_blank pt-cv-readmore btn btn-success cvprmct  cvplbd\" target=\"_blank\">Leer M\u00e1s<\/a><\/div><\/div><\/div><\/div>\n<div class=\"col-md-4 col-sm-6 col-xs-12 pt-cv-content-item pt-cv-2-col\"  data-pid=\"20222\"><div class='pt-cv-ifield'><a href=\"https:\/\/ordesasobrarbe.com\/en\/empresas\/casa-gerbe\/\" class=\"_blank pt-cv-href-thumbnail pt-cv-thumb-left cvplbd\" target=\"_blank\" ><img loading=\"lazy\" width=\"400\" height=\"400\" src=\"https:\/\/ordesasobrarbe.com\/wp-content\/uploads\/2016\/07\/panoramica_gerbe_principal-400x375.jpg\" class=\"pt-cv-thumbnail img-none pull-left skip-lazy \" alt=\"Casa Gerbe\" decoding=\"async\" data-no-lazy=\"1\" \/><\/a>\n<h4 class=\"pt-cv-title\"><a href=\"https:\/\/ordesasobrarbe.com\/en\/empresas\/casa-gerbe\/\" class=\"_blank cvplbd\" target=\"_blank\" >Casa Gerbe<\/a><\/h4>\n<div class=\"pt-cv-ctf-list\" data-cvc=\"1\"><div class=\"col-md-12 pt-cv-ctf-column\"><div class=\"pt-cv-custom-fields pt-cv-ctf-wpcf-localidad-ubicacion\"><div class=\"pt-cv-ctf-value\">Gerbe<\/div><\/div><\/div><\/div>\n<div class=\"pt-cv-content\">Casa Rural Gerbe es una\u00a0Vivienda de Turismo Rural situada en Gerbe, a orillas del embalse de Mediano, a tan s\u00f3lo ...<br \/><div class=\"pt-cv-rmwrap\"><a href=\"https:\/\/ordesasobrarbe.com\/en\/empresas\/casa-gerbe\/\" class=\"_blank pt-cv-readmore btn btn-success cvprmct  cvplbd\" target=\"_blank\">Leer M\u00e1s<\/a><\/div><\/div><\/div><\/div>\n<div class=\"col-md-4 col-sm-6 col-xs-12 pt-cv-content-item pt-cv-2-col\"  data-pid=\"20256\"><div class='pt-cv-ifield'><a href=\"https:\/\/ordesasobrarbe.com\/en\/empresas\/camping-ordesa\/\" class=\"_blank pt-cv-href-thumbnail pt-cv-thumb-left cvplbd\" target=\"_blank\" ><img loading=\"lazy\" width=\"400\" height=\"400\" src=\"https:\/\/ordesasobrarbe.com\/wp-content\/uploads\/2015\/08\/camping_ordesa-oto_principal-1-400x400.jpg\" class=\"pt-cv-thumbnail img-none pull-left skip-lazy \" alt=\"Camping Ordesa\" decoding=\"async\" data-no-lazy=\"1\" \/><\/a>\n<h4 class=\"pt-cv-title\"><a href=\"https:\/\/ordesasobrarbe.com\/en\/empresas\/camping-ordesa\/\" class=\"_blank cvplbd\" target=\"_blank\" >Camping Ordesa<\/a><\/h4>\n<div class=\"pt-cv-ctf-list\" data-cvc=\"1\"><div class=\"col-md-12 pt-cv-ctf-column\"><div class=\"pt-cv-custom-fields pt-cv-ctf-wpcf-localidad-ubicacion\"><div class=\"pt-cv-ctf-value\">Torla<\/div><\/div><\/div><\/div>\n<div class=\"pt-cv-content\">DONDE UN PARA\u00cdSO EMPIEZA\u2026 ...<br \/><div class=\"pt-cv-rmwrap\"><a href=\"https:\/\/ordesasobrarbe.com\/en\/empresas\/camping-ordesa\/\" class=\"_blank pt-cv-readmore btn btn-success cvprmct  cvplbd\" target=\"_blank\">Leer M\u00e1s<\/a><\/div><\/div><\/div><\/div>\n<div class=\"col-md-4 col-sm-6 col-xs-12 pt-cv-content-item pt-cv-2-col\"  data-pid=\"20154\"><div class='pt-cv-ifield'><a href=\"https:\/\/ordesasobrarbe.com\/en\/empresas\/carniceria-carnisima\/\" class=\"_blank pt-cv-href-thumbnail pt-cv-thumb-left cvplbd\" target=\"_blank\" ><img loading=\"lazy\" width=\"400\" height=\"400\" src=\"https:\/\/ordesasobrarbe.com\/wp-content\/uploads\/2019\/03\/CARNISIMA-400x400.jpg\" class=\"pt-cv-thumbnail img-none pull-left skip-lazy \" alt=\"Carnicer\u00eda carn\u00edsima\" decoding=\"async\" data-no-lazy=\"1\" \/><\/a>\n<h4 class=\"pt-cv-title\"><a href=\"https:\/\/ordesasobrarbe.com\/en\/empresas\/carniceria-carnisima\/\" class=\"_blank cvplbd\" target=\"_blank\" >Carnicer\u00eda carn\u00edsima<\/a><\/h4>\n<div class=\"pt-cv-ctf-list\" data-cvc=\"1\"><div class=\"col-md-12 pt-cv-ctf-column\"><div class=\"pt-cv-custom-fields pt-cv-ctf-wpcf-localidad-ubicacion\"><div class=\"pt-cv-ctf-value\">Ainsa<\/div><\/div><\/div><\/div>\n<div class=\"pt-cv-content\">Organic meat, from local producers Member of the loyalty card's network \"Vivo Sobrarbe\" ...<br \/><div class=\"pt-cv-rmwrap\"><a href=\"https:\/\/ordesasobrarbe.com\/en\/empresas\/carniceria-carnisima\/\" class=\"_blank pt-cv-readmore btn btn-success cvprmct  cvplbd\" target=\"_blank\">Leer M\u00e1s<\/a><\/div><\/div><\/div><\/div>\n<div class=\"col-md-4 col-sm-6 col-xs-12 pt-cv-content-item pt-cv-2-col\"  data-pid=\"19903\"><div class='pt-cv-ifield'><a href=\"https:\/\/ordesasobrarbe.com\/en\/empresas\/queseria-bal-de-broto\/\" class=\"_blank pt-cv-href-thumbnail pt-cv-thumb-left cvplbd\" target=\"_blank\" ><img loading=\"lazy\" width=\"400\" height=\"400\" src=\"https:\/\/ordesasobrarbe.com\/wp-content\/uploads\/2024\/10\/Diseno-sin-titulo-2024-10-18T102229.148-768x768-400x400.png\" class=\"pt-cv-thumbnail img-none pull-left skip-lazy \" alt=\"etecuida senderismo Chist\u00e9n Sierra de Guara Aventura Pirineos Turismo Sobrarbe Patrimonio Sobrarbe Cultura Aragonesa Naturaleza Sobrarbe Senderismo Pirineos patrimonio Historia Sobrarbe Gastronom\u00eda Sobrarbe Ordesa Sobrarbe Bolta\u00f1a museo Bielsa aventura Sobrarbe ainsa Turismo Sostenible ordesa AETS Parque Nacional Ordesa naturaleza Huesca La Fueva Cultura Sobrarbe Actividades Sobrarbe broto Alojamiento Sobrarbe Asociaci\u00f3n Empresarial Tur\u00edstica de Sobrarbe Fiscal Aventura Pirineo Pirineo Aragon\u00e9s sobrarbe Posets Maladeta monte perdido Torla\" decoding=\"async\" data-no-lazy=\"1\" \/><\/a>\n<h4 class=\"pt-cv-title\"><a href=\"https:\/\/ordesasobrarbe.com\/en\/empresas\/queseria-bal-de-broto\/\" class=\"_blank cvplbd\" target=\"_blank\" >Queser\u00eda Bal de Broto<\/a><\/h4>\n<div class=\"pt-cv-ctf-list\" data-cvc=\"1\"><div class=\"col-md-12 pt-cv-ctf-column\"><div class=\"pt-cv-custom-fields pt-cv-ctf-wpcf-localidad-ubicacion\"><div class=\"pt-cv-ctf-value\">Sarvis\u00e9<\/div><\/div><\/div><\/div>\n<div class=\"pt-cv-content\">Queser\u00eda artesana y sostenible en la zona de Broto ...<br \/><div class=\"pt-cv-rmwrap\"><a href=\"https:\/\/ordesasobrarbe.com\/en\/empresas\/queseria-bal-de-broto\/\" class=\"_blank pt-cv-readmore btn btn-success cvprmct  cvplbd\" target=\"_blank\">Leer M\u00e1s<\/a><\/div><\/div><\/div><\/div>\n<div class=\"col-md-4 col-sm-6 col-xs-12 pt-cv-content-item pt-cv-2-col\"  data-pid=\"20274\"><div class='pt-cv-ifield'><a href=\"https:\/\/ordesasobrarbe.com\/en\/empresas\/alea-comunicacion\/\" class=\"_blank pt-cv-href-thumbnail pt-cv-thumb-left cvplbd\" target=\"_blank\" ><img loading=\"lazy\" width=\"400\" height=\"400\" src=\"https:\/\/ordesasobrarbe.com\/wp-content\/uploads\/2015\/08\/alea-comunicacion_principal-400x254.jpg\" class=\"pt-cv-thumbnail img-none pull-left skip-lazy \" alt=\"Alea Comunicacion\" decoding=\"async\" data-no-lazy=\"1\" \/><\/a>\n<h4 class=\"pt-cv-title\"><a href=\"https:\/\/ordesasobrarbe.com\/en\/empresas\/alea-comunicacion\/\" class=\"_blank cvplbd\" target=\"_blank\" >Alea Comunicacion<\/a><\/h4>\n<div class=\"pt-cv-ctf-list\" data-cvc=\"1\"><div class=\"col-md-12 pt-cv-ctf-column\"><div class=\"pt-cv-custom-fields pt-cv-ctf-wpcf-localidad-ubicacion\"><div class=\"pt-cv-ctf-value\">Lafortunada<\/div><\/div><\/div><\/div>\n<div class=\"pt-cv-content\"> ...<br \/><div class=\"pt-cv-rmwrap\"><a href=\"https:\/\/ordesasobrarbe.com\/en\/empresas\/alea-comunicacion\/\" class=\"_blank pt-cv-readmore btn btn-success cvprmct  cvplbd\" target=\"_blank\">Leer M\u00e1s<\/a><\/div><\/div><\/div><\/div>\n<div class=\"col-md-4 col-sm-6 col-xs-12 pt-cv-content-item pt-cv-2-col\"  data-pid=\"21663\"><div class='pt-cv-ifield'><a href=\"https:\/\/ordesasobrarbe.com\/en\/empresas\/21212\/\" class=\"_blank pt-cv-href-thumbnail pt-cv-thumb-left cvplbd\" target=\"_blank\" ><img loading=\"lazy\" width=\"400\" height=\"400\" src=\"https:\/\/ordesasobrarbe.com\/wp-content\/uploads\/2019\/05\/slide4ok-400x400.jpg\" class=\"pt-cv-thumbnail img-none pull-left skip-lazy \" alt=\"Hotel rural Casa Puyuelo\" decoding=\"async\" data-no-lazy=\"1\" \/><\/a>\n<h4 class=\"pt-cv-title\"><a href=\"https:\/\/ordesasobrarbe.com\/en\/empresas\/21212\/\" class=\"_blank cvplbd\" target=\"_blank\" >Hotel rural Casa Puyuelo<\/a><\/h4>\n<div class=\"pt-cv-ctf-list\" data-cvc=\"1\"><div class=\"col-md-12 pt-cv-ctf-column\"><div class=\"pt-cv-custom-fields pt-cv-ctf-wpcf-localidad-ubicacion\"><div class=\"pt-cv-ctf-value\">Tierrantona<\/div><\/div><\/div><\/div>\n<div class=\"pt-cv-content\">Rural hotel in the Valley of la Fueva, in the Spanish Pyrenees ...<br \/><div class=\"pt-cv-rmwrap\"><a href=\"https:\/\/ordesasobrarbe.com\/en\/empresas\/21212\/\" class=\"_blank pt-cv-readmore btn btn-success cvprmct  cvplbd\" target=\"_blank\">Leer M\u00e1s<\/a><\/div><\/div><\/div><\/div>\n<div class=\"col-md-4 col-sm-6 col-xs-12 pt-cv-content-item pt-cv-2-col\"  data-pid=\"19912\"><div class='pt-cv-ifield'><a href=\"https:\/\/ordesasobrarbe.com\/en\/empresas\/hotel-turmo\/\" class=\"_blank pt-cv-href-thumbnail pt-cv-thumb-left cvplbd\" target=\"_blank\" ><img loading=\"lazy\" width=\"400\" height=\"400\" src=\"https:\/\/ordesasobrarbe.com\/wp-content\/uploads\/2017\/07\/hotel_turmo_principal-400x400.jpg\" class=\"pt-cv-thumbnail img-none pull-left skip-lazy \" alt=\"Hotel Turmo\" decoding=\"async\" data-no-lazy=\"1\" \/><\/a>\n<h4 class=\"pt-cv-title\"><a href=\"https:\/\/ordesasobrarbe.com\/en\/empresas\/hotel-turmo\/\" class=\"_blank cvplbd\" target=\"_blank\" >Hotel Turmo<\/a><\/h4>\n<div class=\"pt-cv-ctf-list\" data-cvc=\"1\"><div class=\"col-md-12 pt-cv-ctf-column\"><div class=\"pt-cv-custom-fields pt-cv-ctf-wpcf-localidad-ubicacion\"><div class=\"pt-cv-ctf-value\">Labuerda<\/div><\/div><\/div><\/div>\n<div class=\"pt-cv-content\">De reciente construcci\u00f3n, el Hotel Turmo dispone de 42 habitaciones dobles, algunas con posibilidad de ampliar a triples, amplias y ...<br \/><div class=\"pt-cv-rmwrap\"><a href=\"https:\/\/ordesasobrarbe.com\/en\/empresas\/hotel-turmo\/\" class=\"_blank pt-cv-readmore btn btn-success cvprmct  cvplbd\" target=\"_blank\">Leer M\u00e1s<\/a><\/div><\/div><\/div><\/div>\n<div class=\"col-md-4 col-sm-6 col-xs-12 pt-cv-content-item pt-cv-2-col\"  data-pid=\"21681\"><div class='pt-cv-ifield'><a href=\"https:\/\/ordesasobrarbe.com\/en\/empresas\/hotel-meson-de-salinas\/\" class=\"_blank pt-cv-href-thumbnail pt-cv-thumb-left cvplbd\" target=\"_blank\" ><img loading=\"lazy\" width=\"400\" height=\"400\" src=\"https:\/\/ordesasobrarbe.com\/wp-content\/uploads\/2019\/04\/vista-meson-de-salinas-400x400.jpg\" class=\"pt-cv-thumbnail img-none pull-left skip-lazy \" alt=\"Hotel Mes\u00f3n de Salinas\" decoding=\"async\" data-no-lazy=\"1\" \/><\/a>\n<h4 class=\"pt-cv-title\"><a href=\"https:\/\/ordesasobrarbe.com\/en\/empresas\/hotel-meson-de-salinas\/\" class=\"_blank cvplbd\" target=\"_blank\" >Hotel Mes\u00f3n de Salinas<\/a><\/h4>\n<div class=\"pt-cv-ctf-list\" data-cvc=\"1\"><div class=\"col-md-12 pt-cv-ctf-column\"><div class=\"pt-cv-custom-fields pt-cv-ctf-wpcf-localidad-ubicacion\"><div class=\"pt-cv-ctf-value\">Salinas de Sin<\/div><\/div><\/div><\/div>\n<div class=\"pt-cv-content\">Hotel located at the entrance of the valley of Chistau ...<br \/><div class=\"pt-cv-rmwrap\"><a href=\"https:\/\/ordesasobrarbe.com\/en\/empresas\/hotel-meson-de-salinas\/\" class=\"_blank pt-cv-readmore btn btn-success cvprmct  cvplbd\" target=\"_blank\">Leer M\u00e1s<\/a><\/div><\/div><\/div><\/div>\n<div class=\"col-md-4 col-sm-6 col-xs-12 pt-cv-content-item pt-cv-2-col\"  data-pid=\"21641\"><div class='pt-cv-ifield'><a href=\"https:\/\/ordesasobrarbe.com\/en\/empresas\/liguerre-de-cinca-enoturismo\/\" class=\"_blank pt-cv-href-thumbnail pt-cv-thumb-left cvplbd\" target=\"_blank\" ><img loading=\"lazy\" width=\"400\" height=\"400\" src=\"https:\/\/ordesasobrarbe.com\/wp-content\/uploads\/2014\/06\/liguerre_cinco_enoturismo_principal-400x320.jpg\" class=\"pt-cv-thumbnail img-none pull-left skip-lazy \" alt=\"Lig\u00fcerre de Cinca Enoturismo\" decoding=\"async\" data-no-lazy=\"1\" \/><\/a>\n<h4 class=\"pt-cv-title\"><a href=\"https:\/\/ordesasobrarbe.com\/en\/empresas\/liguerre-de-cinca-enoturismo\/\" class=\"_blank cvplbd\" target=\"_blank\" >Lig\u00fcerre de Cinca Enoturismo<\/a><\/h4>\n<div class=\"pt-cv-ctf-list\" data-cvc=\"1\"><div class=\"col-md-12 pt-cv-ctf-column\"><div class=\"pt-cv-custom-fields pt-cv-ctf-wpcf-localidad-ubicacion\"><div class=\"pt-cv-ctf-value\">Lig\u00fcerre de Cinca<\/div><\/div><\/div><\/div>\n<div class=\"pt-cv-content\">Restored village on the banks of the reservoir of El Grado. It will turn your stay into a memorable experience ...<br \/><div class=\"pt-cv-rmwrap\"><a href=\"https:\/\/ordesasobrarbe.com\/en\/empresas\/liguerre-de-cinca-enoturismo\/\" class=\"_blank pt-cv-readmore btn btn-success cvprmct  cvplbd\" target=\"_blank\">Leer M\u00e1s<\/a><\/div><\/div><\/div><\/div>\n<div class=\"col-md-4 col-sm-6 col-xs-12 pt-cv-content-item pt-cv-2-col\"  data-pid=\"20263\"><div class='pt-cv-ifield'><a href=\"https:\/\/ordesasobrarbe.com\/en\/empresas\/la-creperia\/\" class=\"_blank pt-cv-href-thumbnail pt-cv-thumb-left cvplbd\" target=\"_blank\" ><img loading=\"lazy\" width=\"400\" height=\"400\" src=\"https:\/\/ordesasobrarbe.com\/wp-content\/uploads\/2015\/08\/la_creperia_principal-400x302.jpg\" class=\"pt-cv-thumbnail img-none pull-left skip-lazy \" alt=\"La Creperia\" decoding=\"async\" data-no-lazy=\"1\" \/><\/a>\n<h4 class=\"pt-cv-title\"><a href=\"https:\/\/ordesasobrarbe.com\/en\/empresas\/la-creperia\/\" class=\"_blank cvplbd\" target=\"_blank\" >La Creperia<\/a><\/h4>\n<div class=\"pt-cv-ctf-list\" data-cvc=\"1\"><div class=\"col-md-12 pt-cv-ctf-column\"><div class=\"pt-cv-custom-fields pt-cv-ctf-wpcf-localidad-ubicacion\"><div class=\"pt-cv-ctf-value\">Ainsa<\/div><\/div><\/div><\/div>\n<div class=\"pt-cv-content\">La Creperia de Ainsa, comida diferente para gente diferente. Ven y prueba nuestros creps variados dulces o salado, goza con ...<br \/><div class=\"pt-cv-rmwrap\"><a href=\"https:\/\/ordesasobrarbe.com\/en\/empresas\/la-creperia\/\" class=\"_blank pt-cv-readmore btn btn-success cvprmct  cvplbd\" target=\"_blank\">Leer M\u00e1s<\/a><\/div><\/div><\/div><\/div>\n<div class=\"col-md-4 col-sm-6 col-xs-12 pt-cv-content-item pt-cv-2-col\"  data-pid=\"20185\"><div class='pt-cv-ifield'><a href=\"https:\/\/ordesasobrarbe.com\/en\/empresas\/supermercado-y-carniceria-pintado\/\" class=\"_blank pt-cv-href-thumbnail pt-cv-thumb-left cvplbd\" target=\"_blank\" ><img loading=\"lazy\" width=\"400\" height=\"400\" src=\"https:\/\/ordesasobrarbe.com\/wp-content\/uploads\/2017\/07\/carniceriapintado-400x272.png\" class=\"pt-cv-thumbnail img-none pull-left skip-lazy \" alt=\"Supermercado y carnicer\u00eda Pintado\" decoding=\"async\" data-no-lazy=\"1\" \/><\/a>\n<h4 class=\"pt-cv-title\"><a href=\"https:\/\/ordesasobrarbe.com\/en\/empresas\/supermercado-y-carniceria-pintado\/\" class=\"_blank cvplbd\" target=\"_blank\" >Supermercado y carnicer\u00eda Pintado<\/a><\/h4>\n<div class=\"pt-cv-ctf-list\" data-cvc=\"1\"><div class=\"col-md-12 pt-cv-ctf-column\"><div class=\"pt-cv-custom-fields pt-cv-ctf-wpcf-localidad-ubicacion\"><div class=\"pt-cv-ctf-value\">Broto<\/div><\/div><\/div><\/div>\n<div class=\"pt-cv-content\">En una carnicer\u00eda no puede faltar la secci\u00f3n de charcuter\u00eda y en la nuestra tampoco, disponemos de una selecci\u00f3n de ...<br \/><div class=\"pt-cv-rmwrap\"><a href=\"https:\/\/ordesasobrarbe.com\/en\/empresas\/supermercado-y-carniceria-pintado\/\" class=\"_blank pt-cv-readmore btn btn-success cvprmct  cvplbd\" target=\"_blank\">Leer M\u00e1s<\/a><\/div><\/div><\/div><\/div>\n<div class=\"col-md-4 col-sm-6 col-xs-12 pt-cv-content-item pt-cv-2-col\"  data-pid=\"20170\"><div class='pt-cv-ifield'><a href=\"https:\/\/ordesasobrarbe.com\/en\/empresas\/casa-dueso\/\" class=\"_blank pt-cv-href-thumbnail pt-cv-thumb-left cvplbd\" target=\"_blank\" ><img loading=\"lazy\" width=\"400\" height=\"400\" src=\"https:\/\/ordesasobrarbe.com\/wp-content\/uploads\/2017\/07\/casa_dueso_principal-400x365.jpg\" class=\"pt-cv-thumbnail img-none pull-left skip-lazy \" alt=\"Casa Dueso\" decoding=\"async\" data-no-lazy=\"1\" \/><\/a>\n<h4 class=\"pt-cv-title\"><a href=\"https:\/\/ordesasobrarbe.com\/en\/empresas\/casa-dueso\/\" class=\"_blank cvplbd\" target=\"_blank\" >Casa Dueso<\/a><\/h4>\n<div class=\"pt-cv-ctf-list\" data-cvc=\"1\"><div class=\"col-md-12 pt-cv-ctf-column\"><div class=\"pt-cv-custom-fields pt-cv-ctf-wpcf-localidad-ubicacion\"><div class=\"pt-cv-ctf-value\">El Pueyo de Aragu\u00e1s<\/div><\/div><\/div><\/div>\n<div class=\"pt-cv-content\">CASA DUESO es una Vivienda de Turismo Rural en el Pirineo Aragon\u00e9s que dispone de habitaciones dobles con ba\u00f1o, televisi\u00f3n, ...<br \/><div class=\"pt-cv-rmwrap\"><a href=\"https:\/\/ordesasobrarbe.com\/en\/empresas\/casa-dueso\/\" class=\"_blank pt-cv-readmore btn btn-success cvprmct  cvplbd\" target=\"_blank\">Leer M\u00e1s<\/a><\/div><\/div><\/div><\/div>\n<div class=\"col-md-4 col-sm-6 col-xs-12 pt-cv-content-item pt-cv-2-col\"  data-pid=\"20231\"><div class='pt-cv-ifield'><a href=\"https:\/\/ordesasobrarbe.com\/en\/empresas\/switch-drones\/\" class=\"_blank pt-cv-href-thumbnail pt-cv-thumb-left cvplbd\" target=\"_blank\" ><img loading=\"lazy\" width=\"400\" height=\"400\" src=\"https:\/\/ordesasobrarbe.com\/wp-content\/uploads\/2016\/07\/switch_drone_principal-400x362.png\" class=\"pt-cv-thumbnail img-none pull-left skip-lazy \" alt=\"Switch Drones\" decoding=\"async\" data-no-lazy=\"1\" \/><\/a>\n<h4 class=\"pt-cv-title\"><a href=\"https:\/\/ordesasobrarbe.com\/en\/empresas\/switch-drones\/\" class=\"_blank cvplbd\" target=\"_blank\" >Switch Drones<\/a><\/h4>\n<div class=\"pt-cv-ctf-list\" data-cvc=\"1\"><div class=\"col-md-12 pt-cv-ctf-column\"><div class=\"pt-cv-custom-fields pt-cv-ctf-wpcf-localidad-ubicacion\"><div class=\"pt-cv-ctf-value\">Bolta\u00f1a<\/div><\/div><\/div><\/div>\n<div class=\"pt-cv-content\">Switch Drone somos una red multidisciplinar de profesionales que ofrecemos servicios relacionados con esta tecnolog\u00eda. Ponemos al servicio de particulares ...<br \/><div class=\"pt-cv-rmwrap\"><a href=\"https:\/\/ordesasobrarbe.com\/en\/empresas\/switch-drones\/\" class=\"_blank pt-cv-readmore btn btn-success cvprmct  cvplbd\" target=\"_blank\">Leer M\u00e1s<\/a><\/div><\/div><\/div><\/div>\n<div class=\"col-md-4 col-sm-6 col-xs-12 pt-cv-content-item pt-cv-2-col\"  data-pid=\"19917\"><div class='pt-cv-ifield'><a href=\"https:\/\/ordesasobrarbe.com\/en\/empresas\/hostal-casa-vidaller\/\" class=\"_blank pt-cv-href-thumbnail pt-cv-thumb-left cvplbd\" target=\"_blank\" ><img loading=\"lazy\" width=\"400\" height=\"400\" src=\"https:\/\/ordesasobrarbe.com\/wp-content\/uploads\/2017\/07\/casa_vidaller_principal-400x400.jpg\" class=\"pt-cv-thumbnail img-none pull-left skip-lazy \" alt=\"Hostal Casa Vidaller\" decoding=\"async\" data-no-lazy=\"1\" \/><\/a>\n<h4 class=\"pt-cv-title\"><a href=\"https:\/\/ordesasobrarbe.com\/en\/empresas\/hostal-casa-vidaller\/\" class=\"_blank cvplbd\" target=\"_blank\" >Hostal Casa Vidaller<\/a><\/h4>\n<div class=\"pt-cv-ctf-list\" data-cvc=\"1\"><div class=\"col-md-12 pt-cv-ctf-column\"><div class=\"pt-cv-custom-fields pt-cv-ctf-wpcf-localidad-ubicacion\"><div class=\"pt-cv-ctf-value\">Bielsa<\/div><\/div><\/div><\/div>\n<div class=\"pt-cv-content\">El hostal cuenta con 12 habitaciones repartidas en dos plantas. Tras m\u00e1s de 50 a\u00f1os de servicio, todas ellas han ...<br \/><div class=\"pt-cv-rmwrap\"><a href=\"https:\/\/ordesasobrarbe.com\/en\/empresas\/hostal-casa-vidaller\/\" class=\"_blank pt-cv-readmore btn btn-success cvprmct  cvplbd\" target=\"_blank\">Leer M\u00e1s<\/a><\/div><\/div><\/div><\/div><\/div><\/div>\n<div class=\"text-left pt-cv-pagination-wrapper\"><ul class=\"pt-cv-pagination pt-cv-ajax pagination\" data-totalpages=\"3\" data-currentpage=\"1\" data-sid=\"8a796cbzfe\" data-unid=\"\" data-isblock=\"\" data-postid=\"\"><li class=\"active\"><a href=\"#\">1<\/a><\/li>\n\t<li ><a class=\"\" href=\"https:\/\/ordesasobrarbe.com\/en\/wp-json\/wp\/v2\/pages\/19661\/?_page=2\">2<\/a><\/li>\n\t<li ><a class=\"\" href=\"https:\/\/ordesasobrarbe.com\/en\/wp-json\/wp\/v2\/pages\/19661\/?_page=3\">3<\/a><\/li>\n\t<li ><a class=\" \" href=\"https:\/\/ordesasobrarbe.com\/en\/wp-json\/wp\/v2\/pages\/19661\/?_page=2\">&rsaquo;<\/a><\/li>\n\t<\/ul><img loading=\"lazy\" decoding=\"async\" width=\"15\" height=\"15\" class=\"pt-cv-spinner\" alt=\"Loading...\" src=\"data:image\/gif;base64,R0lGODlhDwAPALMPAMrKygwMDJOTkz09PZWVla+vr3p6euTk5M7OzuXl5TMzMwAAAJmZmWZmZszMzP\/\/\/yH\/C05FVFNDQVBFMi4wAwEAAAAh+QQFCgAPACwAAAAADwAPAAAEQvDJaZaZOIcV8iQK8VRX4iTYoAwZ4iCYoAjZ4RxejhVNoT+mRGP4cyF4Pp0N98sBGIBMEMOotl6YZ3S61Bmbkm4mAgAh+QQFCgAPACwAAAAADQANAAAENPDJSRSZeA418itN8QiK8BiLITVsFiyBBIoYqnoewAD4xPw9iY4XLGYSjkQR4UAUD45DLwIAIfkEBQoADwAsAAAAAA8ACQAABC\/wyVlamTi3nSdgwFNdhEJgTJoNyoB9ISYoQmdjiZPcj7EYCAeCF1gEDo4Dz2eIAAAh+QQFCgAPACwCAAAADQANAAAEM\/DJBxiYeLKdX3IJZT1FU0iIg2RNKx3OkZVnZ98ToRD4MyiDnkAh6BkNC0MvsAj0kMpHBAAh+QQFCgAPACwGAAAACQAPAAAEMDC59KpFDll73HkAA2wVY5KgiK5b0RRoI6MuzG6EQqCDMlSGheEhUAgqgUUAFRySIgAh+QQFCgAPACwCAAIADQANAAAEM\/DJKZNLND\/kkKaHc3xk+QAMYDKsiaqmZCxGVjSFFCxB1vwy2oOgIDxuucxAMTAJFAJNBAAh+QQFCgAPACwAAAYADwAJAAAEMNAs86q1yaWwwv2Ig0jUZx3OYa4XoRAfwADXoAwfo1+CIjyFRuEho60aSNYlOPxEAAAh+QQFCgAPACwAAAIADQANAAAENPA9s4y8+IUVcqaWJ4qEQozSoAzoIyhCK2NFU2SJk0hNnyEOhKR2AzAAj4Pj4GE4W0bkJQIAOw==\" \/><div class=\"clear pt-cv-clear-pagination\"><\/div><\/div><\/div>\t\t\t<style type=\"text\/css\" id=\"pt-cv-inline-style-ab0ffd0qeu\">#pt-cv-view-8a796cbzfe .pt-cv-title a, #pt-cv-view-8a796cbzfe  .panel-title { font-weight: 600 !important; display: block !important; text-align: center !important; clear: both !important; }\n#pt-cv-view-8a796cbzfe  .pt-cv-title a:hover, #pt-cv-view-8a796cbzfe  .panel-title:hover   { display: block !important; text-align: center !important; clear: both !important; }\n#pt-cv-view-8a796cbzfe .pt-cv-content , #pt-cv-view-8a796cbzfe  .pt-cv-content *:not(.pt-cv-readmore):not(style):not(script) { display: block !important; text-align: center !important; clear: both !important; }\n#pt-cv-view-8a796cbzfe .pt-cv-custom-fields * { margin-left: auto !important; margin-right: auto !important; display: block !important; text-align: center !important; clear: both !important; }\n#pt-cv-view-8a796cbzfe .pt-cv-readmore  { color: #ffffff !important; background-color: #00aeef !important; margin-left: auto !important; margin-right: auto !important; float: none !important; display: table !important; text-align: center !important; clear: both !important; }\n#pt-cv-view-8a796cbzfe .pt-cv-readmore:hover  { color: #ffffff !important; background-color: #00aeef !important; margin-left: auto !important; margin-right: auto !important; float: none !important; display: table !important; text-align: center !important; clear: both !important; }\n#pt-cv-view-8a796cbzfe  + .pt-cv-pagination-wrapper .pt-cv-more , #pt-cv-view-8a796cbzfe  + .pt-cv-pagination-wrapper .pagination .active a, .pt-cv-pagination[data-sid='8a796cbzfe'] .active a { color: #ffffff !important; background-color: #00aeef !important; }<\/style>\r\n\t\t\t<\/p>\n","protected":false},"author":1,"featured_media":30704,"parent":0,"menu_order":0,"comment_status":"closed","ping_status":"closed","template":"","meta":{"_et_pb_use_builder":"on","_et_pb_old_content":"","_et_gb_content_width":"","footnotes":""},"tags":[],"class_list":["post-19661","page","type-page","status-publish","has-post-thumbnail","hentry"],"publishpress_future_workflow_manual_trigger":{"enabledWorkflows":[]},"_links":{"self":[{"href":"https:\/\/ordesasobrarbe.com\/en\/wp-json\/wp\/v2\/pages\/19661","targetHints":{"allow":["GET"]}}],"collection":[{"href":"https:\/\/ordesasobrarbe.com\/en\/wp-json\/wp\/v2\/pages"}],"about":[{"href":"https:\/\/ordesasobrarbe.com\/en\/wp-json\/wp\/v2\/types\/page"}],"author":[{"embeddable":true,"href":"https:\/\/ordesasobrarbe.com\/en\/wp-json\/wp\/v2\/users\/1"}],"replies":[{"embeddable":true,"href":"https:\/\/ordesasobrarbe.com\/en\/wp-json\/wp\/v2\/comments?post=19661"}],"version-history":[{"count":0,"href":"https:\/\/ordesasobrarbe.com\/en\/wp-json\/wp\/v2\/pages\/19661\/revisions"}],"wp:featuredmedia":[{"embeddable":true,"href":"https:\/\/ordesasobrarbe.com\/en\/wp-json\/wp\/v2\/media\/30704"}],"wp:attachment":[{"href":"https:\/\/ordesasobrarbe.com\/en\/wp-json\/wp\/v2\/media?parent=19661"}],"wp:term":[{"taxonomy":"post_tag","embeddable":true,"href":"https:\/\/ordesasobrarbe.com\/en\/wp-json\/wp\/v2\/tags?post=19661"}],"curies":[{"name":"wp","href":"https:\/\/api.w.org\/{rel}","templated":true}]}}