{"id":19662,"date":"2019-01-25T10:06:13","date_gmt":"2019-01-25T09:06:13","guid":{"rendered":"https:\/\/ordesasobrarbe.com\/servicios\/"},"modified":"2019-03-29T13:44:09","modified_gmt":"2019-03-29T12:44:09","slug":"services","status":"publish","type":"page","link":"https:\/\/ordesasobrarbe.com\/fr\/services\/","title":{"rendered":"Autres services"},"content":{"rendered":"<p>[et_pb_section bb_built=\u00a0\u00bb1&Prime; fullwidth=\u00a0\u00bbon\u00a0\u00bb specialty=\u00a0\u00bboff\u00a0\u00bb next_background_color=\u00a0\u00bb#000000&Prime;][et_pb_fullwidth_slider _builder_version=\u00a0\u00bb3.21&Prime;][et_pb_slide _builder_version=\u00a0\u00bb3.21&Prime; heading=\u00a0\u00bbAutres services\u00a0\u00bb button_link=\u00a0\u00bb#\u00a0\u00bb button_link_2=\u00a0\u00bb#\u00a0\u00bb url_new_window=\u00a0\u00bboff\u00a0\u00bb link_option_url_new_window=\u00a0\u00bboff\u00a0\u00bb background_color=\u00a0\u00bb#000000&Prime; use_background_color_gradient=\u00a0\u00bboff\u00a0\u00bb background_color_gradient_start=\u00a0\u00bb#2b87da\u00a0\u00bb background_color_gradient_end=\u00a0\u00bb#29c4a9&Prime; background_color_gradient_type=\u00a0\u00bblinear\u00a0\u00bb background_color_gradient_direction=\u00a0\u00bb180deg\u00a0\u00bb background_color_gradient_direction_radial=\u00a0\u00bbcenter\u00a0\u00bb background_color_gradient_start_position=\u00a0\u00bb0%\u00a0\u00bb background_color_gradient_end_position=\u00a0\u00bb100%\u00a0\u00bb background_color_gradient_overlays_image=\u00a0\u00bboff\u00a0\u00bb background_image=\u00a0\u00bbhttps:\/\/ordesasobrarbe.com\/wp-content\/uploads\/2017\/02\/sub_header_home.jpg\u00a0\u00bb parallax=\u00a0\u00bboff\u00a0\u00bb parallax_method=\u00a0\u00bbon\u00a0\u00bb background_size=\u00a0\u00bbcover\u00a0\u00bb background_position=\u00a0\u00bbcenter\u00a0\u00bb background_repeat=\u00a0\u00bbno-repeat\u00a0\u00bb background_blend=\u00a0\u00bbnormal\u00a0\u00bb allow_player_pause=\u00a0\u00bboff\u00a0\u00bb background_video_pause_outside_viewport=\u00a0\u00bbon\u00a0\u00bb use_bg_overlay=\u00a0\u00bboff\u00a0\u00bb use_text_overlay=\u00a0\u00bboff\u00a0\u00bb text_border_radius=\u00a0\u00bb3&Prime; alignment=\u00a0\u00bbcenter\u00a0\u00bb child_filter_hue_rotate=\u00a0\u00bb0deg\u00a0\u00bb child_filter_saturate=\u00a0\u00bb100%\u00a0\u00bb child_filter_brightness=\u00a0\u00bb100%\u00a0\u00bb child_filter_contrast=\u00a0\u00bb100%\u00a0\u00bb child_filter_invert=\u00a0\u00bb0%\u00a0\u00bb child_filter_sepia=\u00a0\u00bb0%\u00a0\u00bb child_filter_opacity=\u00a0\u00bb100%\u00a0\u00bb child_filter_blur=\u00a0\u00bb0px\u00a0\u00bb child_mix_blend_mode=\u00a0\u00bbnormal\u00a0\u00bb background_layout=\u00a0\u00bbdark\u00a0\u00bb text_shadow_style=\u00a0\u00bbnone\u00a0\u00bb header_text_shadow_style=\u00a0\u00bbnone\u00a0\u00bb body_text_shadow_style=\u00a0\u00bbnone\u00a0\u00bb custom_button=\u00a0\u00bboff\u00a0\u00bb button_bg_use_color_gradient=\u00a0\u00bboff\u00a0\u00bb button_bg_color_gradient_overlays_image=\u00a0\u00bboff\u00a0\u00bb button_use_icon=\u00a0\u00bbon\u00a0\u00bb button_on_hover=\u00a0\u00bbon\u00a0\u00bb button_text_shadow_style=\u00a0\u00bbnone\u00a0\u00bb box_shadow_style_button=\u00a0\u00bbnone\u00a0\u00bb hover_transition_duration=\u00a0\u00bb300ms\u00a0\u00bb hover_transition_delay=\u00a0\u00bb0ms\u00a0\u00bb hover_transition_speed_curve=\u00a0\u00bbease\u00a0\u00bb text_shadow_horizontal_length=\u00a0\u00bb0em\u00a0\u00bb text_shadow_vertical_length=\u00a0\u00bb0em\u00a0\u00bb text_shadow_blur_strength=\u00a0\u00bb0em\u00a0\u00bb header_text_shadow_horizontal_length=\u00a0\u00bb0em\u00a0\u00bb header_text_shadow_vertical_length=\u00a0\u00bb0em\u00a0\u00bb header_text_shadow_blur_strength=\u00a0\u00bb0em\u00a0\u00bb body_text_shadow_horizontal_length=\u00a0\u00bb0em\u00a0\u00bb body_text_shadow_vertical_length=\u00a0\u00bb0em\u00a0\u00bb body_text_shadow_blur_strength=\u00a0\u00bb0em\u00a0\u00bb button_text_shadow_horizontal_length=\u00a0\u00bb0em\u00a0\u00bb button_text_shadow_vertical_length=\u00a0\u00bb0em\u00a0\u00bb button_text_shadow_blur_strength=\u00a0\u00bb0em\u00a0\u00bb \/][\/et_pb_fullwidth_slider][\/et_pb_section][et_pb_section bb_built=\u00a0\u00bb1&Prime; prev_background_color=\u00a0\u00bb#000000&Prime;][et_pb_row][et_pb_column type=\u00a0\u00bb4_4&Prime;][et_pb_text _builder_version=\u00a0\u00bb3.19.13&Prime;]<\/p>\n<p style=\"text-align: center;\"><form autocomplete=\"off\" name=\"wpv-filter-3901\" action=\"\/fr\/wp-json\/wp\/v2\/pages\/19662?wpv_view_count=3901\" method=\"get\" class=\"wpv-filter-form js-wpv-filter-form js-wpv-filter-form-3901 js-wpv-form-full\" data-viewnumber=\"3901\" data-viewid=\"3901\" data-viewhash=\"eyJuYW1lIjoic2VydmljaW9zIn0=\" data-viewwidgetid=\"0\" data-orderby=\"\" data-order=\"\" data-orderbyas=\"\" data-orderbysecond=\"\" data-ordersecond=\"\" data-parametric=\"{&quot;query&quot;:&quot;normal&quot;,&quot;id&quot;:3901,&quot;view_id&quot;:3901,&quot;widget_id&quot;:0,&quot;view_hash&quot;:&quot;3901&quot;,&quot;action&quot;:&quot;\\\/fr\\\/wp-json\\\/wp\\\/v2\\\/pages\\\/19662?wpv_view_count=3901&quot;,&quot;sort&quot;:{&quot;orderby&quot;:&quot;&quot;,&quot;order&quot;:&quot;&quot;,&quot;orderby_as&quot;:&quot;&quot;,&quot;orderby_second&quot;:&quot;&quot;,&quot;order_second&quot;:&quot;&quot;},&quot;orderby&quot;:&quot;&quot;,&quot;order&quot;:&quot;&quot;,&quot;orderby_as&quot;:&quot;&quot;,&quot;orderby_second&quot;:&quot;&quot;,&quot;order_second&quot;:&quot;&quot;,&quot;ajax_form&quot;:&quot;&quot;,&quot;ajax_results&quot;:&quot;&quot;,&quot;effect&quot;:&quot;fade&quot;,&quot;prebefore&quot;:&quot;&quot;,&quot;before&quot;:&quot;&quot;,&quot;after&quot;:&quot;&quot;,&quot;attributes&quot;:[],&quot;environment&quot;:{&quot;current_post_id&quot;:19662,&quot;parent_post_id&quot;:19662,&quot;parent_term_id&quot;:0,&quot;parent_user_id&quot;:0,&quot;archive&quot;:{&quot;type&quot;:&quot;&quot;,&quot;name&quot;:&quot;&quot;,&quot;data&quot;:[]}},&quot;loop&quot;:{&quot;type&quot;:&quot;&quot;,&quot;name&quot;:&quot;&quot;,&quot;data&quot;:[],&quot;id&quot;:0}}\" data-attributes=\"[]\" data-environment=\"{&quot;current_post_id&quot;:19662,&quot;parent_post_id&quot;:19662,&quot;parent_term_id&quot;:0,&quot;parent_user_id&quot;:0,&quot;archive&quot;:{&quot;type&quot;:&quot;&quot;,&quot;name&quot;:&quot;&quot;,&quot;data&quot;:[]}}\"><input type=\"hidden\" class=\"js-wpv-dps-filter-data js-wpv-filter-data-for-this-form\" data-action=\"\/fr\/wp-json\/wp\/v2\/pages\/19662?wpv_view_count=3901\" data-page=\"1\" data-ajax=\"disable\" data-effect=\"fade\" data-maxpages=\"0\" data-ajaxprebefore=\"\" data-ajaxbefore=\"\" data-ajaxafter=\"\" \/><input class=\"wpv_view_count wpv_view_count-3901\" type=\"hidden\" name=\"wpv_view_count\" value=\"3901\" \/>\n\n<\/form>\n\n<div id=\"js-wpv-addon-maps-render-map-4\" style=\"width:100%; height:500px;\" class=\"wpv-addon-maps-render js-wpv-addon-maps-render js-wpv-addon-maps-render-map-4 \" data-map=\"map-4\" data-generalzoom=\"5\" data-generalcenterlat=\"0\" data-generalcenterlon=\"0\" data-fitbounds=\"on\" data-singlezoom=\"14\" data-singlecenter=\"on\" data-osmlayer=\"standard\" data-maptype=\"roadmap\" data-showlayerinterests=\"false\" data-markericon=\"\/\/ordesasobrarbe.com\/wp-content\/plugins\/toolset-maps\/resources\/images\/markers\/Home.png\" data-markericonhover=\"\" data-draggable=\"on\" data-scrollwheel=\"on\" data-doubleclickzoom=\"on\" data-maptypecontrol=\"on\" data-fullscreencontrol=\"on\" data-zoomcontrol=\"on\" data-streetviewcontrol=\"on\" data-backgroundcolor=\"\" data-cluster=\"off\" data-clustergridsize=\"60\" data-clustermaxzoom=\"\" data-clusterclickzoom=\"on\" data-clusterminsize=\"2\" data-stylejson=\"\/\/ordesasobrarbe.com\/wp-content\/plugins\/toolset-maps\/resources\/json\/Standard.json\" data-spiderfy=\"off\" data-streetview=\"off\" data-markerid=\"\" data-location=\"\" data-lat=\"0\" data-long=\"0\" data-heading=\"\" data-pitch=\"\"><\/div>\n\n<div id=\"wpv-view-layout-3901\" class=\"js-wpv-view-layout js-wpv-layout-responsive js-wpv-view-layout-3901\" data-viewnumber=\"3901\" data-pagination=\"{&quot;id&quot;:3901,&quot;query&quot;:&quot;normal&quot;,&quot;type&quot;:&quot;disabled&quot;,&quot;effect&quot;:&quot;fade&quot;,&quot;duration&quot;:&quot;500&quot;,&quot;speed&quot;:&quot;5&quot;,&quot;pause_on_hover&quot;:&quot;disabled&quot;,&quot;stop_rollover&quot;:&quot;false&quot;,&quot;cache_pages&quot;:&quot;enabled&quot;,&quot;preload_images&quot;:&quot;enabled&quot;,&quot;preload_pages&quot;:&quot;enabled&quot;,&quot;preload_reach&quot;:&quot;1&quot;,&quot;spinner&quot;:&quot;builtin&quot;,&quot;spinner_image&quot;:&quot;https:\/\/ordesasobrarbe.com\/wp-content\/plugins\/wp-views\/embedded\/res\/img\/ajax-loader.gif&quot;,&quot;callback_next&quot;:&quot;&quot;,&quot;manage_history&quot;:&quot;disabled&quot;,&quot;has_controls_in_form&quot;:&quot;disabled&quot;,&quot;infinite_tolerance&quot;:&quot;0&quot;,&quot;max_pages&quot;:0,&quot;page&quot;:1,&quot;base_permalink&quot;:&quot;\/fr\/wp-json\/wp\/v2\/pages\/19662?wpv_view_count=3901&amp;wpv_paged=WPV_PAGE_NUM&quot;,&quot;loop&quot;:{&quot;type&quot;:&quot;&quot;,&quot;name&quot;:&quot;&quot;,&quot;data&quot;:[],&quot;id&quot;:0}}\" data-permalink=\"\/fr\/wp-json\/wp\/v2\/pages\/19662?wpv_view_count=3901\">\n\n\t\n\t\n\t<table width=\"100%\">\n\t\t<tbody class=\"wpv-loop js-wpv-loop\">\n\t\t\n\t\t\t<tr>\n             \n\t\t\t\t<div style=\"display:none\" class=\"wpv-addon-maps-marker js-wpv-addon-maps-marker js-wpv-addon-maps-marker-marker-3 js-wpv-addon-maps-markerfor-map-4\" data-marker=\"marker-3\" data-markertitle=\"Alea Comunicacion\" data-markerfor=\"map-4\" data-markerlat=\"42.5454262\" data-markerlon=\"0.1989972\" data-markericon=\"\" data-markericonhover=\"\" data-streetview=\"no\" data-fromview=\"\">\n\n<div><b><a href=\"https:\/\/ordesasobrarbe.com\/fr\/empresas\/alea-comunicacion\/\">Alea Comunicacion<\/a><\/b><\/div>\n<div align=\"center\"><a href=\"https:\/\/ordesasobrarbe.com\/fr\/empresas\/alea-comunicacion\/\"><img loading=\"lazy\" decoding=\"async\" width=\"150\" height=\"150\" src=\"https:\/\/ordesasobrarbe.com\/wp-content\/uploads\/2015\/08\/alea-comunicacion_principal-150x150.jpg\" class=\"attachment-thumbnail size-thumbnail wp-post-image\" alt=\"\" \/><\/a><\/div>\n\n<\/div>\n              \n\t\t\t<\/tr>\n\t\t\n\t\t\t<tr>\n             \n\t\t\t\t<div style=\"display:none\" class=\"wpv-addon-maps-marker js-wpv-addon-maps-marker js-wpv-addon-maps-marker-marker-3-1 js-wpv-addon-maps-markerfor-map-4\" data-marker=\"marker-3-1\" data-markertitle=\"Switch Drones\" data-markerfor=\"map-4\" data-markerlat=\"42.4446959\" data-markerlon=\"0.0664228\" data-markericon=\"\" data-markericonhover=\"\" data-streetview=\"no\" data-fromview=\"\">\n\n<div><b><a href=\"https:\/\/ordesasobrarbe.com\/fr\/empresas\/switch-drones\/\">Switch Drones<\/a><\/b><\/div>\n<div align=\"center\"><a href=\"https:\/\/ordesasobrarbe.com\/fr\/empresas\/switch-drones\/\"><img loading=\"lazy\" decoding=\"async\" width=\"150\" height=\"150\" src=\"https:\/\/ordesasobrarbe.com\/wp-content\/uploads\/2016\/07\/switch_drone_principal-150x150.png\" class=\"attachment-thumbnail size-thumbnail wp-post-image\" alt=\"\" \/><\/a><\/div>\n\n<\/div>\n              \n\t\t\t<\/tr>\n\t\t\n\t\t\t<tr>\n             \n\t\t\t\t<div style=\"display:none\" class=\"wpv-addon-maps-marker js-wpv-addon-maps-marker js-wpv-addon-maps-marker-marker-3-2 js-wpv-addon-maps-markerfor-map-4\" data-marker=\"marker-3-2\" data-markertitle=\"InfoPirineo\" data-markerfor=\"map-4\" data-markerlat=\"42.4148264\" data-markerlon=\"0.1454471\" data-markericon=\"\" data-markericonhover=\"\" data-streetview=\"no\" data-fromview=\"\">\n\n<div><b><a href=\"https:\/\/ordesasobrarbe.com\/fr\/empresas\/infopirineo\/\">InfoPirineo<\/a><\/b><\/div>\n<div align=\"center\"><a href=\"https:\/\/ordesasobrarbe.com\/fr\/empresas\/infopirineo\/\"><img loading=\"lazy\" decoding=\"async\" width=\"150\" height=\"150\" src=\"https:\/\/ordesasobrarbe.com\/wp-content\/uploads\/2015\/08\/servidores-dedicados-150x150.jpg\" class=\"attachment-thumbnail size-thumbnail wp-post-image\" alt=\"\" \/><\/a><\/div>\n\n<\/div>\n              \n\t\t\t<\/tr>\n\t\t\n\t\t\t<tr>\n             \n\t\t\t\t<div style=\"display:none\" class=\"wpv-addon-maps-marker js-wpv-addon-maps-marker js-wpv-addon-maps-marker-marker-3-3 js-wpv-addon-maps-markerfor-map-4\" data-marker=\"marker-3-3\" data-markertitle=\"Piritec\" data-markerfor=\"map-4\" data-markerlat=\"42.4151557\" data-markerlon=\"0.1477187\" data-markericon=\"\" data-markericonhover=\"\" data-streetview=\"no\" data-fromview=\"\">\n\n<div><b><a href=\"https:\/\/ordesasobrarbe.com\/fr\/empresas\/piritec\/\">Piritec<\/a><\/b><\/div>\n<div align=\"center\"><a href=\"https:\/\/ordesasobrarbe.com\/fr\/empresas\/piritec\/\"><img loading=\"lazy\" decoding=\"async\" width=\"150\" height=\"150\" src=\"https:\/\/ordesasobrarbe.com\/wp-content\/uploads\/2017\/03\/piritec_principal-150x150.jpg\" class=\"attachment-thumbnail size-thumbnail wp-post-image\" alt=\"\" \/><\/a><\/div>\n\n<\/div>\n              \n\t\t\t<\/tr>\n\t\t\n\t\t\t<tr>\n             \n\t\t\t\t\n              \n\t\t\t<\/tr>\n\t\t\n\t\t\t<tr>\n             \n\t\t\t\t<div style=\"display:none\" class=\"wpv-addon-maps-marker js-wpv-addon-maps-marker js-wpv-addon-maps-marker-marker-3-4 js-wpv-addon-maps-markerfor-map-4\" data-marker=\"marker-3-4\" data-markertitle=\"Clinica Dental Herrera Ruiz\" data-markerfor=\"map-4\" data-markerlat=\"42.4117972\" data-markerlon=\"0.1497716\" data-markericon=\"\" data-markericonhover=\"\" data-streetview=\"no\" data-fromview=\"\">\n\n<div><b><a href=\"https:\/\/ordesasobrarbe.com\/fr\/empresas\/clinica-dental-herrera-ruiz\/\">Clinica Dental Herrera Ruiz<\/a><\/b><\/div>\n<div align=\"center\"><a href=\"https:\/\/ordesasobrarbe.com\/fr\/empresas\/clinica-dental-herrera-ruiz\/\"><img loading=\"lazy\" decoding=\"async\" width=\"150\" height=\"150\" src=\"https:\/\/ordesasobrarbe.com\/wp-content\/uploads\/2015\/08\/dentista_principal-150x150.jpg\" class=\"attachment-thumbnail size-thumbnail wp-post-image\" alt=\"\" \/><\/a><\/div>\n\n<\/div>\n              \n\t\t\t<\/tr>\n\t\t\n\t\t\t<tr>\n             \n\t\t\t\t<div style=\"display:none\" class=\"wpv-addon-maps-marker js-wpv-addon-maps-marker js-wpv-addon-maps-marker-marker-3-5 js-wpv-addon-maps-markerfor-map-4\" data-marker=\"marker-3-5\" data-markertitle=\"Farmacia Garc\u00eda Campo\" data-markerfor=\"map-4\" data-markerlat=\"42.41384\" data-markerlon=\"0.1406865\" data-markericon=\"\" data-markericonhover=\"\" data-streetview=\"no\" data-fromview=\"\">\n\n<div><b><a href=\"https:\/\/ordesasobrarbe.com\/fr\/empresas\/farmacia-garcia-campo\/\">Farmacia Garc\u00eda Campo<\/a><\/b><\/div>\n<div align=\"center\"><a href=\"https:\/\/ordesasobrarbe.com\/fr\/empresas\/farmacia-garcia-campo\/\"><img loading=\"lazy\" decoding=\"async\" width=\"150\" height=\"150\" src=\"https:\/\/ordesasobrarbe.com\/wp-content\/uploads\/2016\/07\/farmacia_garcia_campo_principal-150x150.jpg\" class=\"attachment-thumbnail size-thumbnail wp-post-image\" alt=\"\" \/><\/a><\/div>\n\n<\/div>\n              \n\t\t\t<\/tr>\n\t\t\n\t\t<\/tbody>\n\t<\/table>\n\t\n\t\n\t\n<\/div><\/p>\n<p>[\/et_pb_text][et_pb_text _builder_version=\u00a0\u00bb3.19.8&Prime;]<\/p>\n<p style=\"text-align: center;\"><div class=\"pt-cv-wrapper et_smooth_scroll_disabled\"><div class=\"cvp-live-filter cvp-dropdown \" id=\"\" data-name=\"tx_tiposempresas\" data-sid=\"8a796cbzfe\" data-isblock=\"\" data-postid=\"\"><label class=\"cvp-label\">Tipo de Empresa<\/label><select name=\"tx_tiposempresas\"><option value=\"\">All<\/option><option value=\"servicios\" >MAS SERVICIOS<span class=\"cvp-count\"> (7)<\/span><\/option><option value=\"alojamientos\" >ALOJAMIENTOS<span class=\"cvp-count\"> (31)<\/span><\/option><option value=\"comercio\" >COMPRAS Y COMERCIOS<span class=\"cvp-count\"> (8)<\/span><\/option><option value=\"desplazamiento\" >AUTOCARES Y TAXIS<span class=\"cvp-count\"> (2)<\/span><\/option><option value=\"ocio\" >DEPORTES Y ECOTURISMO<span class=\"cvp-count\"> (4)<\/span><\/option><option value=\"restauracion\" >RESTAURANTES<span class=\"cvp-count\"> (5)<\/span><\/option><option value=\"tomar-algo\" >BARES PUBS CERVECERIAS<span class=\"cvp-count\"> (1)<\/span><\/option><\/select><\/div><div class=\"cvp-live-filter cvp-dropdown \" id=\"\" data-name=\"tx_zona-sobrarbe\" data-sid=\"8a796cbzfe\" data-isblock=\"\" data-postid=\"\"><label class=\"cvp-label\">Zona<\/label><select name=\"tx_zona-sobrarbe\"><option value=\"\">All<\/option><option value=\"zona-ainsa\" >Zona Ainsa<span class=\"cvp-count\"> (17)<\/span><\/option><option value=\"zona-bajo-penas\" >Zona Bajo Pe\u00f1as<span class=\"cvp-count\"> (1)<\/span><\/option><option value=\"zona-biello-sobrarbe\" >Zona Biello Sobrarbe<span class=\"cvp-count\"> (2)<\/span><\/option><option value=\"zona-bielsa\" >Zona Bielsa<span class=\"cvp-count\"> (5)<\/span><\/option><option value=\"zona-boltana\" >Zona Bolta\u00f1a<span class=\"cvp-count\"> (5)<\/span><\/option><option value=\"zona-broto-torla\" >Zona Broto \/ Torla<span class=\"cvp-count\"> (9)<\/span><\/option><option value=\"zona-fiscal\" >Zona Fiscal<span class=\"cvp-count\"> (1)<\/span><\/option><option value=\"zona-la-fueva\" >Zona La Fueva<span class=\"cvp-count\"> (4)<\/span><\/option><option value=\"zona-valle-de-chistau\" >Zona Valle de Chistau<span class=\"cvp-count\"> (4)<\/span><\/option><option value=\"zona-valle-del-cinca\" >Zona Valle del Cinca<span class=\"cvp-count\"> (9)<\/span><\/option><\/select><\/div><div class=\"pt-cv-view pt-cv-grid pt-cv-colsys pt-cv-same-height cvp-lfres pt-cv-alternate-right\" id=\"pt-cv-view-8a796cbzfe\"><div data-id=\"pt-cv-page-1\" class=\"pt-cv-page\" data-cvc=\"3\" data-cvct=\"2\" data-cvcm=\"1\"><div class=\"col-md-4 col-sm-6 col-xs-12 pt-cv-content-item pt-cv-2-col\"  data-pid=\"20217\"><div class='pt-cv-ifield'><a href=\"https:\/\/ordesasobrarbe.com\/fr\/empresas\/casa-ruben\/\" class=\"_blank pt-cv-href-thumbnail pt-cv-thumb-left cvplbd\" target=\"_blank\" ><img loading=\"lazy\" decoding=\"async\" width=\"400\" height=\"400\" src=\"https:\/\/ordesasobrarbe.com\/wp-content\/uploads\/2016\/07\/casa_ruben_principal-400x400.jpg\" class=\"pt-cv-thumbnail img-none pull-left skip-lazy \" alt=\"Casa Rub\u00e9n\" data-no-lazy=\"1\" \/><\/a>\n<h4 class=\"pt-cv-title\"><a href=\"https:\/\/ordesasobrarbe.com\/fr\/empresas\/casa-ruben\/\" class=\"_blank cvplbd\" target=\"_blank\" >Casa Rub\u00e9n<\/a><\/h4>\n<div class=\"pt-cv-ctf-list\" data-cvc=\"1\"><div class=\"col-md-12 pt-cv-ctf-column\"><div class=\"pt-cv-custom-fields pt-cv-ctf-wpcf-localidad-ubicacion\"><div class=\"pt-cv-ctf-value\">Hospital de Tella<\/div><\/div><\/div><\/div>\n<div class=\"pt-cv-content\">Asador en Hospital de Tella, a orillas del R\u00edo Cinca. Antiguamente Casa Quino, ahora se llama Casa Rub\u00e9n al retomar ...<br \/><div class=\"pt-cv-rmwrap\"><a href=\"https:\/\/ordesasobrarbe.com\/fr\/empresas\/casa-ruben\/\" class=\"_blank pt-cv-readmore btn btn-success cvprmct  cvplbd\" target=\"_blank\">Leer M\u00e1s<\/a><\/div><\/div><\/div><\/div>\n<div class=\"col-md-4 col-sm-6 col-xs-12 pt-cv-content-item pt-cv-2-col\"  data-pid=\"19871\"><div class='pt-cv-ifield'><a href=\"https:\/\/ordesasobrarbe.com\/fr\/empresas\/apartamentos-mazcaray\/\" class=\"_blank pt-cv-href-thumbnail pt-cv-thumb-left cvplbd\" target=\"_blank\" ><img loading=\"lazy\" decoding=\"async\" width=\"400\" height=\"400\" src=\"https:\/\/ordesasobrarbe.com\/wp-content\/uploads\/2019\/01\/Apartamentoz-Mazcaray-400x400.jpg\" class=\"pt-cv-thumbnail img-none pull-left skip-lazy \" alt=\"Apartamentos Mazcaray\" data-no-lazy=\"1\" \/><\/a>\n<h4 class=\"pt-cv-title\"><a href=\"https:\/\/ordesasobrarbe.com\/fr\/empresas\/apartamentos-mazcaray\/\" class=\"_blank cvplbd\" target=\"_blank\" >Apartamentos Mazcaray<\/a><\/h4>\n<div class=\"pt-cv-ctf-list\" data-cvc=\"1\"><div class=\"col-md-12 pt-cv-ctf-column\"><div class=\"pt-cv-custom-fields pt-cv-ctf-wpcf-localidad-ubicacion\"><div class=\"pt-cv-ctf-value\">Bielsa<\/div><\/div><\/div><\/div>\n<div class=\"pt-cv-content\">Appartements confortables. 2\/4\/6 places 50-80 2.m ...<br \/><div class=\"pt-cv-rmwrap\"><a href=\"https:\/\/ordesasobrarbe.com\/fr\/empresas\/apartamentos-mazcaray\/\" class=\"_blank pt-cv-readmore btn btn-success cvprmct  cvplbd\" target=\"_blank\">Leer M\u00e1s<\/a><\/div><\/div><\/div><\/div>\n<div class=\"col-md-4 col-sm-6 col-xs-12 pt-cv-content-item pt-cv-2-col\"  data-pid=\"20305\"><div class='pt-cv-ifield'><a href=\"https:\/\/ordesasobrarbe.com\/fr\/empresas\/casas-rurales-o-molin-de-lirues-y-a-ceresera\/\" class=\"_blank pt-cv-href-thumbnail pt-cv-thumb-left cvplbd\" target=\"_blank\" ><img loading=\"lazy\" decoding=\"async\" width=\"400\" height=\"400\" src=\"https:\/\/ordesasobrarbe.com\/wp-content\/uploads\/2015\/08\/o_molin_de_lirues_principal-400x400.jpg\" class=\"pt-cv-thumbnail img-none pull-left skip-lazy \" alt=\"Casas rurales O molin de l&#039;Irues y A ceresera\" data-no-lazy=\"1\" \/><\/a>\n<h4 class=\"pt-cv-title\"><a href=\"https:\/\/ordesasobrarbe.com\/fr\/empresas\/casas-rurales-o-molin-de-lirues-y-a-ceresera\/\" class=\"_blank cvplbd\" target=\"_blank\" >Casas rurales O molin de l&rsquo;Irues y A ceresera<\/a><\/h4>\n<div class=\"pt-cv-ctf-list\" data-cvc=\"1\"><div class=\"col-md-12 pt-cv-ctf-column\"><div class=\"pt-cv-custom-fields pt-cv-ctf-wpcf-localidad-ubicacion\"><div class=\"pt-cv-ctf-value\">Bada\u00edn<\/div><\/div><\/div><\/div>\n<div class=\"pt-cv-content\">O Molin de l'Irues y A Ceresera : dos magn\u00edficas casas rurales en Bada\u00edn, un lugar muy tranquilo del Sobrarbe ...<br \/><div class=\"pt-cv-rmwrap\"><a href=\"https:\/\/ordesasobrarbe.com\/fr\/empresas\/casas-rurales-o-molin-de-lirues-y-a-ceresera\/\" class=\"_blank pt-cv-readmore btn btn-success cvprmct  cvplbd\" target=\"_blank\">Leer M\u00e1s<\/a><\/div><\/div><\/div><\/div>\n<div class=\"col-md-4 col-sm-6 col-xs-12 pt-cv-content-item pt-cv-2-col\"  data-pid=\"20212\"><div class='pt-cv-ifield'><a href=\"https:\/\/ordesasobrarbe.com\/fr\/empresas\/la-corona-de-lainsa\/\" class=\"_blank pt-cv-href-thumbnail pt-cv-thumb-left cvplbd\" target=\"_blank\" ><img loading=\"lazy\" decoding=\"async\" width=\"400\" height=\"400\" src=\"https:\/\/ordesasobrarbe.com\/wp-content\/uploads\/2016\/07\/PI305049-400x400.jpg\" class=\"pt-cv-thumbnail img-none pull-left skip-lazy \" alt=\"La Corona de l&#039;Ainsa\" data-no-lazy=\"1\" \/><\/a>\n<h4 class=\"pt-cv-title\"><a href=\"https:\/\/ordesasobrarbe.com\/fr\/empresas\/la-corona-de-lainsa\/\" class=\"_blank cvplbd\" target=\"_blank\" >La Corona de l&rsquo;Ainsa<\/a><\/h4>\n<div class=\"pt-cv-ctf-list\" data-cvc=\"1\"><div class=\"col-md-12 pt-cv-ctf-column\"><div class=\"pt-cv-custom-fields pt-cv-ctf-wpcf-localidad-ubicacion\"><div class=\"pt-cv-ctf-value\">Ainsa<\/div><\/div><\/div><\/div>\n<div class=\"pt-cv-content\">Tienda gourmet, especializada en vinos, especialmente D.O Somontano ...<br \/><div class=\"pt-cv-rmwrap\"><a href=\"https:\/\/ordesasobrarbe.com\/fr\/empresas\/la-corona-de-lainsa\/\" class=\"_blank pt-cv-readmore btn btn-success cvprmct  cvplbd\" target=\"_blank\">Leer M\u00e1s<\/a><\/div><\/div><\/div><\/div>\n<div class=\"col-md-4 col-sm-6 col-xs-12 pt-cv-content-item pt-cv-2-col\"  data-pid=\"20338\"><div class='pt-cv-ifield'><a href=\"https:\/\/ordesasobrarbe.com\/fr\/empresas\/taxi-bielsa\/\" class=\"_blank pt-cv-href-thumbnail pt-cv-thumb-left cvplbd\" target=\"_blank\" ><img loading=\"lazy\" decoding=\"async\" width=\"400\" height=\"400\" src=\"https:\/\/ordesasobrarbe.com\/wp-content\/uploads\/2014\/06\/taxi_bielsa_principal-400x400.jpg\" class=\"pt-cv-thumbnail img-none pull-left skip-lazy \" alt=\"Taxi Bielsa\" data-no-lazy=\"1\" \/><\/a>\n<h4 class=\"pt-cv-title\"><a href=\"https:\/\/ordesasobrarbe.com\/fr\/empresas\/taxi-bielsa\/\" class=\"_blank cvplbd\" target=\"_blank\" >Taxi Bielsa<\/a><\/h4>\n<div class=\"pt-cv-ctf-list\" data-cvc=\"1\"><div class=\"col-md-12 pt-cv-ctf-column\"><div class=\"pt-cv-custom-fields pt-cv-ctf-wpcf-localidad-ubicacion\"><div class=\"pt-cv-ctf-value\">Bielsa<\/div><\/div><\/div><\/div>\n<div class=\"pt-cv-content\">Servicio de taxi para todo el pa\u00eds, veh\u00edculos amplios para poder realizar sus desplazamientos con total comodidad. Hasta 8 plazas ...<br \/><div class=\"pt-cv-rmwrap\"><a href=\"https:\/\/ordesasobrarbe.com\/fr\/empresas\/taxi-bielsa\/\" class=\"_blank pt-cv-readmore btn btn-success cvprmct  cvplbd\" target=\"_blank\">Leer M\u00e1s<\/a><\/div><\/div><\/div><\/div>\n<div class=\"col-md-4 col-sm-6 col-xs-12 pt-cv-content-item pt-cv-2-col\"  data-pid=\"19904\"><div class='pt-cv-ifield'><a href=\"https:\/\/ordesasobrarbe.com\/fr\/empresas\/queseria-bal-de-broto\/\" class=\"_blank pt-cv-href-thumbnail pt-cv-thumb-left cvplbd\" target=\"_blank\" ><img loading=\"lazy\" decoding=\"async\" width=\"400\" height=\"400\" src=\"https:\/\/ordesasobrarbe.com\/wp-content\/uploads\/2024\/10\/Diseno-sin-titulo-2024-10-18T102229.148-768x768-400x400.png\" class=\"pt-cv-thumbnail img-none pull-left skip-lazy \" alt=\"etecuida senderismo Chist\u00e9n Sierra de Guara Aventura Pirineos Turismo Sobrarbe Patrimonio Sobrarbe Cultura Aragonesa Naturaleza Sobrarbe Senderismo Pirineos patrimonio Historia Sobrarbe Gastronom\u00eda Sobrarbe Ordesa Sobrarbe Bolta\u00f1a museo Bielsa aventura Sobrarbe ainsa Turismo Sostenible ordesa AETS Parque Nacional Ordesa naturaleza Huesca La Fueva Cultura Sobrarbe Actividades Sobrarbe broto Alojamiento Sobrarbe Asociaci\u00f3n Empresarial Tur\u00edstica de Sobrarbe Fiscal Aventura Pirineo Pirineo Aragon\u00e9s sobrarbe Posets Maladeta monte perdido Torla\" data-no-lazy=\"1\" \/><\/a>\n<h4 class=\"pt-cv-title\"><a href=\"https:\/\/ordesasobrarbe.com\/fr\/empresas\/queseria-bal-de-broto\/\" class=\"_blank cvplbd\" target=\"_blank\" >Queser\u00eda Bal de Broto<\/a><\/h4>\n<div class=\"pt-cv-ctf-list\" data-cvc=\"1\"><div class=\"col-md-12 pt-cv-ctf-column\"><div class=\"pt-cv-custom-fields pt-cv-ctf-wpcf-localidad-ubicacion\"><div class=\"pt-cv-ctf-value\">Sarvis\u00e9<\/div><\/div><\/div><\/div>\n<div class=\"pt-cv-content\">Queser\u00eda artesana y sostenible en la zona de Broto ...<br \/><div class=\"pt-cv-rmwrap\"><a href=\"https:\/\/ordesasobrarbe.com\/fr\/empresas\/queseria-bal-de-broto\/\" class=\"_blank pt-cv-readmore btn btn-success cvprmct  cvplbd\" target=\"_blank\">Leer M\u00e1s<\/a><\/div><\/div><\/div><\/div>\n<div class=\"col-md-4 col-sm-6 col-xs-12 pt-cv-content-item pt-cv-2-col\"  data-pid=\"20171\"><div class='pt-cv-ifield'><a href=\"https:\/\/ordesasobrarbe.com\/fr\/empresas\/casa-dueso\/\" class=\"_blank pt-cv-href-thumbnail pt-cv-thumb-left cvplbd\" target=\"_blank\" ><img loading=\"lazy\" decoding=\"async\" width=\"400\" height=\"400\" src=\"https:\/\/ordesasobrarbe.com\/wp-content\/uploads\/2017\/07\/casa_dueso_principal-400x365.jpg\" class=\"pt-cv-thumbnail img-none pull-left skip-lazy \" alt=\"Casa Dueso\" data-no-lazy=\"1\" \/><\/a>\n<h4 class=\"pt-cv-title\"><a href=\"https:\/\/ordesasobrarbe.com\/fr\/empresas\/casa-dueso\/\" class=\"_blank cvplbd\" target=\"_blank\" >Casa Dueso<\/a><\/h4>\n<div class=\"pt-cv-ctf-list\" data-cvc=\"1\"><div class=\"col-md-12 pt-cv-ctf-column\"><div class=\"pt-cv-custom-fields pt-cv-ctf-wpcf-localidad-ubicacion\"><div class=\"pt-cv-ctf-value\">El Pueyo de Aragu\u00e1s<\/div><\/div><\/div><\/div>\n<div class=\"pt-cv-content\">CASA DUESO es una Vivienda de Turismo Rural en el Pirineo Aragon\u00e9s que dispone de habitaciones dobles con ba\u00f1o, televisi\u00f3n, ...<br \/><div class=\"pt-cv-rmwrap\"><a href=\"https:\/\/ordesasobrarbe.com\/fr\/empresas\/casa-dueso\/\" class=\"_blank pt-cv-readmore btn btn-success cvprmct  cvplbd\" target=\"_blank\">Leer M\u00e1s<\/a><\/div><\/div><\/div><\/div>\n<div class=\"col-md-4 col-sm-6 col-xs-12 pt-cv-content-item pt-cv-2-col\"  data-pid=\"20235\"><div class='pt-cv-ifield'><a href=\"https:\/\/ordesasobrarbe.com\/fr\/empresas\/hotel-bujaruelo\/\" class=\"_blank pt-cv-href-thumbnail pt-cv-thumb-left cvplbd\" target=\"_blank\" ><img loading=\"lazy\" decoding=\"async\" width=\"400\" height=\"400\" src=\"https:\/\/ordesasobrarbe.com\/wp-content\/uploads\/2016\/07\/hotel_bujaruelo_principal-400x400.jpg\" class=\"pt-cv-thumbnail img-none pull-left skip-lazy \" alt=\"Hotel Bujaruelo\" data-no-lazy=\"1\" \/><\/a>\n<h4 class=\"pt-cv-title\"><a href=\"https:\/\/ordesasobrarbe.com\/fr\/empresas\/hotel-bujaruelo\/\" class=\"_blank cvplbd\" target=\"_blank\" >Hotel Bujaruelo<\/a><\/h4>\n<div class=\"pt-cv-ctf-list\" data-cvc=\"1\"><div class=\"col-md-12 pt-cv-ctf-column\"><div class=\"pt-cv-custom-fields pt-cv-ctf-wpcf-localidad-ubicacion\"><div class=\"pt-cv-ctf-value\">Torla<\/div><\/div><\/div><\/div>\n<div class=\"pt-cv-content\">El Hotel Bujaruelo se encuentra en el centro del municipio de Torla, entrada natural del Parque Nacional de Ordesa y ...<br \/><div class=\"pt-cv-rmwrap\"><a href=\"https:\/\/ordesasobrarbe.com\/fr\/empresas\/hotel-bujaruelo\/\" class=\"_blank pt-cv-readmore btn btn-success cvprmct  cvplbd\" target=\"_blank\">Leer M\u00e1s<\/a><\/div><\/div><\/div><\/div>\n<div class=\"col-md-4 col-sm-6 col-xs-12 pt-cv-content-item pt-cv-2-col\"  data-pid=\"21642\"><div class='pt-cv-ifield'><a href=\"https:\/\/ordesasobrarbe.com\/fr\/empresas\/liguerre-de-cinca-enoturismo\/\" class=\"_blank pt-cv-href-thumbnail pt-cv-thumb-left cvplbd\" target=\"_blank\" ><img loading=\"lazy\" decoding=\"async\" width=\"400\" height=\"400\" src=\"https:\/\/ordesasobrarbe.com\/wp-content\/uploads\/2014\/06\/liguerre_cinco_enoturismo_principal-400x320.jpg\" class=\"pt-cv-thumbnail img-none pull-left skip-lazy \" alt=\"Lig\u00fcerre de Cinca Enotourisme\" data-no-lazy=\"1\" \/><\/a>\n<h4 class=\"pt-cv-title\"><a href=\"https:\/\/ordesasobrarbe.com\/fr\/empresas\/liguerre-de-cinca-enoturismo\/\" class=\"_blank cvplbd\" target=\"_blank\" >Lig\u00fcerre de Cinca Enotourisme<\/a><\/h4>\n<div class=\"pt-cv-ctf-list\" data-cvc=\"1\"><div class=\"col-md-12 pt-cv-ctf-column\"><div class=\"pt-cv-custom-fields pt-cv-ctf-wpcf-localidad-ubicacion\"><div class=\"pt-cv-ctf-value\">Lig\u00fcerre de Cinca<\/div><\/div><\/div><\/div>\n<div class=\"pt-cv-content\">Village-vacances au bord du barrage de El Grado, restaur\u00e9 pour vous offrir des s\u00e9jours inoubliables. Nous disposons d'appartements, h\u00f4tel, bengalis ...<br \/><div class=\"pt-cv-rmwrap\"><a href=\"https:\/\/ordesasobrarbe.com\/fr\/empresas\/liguerre-de-cinca-enoturismo\/\" class=\"_blank pt-cv-readmore btn btn-success cvprmct  cvplbd\" target=\"_blank\">Leer M\u00e1s<\/a><\/div><\/div><\/div><\/div>\n<div class=\"col-md-4 col-sm-6 col-xs-12 pt-cv-content-item pt-cv-2-col\"  data-pid=\"19868\"><div class='pt-cv-ifield'><a href=\"https:\/\/ordesasobrarbe.com\/fr\/empresas\/casa-san-martin\/\" class=\"_blank pt-cv-href-thumbnail pt-cv-thumb-left cvplbd\" target=\"_blank\" ><img loading=\"lazy\" decoding=\"async\" width=\"400\" height=\"400\" src=\"https:\/\/ordesasobrarbe.com\/wp-content\/uploads\/2019\/01\/San-Martin-de-la-Solana-4-400x400.jpg\" class=\"pt-cv-thumbnail img-none pull-left skip-lazy \" alt=\"Casa San Mart\u00edn\" data-no-lazy=\"1\" \/><\/a>\n<h4 class=\"pt-cv-title\"><a href=\"https:\/\/ordesasobrarbe.com\/fr\/empresas\/casa-san-martin\/\" class=\"_blank cvplbd\" target=\"_blank\" >Casa San Mart\u00edn<\/a><\/h4>\n<div class=\"pt-cv-ctf-list\" data-cvc=\"1\"><div class=\"col-md-12 pt-cv-ctf-column\"><div class=\"pt-cv-custom-fields pt-cv-ctf-wpcf-localidad-ubicacion\"><div class=\"pt-cv-ctf-value\">San Mart\u00edn de La Solana<\/div><\/div><\/div><\/div>\n<div class=\"pt-cv-content\">Perdida entre monta\u00f1as y bosques, es el refugio perfecto para relajarse con un buen libro frente la chimenea o dando ...<br \/><div class=\"pt-cv-rmwrap\"><a href=\"https:\/\/ordesasobrarbe.com\/fr\/empresas\/casa-san-martin\/\" class=\"_blank pt-cv-readmore btn btn-success cvprmct  cvplbd\" target=\"_blank\">Leer M\u00e1s<\/a><\/div><\/div><\/div><\/div>\n<div class=\"col-md-4 col-sm-6 col-xs-12 pt-cv-content-item pt-cv-2-col\"  data-pid=\"20232\"><div class='pt-cv-ifield'><a href=\"https:\/\/ordesasobrarbe.com\/fr\/empresas\/switch-drones\/\" class=\"_blank pt-cv-href-thumbnail pt-cv-thumb-left cvplbd\" target=\"_blank\" ><img loading=\"lazy\" decoding=\"async\" width=\"400\" height=\"400\" src=\"https:\/\/ordesasobrarbe.com\/wp-content\/uploads\/2016\/07\/switch_drone_principal-400x362.png\" class=\"pt-cv-thumbnail img-none pull-left skip-lazy \" alt=\"Switch Drones\" data-no-lazy=\"1\" \/><\/a>\n<h4 class=\"pt-cv-title\"><a href=\"https:\/\/ordesasobrarbe.com\/fr\/empresas\/switch-drones\/\" class=\"_blank cvplbd\" target=\"_blank\" >Switch Drones<\/a><\/h4>\n<div class=\"pt-cv-ctf-list\" data-cvc=\"1\"><div class=\"col-md-12 pt-cv-ctf-column\"><div class=\"pt-cv-custom-fields pt-cv-ctf-wpcf-localidad-ubicacion\"><div class=\"pt-cv-ctf-value\">Bolta\u00f1a<\/div><\/div><\/div><\/div>\n<div class=\"pt-cv-content\">Switch Drone somos una red multidisciplinar de profesionales que ofrecemos servicios relacionados con esta tecnolog\u00eda. Ponemos al servicio de particulares ...<br \/><div class=\"pt-cv-rmwrap\"><a href=\"https:\/\/ordesasobrarbe.com\/fr\/empresas\/switch-drones\/\" class=\"_blank pt-cv-readmore btn btn-success cvprmct  cvplbd\" target=\"_blank\">Leer M\u00e1s<\/a><\/div><\/div><\/div><\/div>\n<div class=\"col-md-4 col-sm-6 col-xs-12 pt-cv-content-item pt-cv-2-col\"  data-pid=\"20215\"><div class='pt-cv-ifield'><a href=\"https:\/\/ordesasobrarbe.com\/fr\/empresas\/arquitecta-mary-rose-green\/\" class=\"_blank pt-cv-href-thumbnail pt-cv-thumb-left cvplbd\" target=\"_blank\" ><img loading=\"lazy\" decoding=\"async\" width=\"400\" height=\"400\" src=\"https:\/\/ordesasobrarbe.com\/wp-content\/uploads\/2016\/07\/mary_rose_green_principal-400x400.jpg\" class=\"pt-cv-thumbnail img-none pull-left skip-lazy \" alt=\"Arquitecta Mary Rose Green\" data-no-lazy=\"1\" \/><\/a>\n<h4 class=\"pt-cv-title\"><a href=\"https:\/\/ordesasobrarbe.com\/fr\/empresas\/arquitecta-mary-rose-green\/\" class=\"_blank cvplbd\" target=\"_blank\" >Arquitecta Mary Rose Green<\/a><\/h4>\n<div class=\"pt-cv-ctf-list\" data-cvc=\"1\"><div class=\"col-md-12 pt-cv-ctf-column\"><div class=\"pt-cv-custom-fields pt-cv-ctf-wpcf-localidad-ubicacion\"><div class=\"pt-cv-ctf-value\">Ainsa<\/div><\/div><\/div><\/div>\n<div class=\"pt-cv-content\">bioconstrucci\u00f3n, obra nueva y rehabilitaci\u00f3n ...<br \/><div class=\"pt-cv-rmwrap\"><a href=\"https:\/\/ordesasobrarbe.com\/fr\/empresas\/arquitecta-mary-rose-green\/\" class=\"_blank pt-cv-readmore btn btn-success cvprmct  cvplbd\" target=\"_blank\">Leer M\u00e1s<\/a><\/div><\/div><\/div><\/div>\n<div class=\"col-md-4 col-sm-6 col-xs-12 pt-cv-content-item pt-cv-2-col\"  data-pid=\"20194\"><div class='pt-cv-ifield'><a href=\"https:\/\/ordesasobrarbe.com\/fr\/empresas\/o-chardinet-da-formiga\/\" class=\"_blank pt-cv-href-thumbnail pt-cv-thumb-left cvplbd\" target=\"_blank\" ><img loading=\"lazy\" decoding=\"async\" width=\"400\" height=\"400\" src=\"https:\/\/ordesasobrarbe.com\/wp-content\/uploads\/2017\/03\/ochardinet_principal-400x400.jpg\" class=\"pt-cv-thumbnail img-none pull-left skip-lazy \" alt=\"O Chardinet d&#039;a Formiga\" data-no-lazy=\"1\" \/><\/a>\n<h4 class=\"pt-cv-title\"><a href=\"https:\/\/ordesasobrarbe.com\/fr\/empresas\/o-chardinet-da-formiga\/\" class=\"_blank cvplbd\" target=\"_blank\" >O Chardinet d&rsquo;a Formiga<\/a><\/h4>\n<div class=\"pt-cv-ctf-list\" data-cvc=\"1\"><div class=\"col-md-12 pt-cv-ctf-column\"><div class=\"pt-cv-custom-fields pt-cv-ctf-wpcf-localidad-ubicacion\"><div class=\"pt-cv-ctf-value\">Charo<\/div><\/div><\/div><\/div>\n<div class=\"pt-cv-content\">Casa rural sostenible en el valle de la Fueva ...<br \/><div class=\"pt-cv-rmwrap\"><a href=\"https:\/\/ordesasobrarbe.com\/fr\/empresas\/o-chardinet-da-formiga\/\" class=\"_blank pt-cv-readmore btn btn-success cvprmct  cvplbd\" target=\"_blank\">Leer M\u00e1s<\/a><\/div><\/div><\/div><\/div>\n<div class=\"col-md-4 col-sm-6 col-xs-12 pt-cv-content-item pt-cv-2-col\"  data-pid=\"20243\"><div class='pt-cv-ifield'><a href=\"https:\/\/ordesasobrarbe.com\/fr\/empresas\/cerveza-rondadora\/\" class=\"_blank pt-cv-href-thumbnail pt-cv-thumb-left cvplbd\" target=\"_blank\" ><img loading=\"lazy\" decoding=\"async\" width=\"196\" height=\"260\" src=\"https:\/\/ordesasobrarbe.com\/wp-content\/uploads\/2016\/07\/cerveza-rondadora-principal.png\" class=\"pt-cv-thumbnail img-none pull-left skip-lazy \" alt=\"Cerveza Rondadora\" data-no-lazy=\"1\" \/><\/a>\n<h4 class=\"pt-cv-title\"><a href=\"https:\/\/ordesasobrarbe.com\/fr\/empresas\/cerveza-rondadora\/\" class=\"_blank cvplbd\" target=\"_blank\" >Cerveza Rondadora<\/a><\/h4>\n<div class=\"pt-cv-ctf-list\" data-cvc=\"1\"><div class=\"col-md-12 pt-cv-ctf-column\"><div class=\"pt-cv-custom-fields pt-cv-ctf-wpcf-localidad-ubicacion\"><div class=\"pt-cv-ctf-value\">La Cabezonada<\/div><\/div><\/div><\/div>\n<div class=\"pt-cv-content\">Cerveza Rondadora Blanca es una cerveza de cuatro maltas: TRIGO, PILS, PALE ALE Y CARAPILS, y cuatro l\u00fapulos: CITRA, AMARILLO, ...<br \/><div class=\"pt-cv-rmwrap\"><a href=\"https:\/\/ordesasobrarbe.com\/fr\/empresas\/cerveza-rondadora\/\" class=\"_blank pt-cv-readmore btn btn-success cvprmct  cvplbd\" target=\"_blank\">Leer M\u00e1s<\/a><\/div><\/div><\/div><\/div>\n<div class=\"col-md-4 col-sm-6 col-xs-12 pt-cv-content-item pt-cv-2-col\"  data-pid=\"20260\"><div class='pt-cv-ifield'><a href=\"https:\/\/ordesasobrarbe.com\/fr\/empresas\/casa-fontamil\/\" class=\"_blank pt-cv-href-thumbnail pt-cv-thumb-left cvplbd\" target=\"_blank\" ><img loading=\"lazy\" decoding=\"async\" width=\"400\" height=\"400\" src=\"https:\/\/ordesasobrarbe.com\/wp-content\/uploads\/2015\/08\/casa_fontamil_principal-400x400.jpg\" class=\"pt-cv-thumbnail img-none pull-left skip-lazy \" alt=\"Casa Fontamil\" data-no-lazy=\"1\" \/><\/a>\n<h4 class=\"pt-cv-title\"><a href=\"https:\/\/ordesasobrarbe.com\/fr\/empresas\/casa-fontamil\/\" class=\"_blank cvplbd\" target=\"_blank\" >Casa Fontamil<\/a><\/h4>\n<div class=\"pt-cv-ctf-list\" data-cvc=\"1\"><div class=\"col-md-12 pt-cv-ctf-column\"><div class=\"pt-cv-custom-fields pt-cv-ctf-wpcf-localidad-ubicacion\"><div class=\"pt-cv-ctf-value\">Gista\u00edn<\/div><\/div><\/div><\/div>\n<div class=\"pt-cv-content\">Casa Fontamil es una casa de Turismo Rural. Situada en una pradera sobre el pueblo, con vistas espl\u00e9ndidas, es un ...<br \/><div class=\"pt-cv-rmwrap\"><a href=\"https:\/\/ordesasobrarbe.com\/fr\/empresas\/casa-fontamil\/\" class=\"_blank pt-cv-readmore btn btn-success cvprmct  cvplbd\" target=\"_blank\">Leer M\u00e1s<\/a><\/div><\/div><\/div><\/div>\n<div class=\"col-md-4 col-sm-6 col-xs-12 pt-cv-content-item pt-cv-2-col\"  data-pid=\"20230\"><div class='pt-cv-ifield'><a href=\"https:\/\/ordesasobrarbe.com\/fr\/empresas\/almacen-de-calzado-teresa-mir\/\" class=\"_blank pt-cv-href-thumbnail pt-cv-thumb-left cvplbd\" target=\"_blank\" ><img loading=\"lazy\" decoding=\"async\" width=\"400\" height=\"400\" src=\"https:\/\/ordesasobrarbe.com\/wp-content\/uploads\/2016\/07\/teresa_mir_abril_2015_principal-400x250.jpg\" class=\"pt-cv-thumbnail img-none pull-left skip-lazy \" alt=\"Almac\u00e9n de Calzado Teresa Mir\" data-no-lazy=\"1\" \/><\/a>\n<h4 class=\"pt-cv-title\"><a href=\"https:\/\/ordesasobrarbe.com\/fr\/empresas\/almacen-de-calzado-teresa-mir\/\" class=\"_blank cvplbd\" target=\"_blank\" >Almac\u00e9n de Calzado Teresa Mir<\/a><\/h4>\n<div class=\"pt-cv-ctf-list\" data-cvc=\"1\"><div class=\"col-md-12 pt-cv-ctf-column\"><div class=\"pt-cv-custom-fields pt-cv-ctf-wpcf-localidad-ubicacion\"><div class=\"pt-cv-ctf-value\">Bielsa<\/div><\/div><\/div><\/div>\n<div class=\"pt-cv-content\">Excelente relaci\u00f3n calidad-precio ...<br \/><div class=\"pt-cv-rmwrap\"><a href=\"https:\/\/ordesasobrarbe.com\/fr\/empresas\/almacen-de-calzado-teresa-mir\/\" class=\"_blank pt-cv-readmore btn btn-success cvprmct  cvplbd\" target=\"_blank\">Leer M\u00e1s<\/a><\/div><\/div><\/div><\/div>\n<div class=\"col-md-4 col-sm-6 col-xs-12 pt-cv-content-item pt-cv-2-col\"  data-pid=\"19913\"><div class='pt-cv-ifield'><a href=\"https:\/\/ordesasobrarbe.com\/fr\/empresas\/hotel-turmo\/\" class=\"_blank pt-cv-href-thumbnail pt-cv-thumb-left cvplbd\" target=\"_blank\" ><img loading=\"lazy\" decoding=\"async\" width=\"400\" height=\"400\" src=\"https:\/\/ordesasobrarbe.com\/wp-content\/uploads\/2017\/07\/hotel_turmo_principal-400x400.jpg\" class=\"pt-cv-thumbnail img-none pull-left skip-lazy \" alt=\"Hotel Turmo\" data-no-lazy=\"1\" \/><\/a>\n<h4 class=\"pt-cv-title\"><a href=\"https:\/\/ordesasobrarbe.com\/fr\/empresas\/hotel-turmo\/\" class=\"_blank cvplbd\" target=\"_blank\" >Hotel Turmo<\/a><\/h4>\n<div class=\"pt-cv-ctf-list\" data-cvc=\"1\"><div class=\"col-md-12 pt-cv-ctf-column\"><div class=\"pt-cv-custom-fields pt-cv-ctf-wpcf-localidad-ubicacion\"><div class=\"pt-cv-ctf-value\">Labuerda<\/div><\/div><\/div><\/div>\n<div class=\"pt-cv-content\">De reciente construcci\u00f3n, el Hotel Turmo dispone de 42 habitaciones dobles, algunas con posibilidad de ampliar a triples, amplias y ...<br \/><div class=\"pt-cv-rmwrap\"><a href=\"https:\/\/ordesasobrarbe.com\/fr\/empresas\/hotel-turmo\/\" class=\"_blank pt-cv-readmore btn btn-success cvprmct  cvplbd\" target=\"_blank\">Leer M\u00e1s<\/a><\/div><\/div><\/div><\/div>\n<div class=\"col-md-4 col-sm-6 col-xs-12 pt-cv-content-item pt-cv-2-col\"  data-pid=\"20188\"><div class='pt-cv-ifield'><a href=\"https:\/\/ordesasobrarbe.com\/fr\/empresas\/carniceria-espanol\/\" class=\"_blank pt-cv-href-thumbnail pt-cv-thumb-left cvplbd\" target=\"_blank\" ><img loading=\"lazy\" decoding=\"async\" width=\"400\" height=\"400\" src=\"https:\/\/ordesasobrarbe.com\/wp-content\/uploads\/2017\/07\/carniceria_espanol-principal-400x338.jpg\" class=\"pt-cv-thumbnail img-none pull-left skip-lazy \" alt=\"Carnicer\u00eda Espa\u00f1ol\" data-no-lazy=\"1\" \/><\/a>\n<h4 class=\"pt-cv-title\"><a href=\"https:\/\/ordesasobrarbe.com\/fr\/empresas\/carniceria-espanol\/\" class=\"_blank cvplbd\" target=\"_blank\" >Carnicer\u00eda Espa\u00f1ol<\/a><\/h4>\n<div class=\"pt-cv-ctf-list\" data-cvc=\"1\"><div class=\"col-md-12 pt-cv-ctf-column\"><div class=\"pt-cv-custom-fields pt-cv-ctf-wpcf-localidad-ubicacion\"><div class=\"pt-cv-ctf-value\">Broto<\/div><\/div><\/div><\/div>\n<div class=\"pt-cv-content\">Tu carnicer\u00eda en Broto. productos t\u00edpicos de la zona, embutido de elaboraci\u00f3n propia ...<br \/><div class=\"pt-cv-rmwrap\"><a href=\"https:\/\/ordesasobrarbe.com\/fr\/empresas\/carniceria-espanol\/\" class=\"_blank pt-cv-readmore btn btn-success cvprmct  cvplbd\" target=\"_blank\">Leer M\u00e1s<\/a><\/div><\/div><\/div><\/div>\n<div class=\"col-md-4 col-sm-6 col-xs-12 pt-cv-content-item pt-cv-2-col\"  data-pid=\"20275\"><div class='pt-cv-ifield'><a href=\"https:\/\/ordesasobrarbe.com\/fr\/empresas\/alea-comunicacion\/\" class=\"_blank pt-cv-href-thumbnail pt-cv-thumb-left cvplbd\" target=\"_blank\" ><img loading=\"lazy\" decoding=\"async\" width=\"400\" height=\"400\" src=\"https:\/\/ordesasobrarbe.com\/wp-content\/uploads\/2015\/08\/alea-comunicacion_principal-400x254.jpg\" class=\"pt-cv-thumbnail img-none pull-left skip-lazy \" alt=\"Alea Comunicacion\" data-no-lazy=\"1\" \/><\/a>\n<h4 class=\"pt-cv-title\"><a href=\"https:\/\/ordesasobrarbe.com\/fr\/empresas\/alea-comunicacion\/\" class=\"_blank cvplbd\" target=\"_blank\" >Alea Comunicacion<\/a><\/h4>\n<div class=\"pt-cv-ctf-list\" data-cvc=\"1\"><div class=\"col-md-12 pt-cv-ctf-column\"><div class=\"pt-cv-custom-fields pt-cv-ctf-wpcf-localidad-ubicacion\"><div class=\"pt-cv-ctf-value\">Lafortunada<\/div><\/div><\/div><\/div>\n<div class=\"pt-cv-content\"> ...<br \/><div class=\"pt-cv-rmwrap\"><a href=\"https:\/\/ordesasobrarbe.com\/fr\/empresas\/alea-comunicacion\/\" class=\"_blank pt-cv-readmore btn btn-success cvprmct  cvplbd\" target=\"_blank\">Leer M\u00e1s<\/a><\/div><\/div><\/div><\/div>\n<div class=\"col-md-4 col-sm-6 col-xs-12 pt-cv-content-item pt-cv-2-col\"  data-pid=\"20289\"><div class='pt-cv-ifield'><a href=\"https:\/\/ordesasobrarbe.com\/fr\/empresas\/clinica-dental-herrera-ruiz\/\" class=\"_blank pt-cv-href-thumbnail pt-cv-thumb-left cvplbd\" target=\"_blank\" ><img loading=\"lazy\" decoding=\"async\" width=\"400\" height=\"400\" src=\"https:\/\/ordesasobrarbe.com\/wp-content\/uploads\/2015\/08\/dentista_principal-400x400.jpg\" class=\"pt-cv-thumbnail img-none pull-left skip-lazy \" alt=\"Clinica Dental Herrera Ruiz\" data-no-lazy=\"1\" \/><\/a>\n<h4 class=\"pt-cv-title\"><a href=\"https:\/\/ordesasobrarbe.com\/fr\/empresas\/clinica-dental-herrera-ruiz\/\" class=\"_blank cvplbd\" target=\"_blank\" >Clinica Dental Herrera Ruiz<\/a><\/h4>\n<div class=\"pt-cv-ctf-list\" data-cvc=\"1\"><div class=\"col-md-12 pt-cv-ctf-column\"><div class=\"pt-cv-custom-fields pt-cv-ctf-wpcf-localidad-ubicacion\"><div class=\"pt-cv-ctf-value\">Ainsa<\/div><\/div><\/div><\/div>\n<div class=\"pt-cv-content\"> ...<br \/><div class=\"pt-cv-rmwrap\"><a href=\"https:\/\/ordesasobrarbe.com\/fr\/empresas\/clinica-dental-herrera-ruiz\/\" class=\"_blank pt-cv-readmore btn btn-success cvprmct  cvplbd\" target=\"_blank\">Leer M\u00e1s<\/a><\/div><\/div><\/div><\/div>\n<div class=\"col-md-4 col-sm-6 col-xs-12 pt-cv-content-item pt-cv-2-col\"  data-pid=\"19696\"><div class='pt-cv-ifield'><a href=\"https:\/\/ordesasobrarbe.com\/fr\/empresas\/camping-ainsa\/\" class=\"_blank pt-cv-href-thumbnail pt-cv-thumb-left cvplbd\" target=\"_blank\" ><img loading=\"lazy\" decoding=\"async\" width=\"400\" height=\"400\" src=\"https:\/\/ordesasobrarbe.com\/wp-content\/uploads\/2014\/06\/camping_ainsa_principal-400x400.jpg\" class=\"pt-cv-thumbnail img-none pull-left skip-lazy \" alt=\"Camping Ainsa\" data-no-lazy=\"1\" \/><\/a>\n<h4 class=\"pt-cv-title\"><a href=\"https:\/\/ordesasobrarbe.com\/fr\/empresas\/camping-ainsa\/\" class=\"_blank cvplbd\" target=\"_blank\" >Camping Ainsa<\/a><\/h4>\n<div class=\"pt-cv-ctf-list\" data-cvc=\"1\"><div class=\"col-md-12 pt-cv-ctf-column\"><div class=\"pt-cv-custom-fields pt-cv-ctf-wpcf-localidad-ubicacion\"><div class=\"pt-cv-ctf-value\">Ainsa<\/div><\/div><\/div><\/div>\n<div class=\"pt-cv-content\">Disponemos de una superficie de 50.000m2, en gran parte arbolada. Se distribuye en varias alturas de forma aterrazada, donde usted ...<br \/><div class=\"pt-cv-rmwrap\"><a href=\"https:\/\/ordesasobrarbe.com\/fr\/empresas\/camping-ainsa\/\" class=\"_blank pt-cv-readmore btn btn-success cvprmct  cvplbd\" target=\"_blank\">Leer M\u00e1s<\/a><\/div><\/div><\/div><\/div>\n<div class=\"col-md-4 col-sm-6 col-xs-12 pt-cv-content-item pt-cv-2-col\"  data-pid=\"20270\"><div class='pt-cv-ifield'><a href=\"https:\/\/ordesasobrarbe.com\/fr\/empresas\/asador-avenida\/\" class=\"_blank pt-cv-href-thumbnail pt-cv-thumb-left cvplbd\" target=\"_blank\" ><img loading=\"lazy\" decoding=\"async\" width=\"400\" height=\"400\" src=\"https:\/\/ordesasobrarbe.com\/wp-content\/uploads\/2015\/08\/asador_avenida_principal-400x325.jpg\" class=\"pt-cv-thumbnail img-none pull-left skip-lazy \" alt=\"Asador Avenida\" data-no-lazy=\"1\" \/><\/a>\n<h4 class=\"pt-cv-title\"><a href=\"https:\/\/ordesasobrarbe.com\/fr\/empresas\/asador-avenida\/\" class=\"_blank cvplbd\" target=\"_blank\" >Asador Avenida<\/a><\/h4>\n<div class=\"pt-cv-ctf-list\" data-cvc=\"1\"><div class=\"col-md-12 pt-cv-ctf-column\"><div class=\"pt-cv-custom-fields pt-cv-ctf-wpcf-localidad-ubicacion\"><div class=\"pt-cv-ctf-value\">Bolta\u00f1a<\/div><\/div><\/div><\/div>\n<div class=\"pt-cv-content\">Comida tradicional, men\u00fa, bocadillos, carnes a la brasa Amplia terraza y carpa ...<br \/><div class=\"pt-cv-rmwrap\"><a href=\"https:\/\/ordesasobrarbe.com\/fr\/empresas\/asador-avenida\/\" class=\"_blank pt-cv-readmore btn btn-success cvprmct  cvplbd\" target=\"_blank\">Leer M\u00e1s<\/a><\/div><\/div><\/div><\/div>\n<div class=\"col-md-4 col-sm-6 col-xs-12 pt-cv-content-item pt-cv-2-col\"  data-pid=\"20296\"><div class='pt-cv-ifield'><a href=\"https:\/\/ordesasobrarbe.com\/fr\/empresas\/asociacion-zona-zero\/\" class=\"_blank pt-cv-href-thumbnail pt-cv-thumb-left cvplbd\" target=\"_blank\" ><img loading=\"lazy\" decoding=\"async\" width=\"182\" height=\"182\" src=\"https:\/\/ordesasobrarbe.com\/wp-content\/uploads\/2015\/08\/zona-zero_principal.jpg\" class=\"pt-cv-thumbnail img-none pull-left skip-lazy \" alt=\"Asociaci\u00f3n Zona Zero\" data-no-lazy=\"1\" \/><\/a>\n<h4 class=\"pt-cv-title\"><a href=\"https:\/\/ordesasobrarbe.com\/fr\/empresas\/asociacion-zona-zero\/\" class=\"_blank cvplbd\" target=\"_blank\" >Asociaci\u00f3n Zona Zero<\/a><\/h4>\n<div class=\"pt-cv-ctf-list\" data-cvc=\"1\"><div class=\"col-md-12 pt-cv-ctf-column\"><div class=\"pt-cv-custom-fields pt-cv-ctf-wpcf-localidad-ubicacion\"><div class=\"pt-cv-ctf-value\">Ainsa<\/div><\/div><\/div><\/div>\n<div class=\"pt-cv-content\">Centro BTT de enduro. En 2015 y 2018 Sobrarbe ha acogido el campeonato del mundo Enduro World Series ...<br \/><div class=\"pt-cv-rmwrap\"><a href=\"https:\/\/ordesasobrarbe.com\/fr\/empresas\/asociacion-zona-zero\/\" class=\"_blank pt-cv-readmore btn btn-success cvprmct  cvplbd\" target=\"_blank\">Leer M\u00e1s<\/a><\/div><\/div><\/div><\/div>\n<div class=\"col-md-4 col-sm-6 col-xs-12 pt-cv-content-item pt-cv-2-col\"  data-pid=\"20238\"><div class='pt-cv-ifield'><a href=\"https:\/\/ordesasobrarbe.com\/fr\/empresas\/farmacia-garcia-campo\/\" class=\"_blank pt-cv-href-thumbnail pt-cv-thumb-left cvplbd\" target=\"_blank\" ><img loading=\"lazy\" decoding=\"async\" width=\"400\" height=\"400\" src=\"https:\/\/ordesasobrarbe.com\/wp-content\/uploads\/2016\/07\/farmacia_garcia_campo_principal-400x400.jpg\" class=\"pt-cv-thumbnail img-none pull-left skip-lazy \" alt=\"Farmacia Garc\u00eda Campo\" data-no-lazy=\"1\" \/><\/a>\n<h4 class=\"pt-cv-title\"><a href=\"https:\/\/ordesasobrarbe.com\/fr\/empresas\/farmacia-garcia-campo\/\" class=\"_blank cvplbd\" target=\"_blank\" >Farmacia Garc\u00eda Campo<\/a><\/h4>\n<div class=\"pt-cv-ctf-list\" data-cvc=\"1\"><div class=\"col-md-12 pt-cv-ctf-column\"><div class=\"pt-cv-custom-fields pt-cv-ctf-wpcf-localidad-ubicacion\"><div class=\"pt-cv-ctf-value\">Ainsa<\/div><\/div><\/div><\/div>\n<div class=\"pt-cv-content\">Todo lo que necesites a nivel de farmacia y parafarmacia ...<br \/><div class=\"pt-cv-rmwrap\"><a href=\"https:\/\/ordesasobrarbe.com\/fr\/empresas\/farmacia-garcia-campo\/\" class=\"_blank pt-cv-readmore btn btn-success cvprmct  cvplbd\" target=\"_blank\">Leer M\u00e1s<\/a><\/div><\/div><\/div><\/div><\/div><\/div>\n<div class=\"text-left pt-cv-pagination-wrapper\"><ul class=\"pt-cv-pagination pt-cv-ajax pagination\" data-totalpages=\"3\" data-currentpage=\"1\" data-sid=\"8a796cbzfe\" data-unid=\"\" data-isblock=\"\" data-postid=\"\"><li class=\"active\"><a href=\"#\">1<\/a><\/li>\n\t<li ><a class=\"\" href=\"https:\/\/ordesasobrarbe.com\/fr\/wp-json\/wp\/v2\/pages\/19662\/?_page=2\">2<\/a><\/li>\n\t<li ><a class=\"\" href=\"https:\/\/ordesasobrarbe.com\/fr\/wp-json\/wp\/v2\/pages\/19662\/?_page=3\">3<\/a><\/li>\n\t<li ><a class=\" \" href=\"https:\/\/ordesasobrarbe.com\/fr\/wp-json\/wp\/v2\/pages\/19662\/?_page=2\">&rsaquo;<\/a><\/li>\n\t<\/ul><img loading=\"lazy\" decoding=\"async\" width=\"15\" height=\"15\" class=\"pt-cv-spinner\" alt=\"Chargement\u2026\" src=\"data:image\/gif;base64,R0lGODlhDwAPALMPAMrKygwMDJOTkz09PZWVla+vr3p6euTk5M7OzuXl5TMzMwAAAJmZmWZmZszMzP\/\/\/yH\/C05FVFNDQVBFMi4wAwEAAAAh+QQFCgAPACwAAAAADwAPAAAEQvDJaZaZOIcV8iQK8VRX4iTYoAwZ4iCYoAjZ4RxejhVNoT+mRGP4cyF4Pp0N98sBGIBMEMOotl6YZ3S61Bmbkm4mAgAh+QQFCgAPACwAAAAADQANAAAENPDJSRSZeA418itN8QiK8BiLITVsFiyBBIoYqnoewAD4xPw9iY4XLGYSjkQR4UAUD45DLwIAIfkEBQoADwAsAAAAAA8ACQAABC\/wyVlamTi3nSdgwFNdhEJgTJoNyoB9ISYoQmdjiZPcj7EYCAeCF1gEDo4Dz2eIAAAh+QQFCgAPACwCAAAADQANAAAEM\/DJBxiYeLKdX3IJZT1FU0iIg2RNKx3OkZVnZ98ToRD4MyiDnkAh6BkNC0MvsAj0kMpHBAAh+QQFCgAPACwGAAAACQAPAAAEMDC59KpFDll73HkAA2wVY5KgiK5b0RRoI6MuzG6EQqCDMlSGheEhUAgqgUUAFRySIgAh+QQFCgAPACwCAAIADQANAAAEM\/DJKZNLND\/kkKaHc3xk+QAMYDKsiaqmZCxGVjSFFCxB1vwy2oOgIDxuucxAMTAJFAJNBAAh+QQFCgAPACwAAAYADwAJAAAEMNAs86q1yaWwwv2Ig0jUZx3OYa4XoRAfwADXoAwfo1+CIjyFRuEho60aSNYlOPxEAAAh+QQFCgAPACwAAAIADQANAAAENPA9s4y8+IUVcqaWJ4qEQozSoAzoIyhCK2NFU2SJk0hNnyEOhKR2AzAAj4Pj4GE4W0bkJQIAOw==\" \/><div class=\"clear pt-cv-clear-pagination\"><\/div><\/div><\/div>\t\t\t<style type=\"text\/css\" id=\"pt-cv-inline-style-1f31fd7qeg\">#pt-cv-view-8a796cbzfe .pt-cv-title a, #pt-cv-view-8a796cbzfe  .panel-title { font-weight: 600 !important; display: block !important; text-align: center !important; clear: both !important; }\n#pt-cv-view-8a796cbzfe  .pt-cv-title a:hover, #pt-cv-view-8a796cbzfe  .panel-title:hover   { display: block !important; text-align: center !important; clear: both !important; }\n#pt-cv-view-8a796cbzfe .pt-cv-content , #pt-cv-view-8a796cbzfe  .pt-cv-content *:not(.pt-cv-readmore):not(style):not(script) { display: block !important; text-align: center !important; clear: both !important; }\n#pt-cv-view-8a796cbzfe .pt-cv-custom-fields * { margin-left: auto !important; margin-right: auto !important; display: block !important; text-align: center !important; clear: both !important; }\n#pt-cv-view-8a796cbzfe .pt-cv-readmore  { color: #ffffff !important; background-color: #00aeef !important; margin-left: auto !important; margin-right: auto !important; float: none !important; display: table !important; text-align: center !important; clear: both !important; }\n#pt-cv-view-8a796cbzfe .pt-cv-readmore:hover  { color: #ffffff !important; background-color: #00aeef !important; margin-left: auto !important; margin-right: auto !important; float: none !important; display: table !important; text-align: center !important; clear: both !important; }\n#pt-cv-view-8a796cbzfe  + .pt-cv-pagination-wrapper .pt-cv-more , #pt-cv-view-8a796cbzfe  + .pt-cv-pagination-wrapper .pagination .active a, .pt-cv-pagination[data-sid='8a796cbzfe'] .active a { color: #ffffff !important; background-color: #00aeef !important; }<\/style>\r\n\t\t\t<\/p>\n<p>[\/et_pb_text][\/et_pb_column][\/et_pb_row][\/et_pb_section]<\/p>\n","protected":false},"excerpt":{"rendered":"<p><div class=\"et_pb_row et_pb_row_0 et_pb_row_empty\">\n\t\t\t\t\n\t\t\t\t\n\t\t\t\t\n\t\t\t\t\n\t\t\t\t\n\t\t\t<\/div> {!{wpv-view name=&rsquo;servicios&rsquo;}!} <div class=\"pt-cv-wrapper et_smooth_scroll_disabled\"><div class=\"cvp-live-filter cvp-dropdown \" id=\"\" data-name=\"tx_tiposempresas\" data-sid=\"8a796cbzfe\" data-isblock=\"\" data-postid=\"\"><label class=\"cvp-label\">Tipo de Empresa<\/label><select name=\"tx_tiposempresas\"><option value=\"\">All<\/option><option value=\"servicios\" >MAS SERVICIOS<span class=\"cvp-count\"> (7)<\/span><\/option><option value=\"alojamientos\" >ALOJAMIENTOS<span class=\"cvp-count\"> (31)<\/span><\/option><option value=\"comercio\" >COMPRAS Y COMERCIOS<span class=\"cvp-count\"> (8)<\/span><\/option><option value=\"desplazamiento\" >AUTOCARES Y TAXIS<span class=\"cvp-count\"> (2)<\/span><\/option><option value=\"ocio\" >DEPORTES Y ECOTURISMO<span class=\"cvp-count\"> (4)<\/span><\/option><option value=\"restauracion\" >RESTAURANTES<span class=\"cvp-count\"> (5)<\/span><\/option><option value=\"tomar-algo\" >BARES PUBS CERVECERIAS<span class=\"cvp-count\"> (1)<\/span><\/option><\/select><\/div><div class=\"cvp-live-filter cvp-dropdown \" id=\"\" data-name=\"tx_zona-sobrarbe\" data-sid=\"8a796cbzfe\" data-isblock=\"\" data-postid=\"\"><label class=\"cvp-label\">Zona<\/label><select name=\"tx_zona-sobrarbe\"><option value=\"\">All<\/option><option value=\"zona-ainsa\" >Zona Ainsa<span class=\"cvp-count\"> (17)<\/span><\/option><option value=\"zona-bajo-penas\" >Zona Bajo Pe\u00f1as<span class=\"cvp-count\"> (1)<\/span><\/option><option value=\"zona-biello-sobrarbe\" >Zona Biello Sobrarbe<span class=\"cvp-count\"> (2)<\/span><\/option><option value=\"zona-bielsa\" >Zona Bielsa<span class=\"cvp-count\"> (5)<\/span><\/option><option value=\"zona-boltana\" >Zona Bolta\u00f1a<span class=\"cvp-count\"> (5)<\/span><\/option><option value=\"zona-broto-torla\" >Zona Broto \/ Torla<span class=\"cvp-count\"> (9)<\/span><\/option><option value=\"zona-fiscal\" >Zona Fiscal<span class=\"cvp-count\"> (1)<\/span><\/option><option value=\"zona-la-fueva\" >Zona La Fueva<span class=\"cvp-count\"> (4)<\/span><\/option><option value=\"zona-valle-de-chistau\" >Zona Valle de Chistau<span class=\"cvp-count\"> (4)<\/span><\/option><option value=\"zona-valle-del-cinca\" >Zona Valle del Cinca<span class=\"cvp-count\"> (9)<\/span><\/option><\/select><\/div><div class=\"pt-cv-view pt-cv-grid pt-cv-colsys pt-cv-same-height cvp-lfres pt-cv-alternate-right\" id=\"pt-cv-view-8a796cbzfe\"><div data-id=\"pt-cv-page-1\" class=\"pt-cv-page\" data-cvc=\"3\" data-cvct=\"2\" data-cvcm=\"1\"><div class=\"col-md-4 col-sm-6 col-xs-12 pt-cv-content-item pt-cv-2-col\"  data-pid=\"20243\"><div class='pt-cv-ifield'><a href=\"https:\/\/ordesasobrarbe.com\/fr\/empresas\/cerveza-rondadora\/\" class=\"_blank pt-cv-href-thumbnail pt-cv-thumb-left cvplbd\" target=\"_blank\" ><img loading=\"lazy\" width=\"196\" height=\"260\" src=\"https:\/\/ordesasobrarbe.com\/wp-content\/uploads\/2016\/07\/cerveza-rondadora-principal.png\" class=\"pt-cv-thumbnail img-none pull-left skip-lazy \" alt=\"Cerveza Rondadora\" decoding=\"async\" data-no-lazy=\"1\" \/><\/a>\n<h4 class=\"pt-cv-title\"><a href=\"https:\/\/ordesasobrarbe.com\/fr\/empresas\/cerveza-rondadora\/\" class=\"_blank cvplbd\" target=\"_blank\" >Cerveza Rondadora<\/a><\/h4>\n<div class=\"pt-cv-ctf-list\" data-cvc=\"1\"><div class=\"col-md-12 pt-cv-ctf-column\"><div class=\"pt-cv-custom-fields pt-cv-ctf-wpcf-localidad-ubicacion\"><div class=\"pt-cv-ctf-value\">La Cabezonada<\/div><\/div><\/div><\/div>\n<div class=\"pt-cv-content\">Cerveza Rondadora Blanca es una cerveza de cuatro maltas: TRIGO, PILS, PALE ALE Y CARAPILS, y cuatro l\u00fapulos: CITRA, AMARILLO, ...<br \/><div class=\"pt-cv-rmwrap\"><a href=\"https:\/\/ordesasobrarbe.com\/fr\/empresas\/cerveza-rondadora\/\" class=\"_blank pt-cv-readmore btn btn-success cvprmct  cvplbd\" target=\"_blank\">Leer M\u00e1s<\/a><\/div><\/div><\/div><\/div>\n<div class=\"col-md-4 col-sm-6 col-xs-12 pt-cv-content-item pt-cv-2-col\"  data-pid=\"20210\"><div class='pt-cv-ifield'><a href=\"https:\/\/ordesasobrarbe.com\/fr\/empresas\/casa-allue\/\" class=\"_blank pt-cv-href-thumbnail pt-cv-thumb-left cvplbd\" target=\"_blank\" ><img loading=\"lazy\" width=\"400\" height=\"400\" src=\"https:\/\/ordesasobrarbe.com\/wp-content\/uploads\/2015\/08\/templatefotosobrarbe-400x400.jpg\" class=\"pt-cv-thumbnail img-none pull-left skip-lazy \" alt=\"Casa Allu\u00e9\" decoding=\"async\" data-no-lazy=\"1\" \/><\/a>\n<h4 class=\"pt-cv-title\"><a href=\"https:\/\/ordesasobrarbe.com\/fr\/empresas\/casa-allue\/\" class=\"_blank cvplbd\" target=\"_blank\" >Casa Allu\u00e9<\/a><\/h4>\n<div class=\"pt-cv-ctf-list\" data-cvc=\"1\"><div class=\"col-md-12 pt-cv-ctf-column\"><div class=\"pt-cv-custom-fields pt-cv-ctf-wpcf-localidad-ubicacion\"><div class=\"pt-cv-ctf-value\">Albella<\/div><\/div><\/div><\/div>\n<div class=\"pt-cv-content\">Casa de turismo rural ubicada en Albella, cerca de Fiscal, en el valle del Ara ...<br \/><div class=\"pt-cv-rmwrap\"><a href=\"https:\/\/ordesasobrarbe.com\/fr\/empresas\/casa-allue\/\" class=\"_blank pt-cv-readmore btn btn-success cvprmct  cvplbd\" target=\"_blank\">Leer M\u00e1s<\/a><\/div><\/div><\/div><\/div>\n<div class=\"col-md-4 col-sm-6 col-xs-12 pt-cv-content-item pt-cv-2-col\"  data-pid=\"20196\"><div class='pt-cv-ifield'><a href=\"https:\/\/ordesasobrarbe.com\/fr\/empresas\/piritec\/\" class=\"_blank pt-cv-href-thumbnail pt-cv-thumb-left cvplbd\" target=\"_blank\" ><img loading=\"lazy\" width=\"350\" height=\"233\" src=\"https:\/\/ordesasobrarbe.com\/wp-content\/uploads\/2017\/03\/piritec_principal.jpg\" class=\"pt-cv-thumbnail img-none pull-left skip-lazy \" alt=\"Piritec\" decoding=\"async\" data-no-lazy=\"1\" \/><\/a>\n<h4 class=\"pt-cv-title\"><a href=\"https:\/\/ordesasobrarbe.com\/fr\/empresas\/piritec\/\" class=\"_blank cvplbd\" target=\"_blank\" >Piritec<\/a><\/h4>\n<div class=\"pt-cv-ctf-list\" data-cvc=\"1\"><div class=\"col-md-12 pt-cv-ctf-column\"><div class=\"pt-cv-custom-fields pt-cv-ctf-wpcf-localidad-ubicacion\"><div class=\"pt-cv-ctf-value\">Ainsa<\/div><\/div><\/div><\/div>\n<div class=\"pt-cv-content\">Telecomunicaciones, inform\u00e1tica,\u00a0 servicio mantenimiento e instalaci\u00f3n EMBOU ...<br \/><div class=\"pt-cv-rmwrap\"><a href=\"https:\/\/ordesasobrarbe.com\/fr\/empresas\/piritec\/\" class=\"_blank pt-cv-readmore btn btn-success cvprmct  cvplbd\" target=\"_blank\">Leer M\u00e1s<\/a><\/div><\/div><\/div><\/div>\n<div class=\"col-md-4 col-sm-6 col-xs-12 pt-cv-content-item pt-cv-2-col\"  data-pid=\"20249\"><div class='pt-cv-ifield'><a href=\"https:\/\/ordesasobrarbe.com\/fr\/empresas\/hotel-gabarre\/\" class=\"_blank pt-cv-href-thumbnail pt-cv-thumb-left cvplbd\" target=\"_blank\" ><img loading=\"lazy\" width=\"299\" height=\"399\" src=\"https:\/\/ordesasobrarbe.com\/wp-content\/uploads\/2015\/08\/hotel-gabarre_principal.jpg\" class=\"pt-cv-thumbnail img-none pull-left skip-lazy \" alt=\"Hotel Gabarre\" decoding=\"async\" data-no-lazy=\"1\" \/><\/a>\n<h4 class=\"pt-cv-title\"><a href=\"https:\/\/ordesasobrarbe.com\/fr\/empresas\/hotel-gabarre\/\" class=\"_blank cvplbd\" target=\"_blank\" >Hotel Gabarre<\/a><\/h4>\n<div class=\"pt-cv-ctf-list\" data-cvc=\"1\"><div class=\"col-md-12 pt-cv-ctf-column\"><div class=\"pt-cv-custom-fields pt-cv-ctf-wpcf-localidad-ubicacion\"><div class=\"pt-cv-ctf-value\">Broto<\/div><\/div><\/div><\/div>\n<div class=\"pt-cv-content\">El Hotel Gabarre est\u00e1 situado en Broto, peque\u00f1a localidad de Huesca, en el Pirineo Central. Por su situaci\u00f3n, es un ...<br \/><div class=\"pt-cv-rmwrap\"><a href=\"https:\/\/ordesasobrarbe.com\/fr\/empresas\/hotel-gabarre\/\" class=\"_blank pt-cv-readmore btn btn-success cvprmct  cvplbd\" target=\"_blank\">Leer M\u00e1s<\/a><\/div><\/div><\/div><\/div>\n<div class=\"col-md-4 col-sm-6 col-xs-12 pt-cv-content-item pt-cv-2-col\"  data-pid=\"19909\"><div class='pt-cv-ifield'><a href=\"https:\/\/ordesasobrarbe.com\/fr\/empresas\/camping-los-vives\/\" class=\"_blank pt-cv-href-thumbnail pt-cv-thumb-left cvplbd\" target=\"_blank\" ><img loading=\"lazy\" width=\"400\" height=\"400\" src=\"https:\/\/ordesasobrarbe.com\/wp-content\/uploads\/2017\/08\/los_vives_principal-400x400.jpg\" class=\"pt-cv-thumbnail img-none pull-left skip-lazy \" alt=\"Camping los Vives\" decoding=\"async\" data-no-lazy=\"1\" \/><\/a>\n<h4 class=\"pt-cv-title\"><a href=\"https:\/\/ordesasobrarbe.com\/fr\/empresas\/camping-los-vives\/\" class=\"_blank cvplbd\" target=\"_blank\" >Camping los Vives<\/a><\/h4>\n<div class=\"pt-cv-ctf-list\" data-cvc=\"1\"><div class=\"col-md-12 pt-cv-ctf-column\"><div class=\"pt-cv-custom-fields pt-cv-ctf-wpcf-localidad-ubicacion\"><div class=\"pt-cv-ctf-value\">Saravillo<\/div><\/div><\/div><\/div>\n<div class=\"pt-cv-content\">\"LOS VIVES\" es un amplio paraje capaz de acoger un buen n\u00famero de amigos y dotado con los mejores servicios ...<br \/><div class=\"pt-cv-rmwrap\"><a href=\"https:\/\/ordesasobrarbe.com\/fr\/empresas\/camping-los-vives\/\" class=\"_blank pt-cv-readmore btn btn-success cvprmct  cvplbd\" target=\"_blank\">Leer M\u00e1s<\/a><\/div><\/div><\/div><\/div>\n<div class=\"col-md-4 col-sm-6 col-xs-12 pt-cv-content-item pt-cv-2-col\"  data-pid=\"19892\"><div class='pt-cv-ifield'><a href=\"https:\/\/ordesasobrarbe.com\/fr\/empresas\/casa-vispe\/\" class=\"_blank pt-cv-href-thumbnail pt-cv-thumb-left cvplbd\" target=\"_blank\" ><img loading=\"lazy\" width=\"400\" height=\"400\" src=\"https:\/\/ordesasobrarbe.com\/wp-content\/uploads\/2018\/02\/casa_vispe_principal-400x400.jpg\" class=\"pt-cv-thumbnail img-none pull-left skip-lazy \" alt=\"Casa Vispe\" decoding=\"async\" data-no-lazy=\"1\" \/><\/a>\n<h4 class=\"pt-cv-title\"><a href=\"https:\/\/ordesasobrarbe.com\/fr\/empresas\/casa-vispe\/\" class=\"_blank cvplbd\" target=\"_blank\" >Casa Vispe<\/a><\/h4>\n<div class=\"pt-cv-ctf-list\" data-cvc=\"1\"><div class=\"col-md-12 pt-cv-ctf-column\"><div class=\"pt-cv-custom-fields pt-cv-ctf-wpcf-localidad-ubicacion\"><div class=\"pt-cv-ctf-value\">Escalona<\/div><\/div><\/div><\/div>\n<div class=\"pt-cv-content\">Hostal familiar en Escalona. Nuestra comida casera te conquistara y nuestras instalaciones est\u00e1n reci\u00e9n reformadas. Ven a Sobrarbe, no te ...<br \/><div class=\"pt-cv-rmwrap\"><a href=\"https:\/\/ordesasobrarbe.com\/fr\/empresas\/casa-vispe\/\" class=\"_blank pt-cv-readmore btn btn-success cvprmct  cvplbd\" target=\"_blank\">Leer M\u00e1s<\/a><\/div><\/div><\/div><\/div>\n<div class=\"col-md-4 col-sm-6 col-xs-12 pt-cv-content-item pt-cv-2-col\"  data-pid=\"20155\"><div class='pt-cv-ifield'><a href=\"https:\/\/ordesasobrarbe.com\/fr\/empresas\/carniceria-carnisima\/\" class=\"_blank pt-cv-href-thumbnail pt-cv-thumb-left cvplbd\" target=\"_blank\" ><img loading=\"lazy\" width=\"400\" height=\"400\" src=\"https:\/\/ordesasobrarbe.com\/wp-content\/uploads\/2019\/03\/CARNISIMA-400x400.jpg\" class=\"pt-cv-thumbnail img-none pull-left skip-lazy \" alt=\"Carnicer\u00eda carn\u00edsima\" decoding=\"async\" data-no-lazy=\"1\" \/><\/a>\n<h4 class=\"pt-cv-title\"><a href=\"https:\/\/ordesasobrarbe.com\/fr\/empresas\/carniceria-carnisima\/\" class=\"_blank cvplbd\" target=\"_blank\" >Carnicer\u00eda carn\u00edsima<\/a><\/h4>\n<div class=\"pt-cv-ctf-list\" data-cvc=\"1\"><div class=\"col-md-12 pt-cv-ctf-column\"><div class=\"pt-cv-custom-fields pt-cv-ctf-wpcf-localidad-ubicacion\"><div class=\"pt-cv-ctf-value\">Ainsa<\/div><\/div><\/div><\/div>\n<div class=\"pt-cv-content\">Viande bio et de proximit\u00e9 Etablissement membre du r\u00e9seau de la carte de fid\u00e9lisation \"Vivo Sobrarbe\" ...<br \/><div class=\"pt-cv-rmwrap\"><a href=\"https:\/\/ordesasobrarbe.com\/fr\/empresas\/carniceria-carnisima\/\" class=\"_blank pt-cv-readmore btn btn-success cvprmct  cvplbd\" target=\"_blank\">Leer M\u00e1s<\/a><\/div><\/div><\/div><\/div>\n<div class=\"col-md-4 col-sm-6 col-xs-12 pt-cv-content-item pt-cv-2-col\"  data-pid=\"20230\"><div class='pt-cv-ifield'><a href=\"https:\/\/ordesasobrarbe.com\/fr\/empresas\/almacen-de-calzado-teresa-mir\/\" class=\"_blank pt-cv-href-thumbnail pt-cv-thumb-left cvplbd\" target=\"_blank\" ><img loading=\"lazy\" width=\"400\" height=\"400\" src=\"https:\/\/ordesasobrarbe.com\/wp-content\/uploads\/2016\/07\/teresa_mir_abril_2015_principal-400x250.jpg\" class=\"pt-cv-thumbnail img-none pull-left skip-lazy \" alt=\"Almac\u00e9n de Calzado Teresa Mir\" decoding=\"async\" data-no-lazy=\"1\" \/><\/a>\n<h4 class=\"pt-cv-title\"><a href=\"https:\/\/ordesasobrarbe.com\/fr\/empresas\/almacen-de-calzado-teresa-mir\/\" class=\"_blank cvplbd\" target=\"_blank\" >Almac\u00e9n de Calzado Teresa Mir<\/a><\/h4>\n<div class=\"pt-cv-ctf-list\" data-cvc=\"1\"><div class=\"col-md-12 pt-cv-ctf-column\"><div class=\"pt-cv-custom-fields pt-cv-ctf-wpcf-localidad-ubicacion\"><div class=\"pt-cv-ctf-value\">Bielsa<\/div><\/div><\/div><\/div>\n<div class=\"pt-cv-content\">Excelente relaci\u00f3n calidad-precio ...<br \/><div class=\"pt-cv-rmwrap\"><a href=\"https:\/\/ordesasobrarbe.com\/fr\/empresas\/almacen-de-calzado-teresa-mir\/\" class=\"_blank pt-cv-readmore btn btn-success cvprmct  cvplbd\" target=\"_blank\">Leer M\u00e1s<\/a><\/div><\/div><\/div><\/div>\n<div class=\"col-md-4 col-sm-6 col-xs-12 pt-cv-content-item pt-cv-2-col\"  data-pid=\"20217\"><div class='pt-cv-ifield'><a href=\"https:\/\/ordesasobrarbe.com\/fr\/empresas\/casa-ruben\/\" class=\"_blank pt-cv-href-thumbnail pt-cv-thumb-left cvplbd\" target=\"_blank\" ><img loading=\"lazy\" width=\"400\" height=\"400\" src=\"https:\/\/ordesasobrarbe.com\/wp-content\/uploads\/2016\/07\/casa_ruben_principal-400x400.jpg\" class=\"pt-cv-thumbnail img-none pull-left skip-lazy \" alt=\"Casa Rub\u00e9n\" decoding=\"async\" data-no-lazy=\"1\" \/><\/a>\n<h4 class=\"pt-cv-title\"><a href=\"https:\/\/ordesasobrarbe.com\/fr\/empresas\/casa-ruben\/\" class=\"_blank cvplbd\" target=\"_blank\" >Casa Rub\u00e9n<\/a><\/h4>\n<div class=\"pt-cv-ctf-list\" data-cvc=\"1\"><div class=\"col-md-12 pt-cv-ctf-column\"><div class=\"pt-cv-custom-fields pt-cv-ctf-wpcf-localidad-ubicacion\"><div class=\"pt-cv-ctf-value\">Hospital de Tella<\/div><\/div><\/div><\/div>\n<div class=\"pt-cv-content\">Asador en Hospital de Tella, a orillas del R\u00edo Cinca. Antiguamente Casa Quino, ahora se llama Casa Rub\u00e9n al retomar ...<br \/><div class=\"pt-cv-rmwrap\"><a href=\"https:\/\/ordesasobrarbe.com\/fr\/empresas\/casa-ruben\/\" class=\"_blank pt-cv-readmore btn btn-success cvprmct  cvplbd\" target=\"_blank\">Leer M\u00e1s<\/a><\/div><\/div><\/div><\/div>\n<div class=\"col-md-4 col-sm-6 col-xs-12 pt-cv-content-item pt-cv-2-col\"  data-pid=\"21638\"><div class='pt-cv-ifield'><a href=\"https:\/\/ordesasobrarbe.com\/fr\/empresas\/giro-libre-escuela-de-vuelo\/\" class=\"_blank pt-cv-href-thumbnail pt-cv-thumb-left cvplbd\" target=\"_blank\" ><img loading=\"lazy\" width=\"400\" height=\"400\" src=\"https:\/\/ordesasobrarbe.com\/wp-content\/uploads\/2014\/06\/girolibre_principal-400x400.jpg\" class=\"pt-cv-thumbnail img-none pull-left skip-lazy \" alt=\"Giro Libre Ecole de vol\" decoding=\"async\" data-no-lazy=\"1\" \/><\/a>\n<h4 class=\"pt-cv-title\"><a href=\"https:\/\/ordesasobrarbe.com\/fr\/empresas\/giro-libre-escuela-de-vuelo\/\" class=\"_blank cvplbd\" target=\"_blank\" >Giro Libre Ecole de vol<\/a><\/h4>\n<div class=\"pt-cv-ctf-list\" data-cvc=\"1\"><div class=\"col-md-12 pt-cv-ctf-column\"><div class=\"pt-cv-custom-fields pt-cv-ctf-wpcf-localidad-ubicacion\"><div class=\"pt-cv-ctf-value\">Coscojuela de Sobrarbe<\/div><\/div><\/div><\/div>\n<div class=\"pt-cv-content\">Devenez pilote pour un jour. Nous vous proposons une exp\u00e9rience inoubliable dont vous vous souviendrez toute votre vie ...<br \/><div class=\"pt-cv-rmwrap\"><a href=\"https:\/\/ordesasobrarbe.com\/fr\/empresas\/giro-libre-escuela-de-vuelo\/\" class=\"_blank pt-cv-readmore btn btn-success cvprmct  cvplbd\" target=\"_blank\">Leer M\u00e1s<\/a><\/div><\/div><\/div><\/div>\n<div class=\"col-md-4 col-sm-6 col-xs-12 pt-cv-content-item pt-cv-2-col\"  data-pid=\"19875\"><div class='pt-cv-ifield'><a href=\"https:\/\/ordesasobrarbe.com\/fr\/empresas\/camping-valle-de-bujaruelo\/\" class=\"_blank pt-cv-href-thumbnail pt-cv-thumb-left cvplbd\" target=\"_blank\" ><img loading=\"lazy\" width=\"400\" height=\"400\" src=\"https:\/\/ordesasobrarbe.com\/wp-content\/uploads\/2018\/07\/camping_valle_de_bujaruelo_principal-400x400.jpg\" class=\"pt-cv-thumbnail img-none pull-left skip-lazy \" alt=\"Camping Valle de Bujaruelo\" decoding=\"async\" data-no-lazy=\"1\" \/><\/a>\n<h4 class=\"pt-cv-title\"><a href=\"https:\/\/ordesasobrarbe.com\/fr\/empresas\/camping-valle-de-bujaruelo\/\" class=\"_blank cvplbd\" target=\"_blank\" >Camping Valle de Bujaruelo<\/a><\/h4>\n<div class=\"pt-cv-ctf-list\" data-cvc=\"1\"><div class=\"col-md-12 pt-cv-ctf-column\"><div class=\"pt-cv-custom-fields pt-cv-ctf-wpcf-localidad-ubicacion\"><div class=\"pt-cv-ctf-value\">Torla Ordesa<\/div><\/div><\/div><\/div>\n<div class=\"pt-cv-content\">El Camping Valle de Bujaruelo, fue considerado por la Federaci\u00f3n Espa\u00f1ola de Campings, como uno de los 3 campings con ...<br \/><div class=\"pt-cv-rmwrap\"><a href=\"https:\/\/ordesasobrarbe.com\/fr\/empresas\/camping-valle-de-bujaruelo\/\" class=\"_blank pt-cv-readmore btn btn-success cvprmct  cvplbd\" target=\"_blank\">Leer M\u00e1s<\/a><\/div><\/div><\/div><\/div>\n<div class=\"col-md-4 col-sm-6 col-xs-12 pt-cv-content-item pt-cv-2-col\"  data-pid=\"20186\"><div class='pt-cv-ifield'><a href=\"https:\/\/ordesasobrarbe.com\/fr\/empresas\/supermercado-y-carniceria-pintado\/\" class=\"_blank pt-cv-href-thumbnail pt-cv-thumb-left cvplbd\" target=\"_blank\" ><img loading=\"lazy\" width=\"400\" height=\"400\" src=\"https:\/\/ordesasobrarbe.com\/wp-content\/uploads\/2017\/07\/carniceriapintado-400x272.png\" class=\"pt-cv-thumbnail img-none pull-left skip-lazy \" alt=\"Supermercado y carnicer\u00eda Pintado\" decoding=\"async\" data-no-lazy=\"1\" \/><\/a>\n<h4 class=\"pt-cv-title\"><a href=\"https:\/\/ordesasobrarbe.com\/fr\/empresas\/supermercado-y-carniceria-pintado\/\" class=\"_blank cvplbd\" target=\"_blank\" >Supermercado y carnicer\u00eda Pintado<\/a><\/h4>\n<div class=\"pt-cv-ctf-list\" data-cvc=\"1\"><div class=\"col-md-12 pt-cv-ctf-column\"><div class=\"pt-cv-custom-fields pt-cv-ctf-wpcf-localidad-ubicacion\"><div class=\"pt-cv-ctf-value\">Broto<\/div><\/div><\/div><\/div>\n<div class=\"pt-cv-content\">En una carnicer\u00eda no puede faltar la secci\u00f3n de charcuter\u00eda y en la nuestra tampoco, disponemos de una selecci\u00f3n de ...<br \/><div class=\"pt-cv-rmwrap\"><a href=\"https:\/\/ordesasobrarbe.com\/fr\/empresas\/supermercado-y-carniceria-pintado\/\" class=\"_blank pt-cv-readmore btn btn-success cvprmct  cvplbd\" target=\"_blank\">Leer M\u00e1s<\/a><\/div><\/div><\/div><\/div>\n<div class=\"col-md-4 col-sm-6 col-xs-12 pt-cv-content-item pt-cv-2-col\"  data-pid=\"20305\"><div class='pt-cv-ifield'><a href=\"https:\/\/ordesasobrarbe.com\/fr\/empresas\/casas-rurales-o-molin-de-lirues-y-a-ceresera\/\" class=\"_blank pt-cv-href-thumbnail pt-cv-thumb-left cvplbd\" target=\"_blank\" ><img loading=\"lazy\" width=\"400\" height=\"400\" src=\"https:\/\/ordesasobrarbe.com\/wp-content\/uploads\/2015\/08\/o_molin_de_lirues_principal-400x400.jpg\" class=\"pt-cv-thumbnail img-none pull-left skip-lazy \" alt=\"Casas rurales O molin de l&#039;Irues y A ceresera\" decoding=\"async\" data-no-lazy=\"1\" \/><\/a>\n<h4 class=\"pt-cv-title\"><a href=\"https:\/\/ordesasobrarbe.com\/fr\/empresas\/casas-rurales-o-molin-de-lirues-y-a-ceresera\/\" class=\"_blank cvplbd\" target=\"_blank\" >Casas rurales O molin de l&rsquo;Irues y A ceresera<\/a><\/h4>\n<div class=\"pt-cv-ctf-list\" data-cvc=\"1\"><div class=\"col-md-12 pt-cv-ctf-column\"><div class=\"pt-cv-custom-fields pt-cv-ctf-wpcf-localidad-ubicacion\"><div class=\"pt-cv-ctf-value\">Bada\u00edn<\/div><\/div><\/div><\/div>\n<div class=\"pt-cv-content\">O Molin de l'Irues y A Ceresera : dos magn\u00edficas casas rurales en Bada\u00edn, un lugar muy tranquilo del Sobrarbe ...<br \/><div class=\"pt-cv-rmwrap\"><a href=\"https:\/\/ordesasobrarbe.com\/fr\/empresas\/casas-rurales-o-molin-de-lirues-y-a-ceresera\/\" class=\"_blank pt-cv-readmore btn btn-success cvprmct  cvplbd\" target=\"_blank\">Leer M\u00e1s<\/a><\/div><\/div><\/div><\/div>\n<div class=\"col-md-4 col-sm-6 col-xs-12 pt-cv-content-item pt-cv-2-col\"  data-pid=\"20291\"><div class='pt-cv-ifield'><a href=\"https:\/\/ordesasobrarbe.com\/fr\/empresas\/nomadas-del-pirineo\/\" class=\"_blank pt-cv-href-thumbnail pt-cv-thumb-left cvplbd\" target=\"_blank\" ><img loading=\"lazy\" width=\"400\" height=\"400\" src=\"https:\/\/ordesasobrarbe.com\/wp-content\/uploads\/2015\/08\/nomadas_pirineo_principal-400x400.jpg\" class=\"pt-cv-thumbnail img-none pull-left skip-lazy \" alt=\"Nomadas del Pirineo\" decoding=\"async\" data-no-lazy=\"1\" \/><\/a>\n<h4 class=\"pt-cv-title\"><a href=\"https:\/\/ordesasobrarbe.com\/fr\/empresas\/nomadas-del-pirineo\/\" class=\"_blank cvplbd\" target=\"_blank\" >Nomadas del Pirineo<\/a><\/h4>\n<div class=\"pt-cv-ctf-list\" data-cvc=\"1\"><div class=\"col-md-12 pt-cv-ctf-column\"><div class=\"pt-cv-custom-fields pt-cv-ctf-wpcf-localidad-ubicacion\"><div class=\"pt-cv-ctf-value\">Escalona<\/div><\/div><\/div><\/div>\n<div class=\"pt-cv-content\">Situados en los Pirineos, te ofrecemos multitud de actividades de aventura como: barranquismo, v\u00edas ferratas, multiaventura o rafting. Tambi\u00e9n disponemos ...<br \/><div class=\"pt-cv-rmwrap\"><a href=\"https:\/\/ordesasobrarbe.com\/fr\/empresas\/nomadas-del-pirineo\/\" class=\"_blank pt-cv-readmore btn btn-success cvprmct  cvplbd\" target=\"_blank\">Leer M\u00e1s<\/a><\/div><\/div><\/div><\/div>\n<div class=\"col-md-4 col-sm-6 col-xs-12 pt-cv-content-item pt-cv-2-col\"  data-pid=\"20168\"><div class='pt-cv-ifield'><a href=\"https:\/\/ordesasobrarbe.com\/fr\/empresas\/camping-la-gorga\/\" class=\"_blank pt-cv-href-thumbnail pt-cv-thumb-left cvplbd\" target=\"_blank\" ><img loading=\"lazy\" width=\"400\" height=\"400\" src=\"https:\/\/ordesasobrarbe.com\/wp-content\/uploads\/2015\/08\/camping_lagorga_principal-400x360.jpg\" class=\"pt-cv-thumbnail img-none pull-left skip-lazy \" alt=\"Camping La Gorga\" decoding=\"async\" data-no-lazy=\"1\" \/><\/a>\n<h4 class=\"pt-cv-title\"><a href=\"https:\/\/ordesasobrarbe.com\/fr\/empresas\/camping-la-gorga\/\" class=\"_blank cvplbd\" target=\"_blank\" >Camping La Gorga<\/a><\/h4>\n<div class=\"pt-cv-ctf-list\" data-cvc=\"1\"><div class=\"col-md-12 pt-cv-ctf-column\"><div class=\"pt-cv-custom-fields pt-cv-ctf-wpcf-localidad-ubicacion\"><div class=\"pt-cv-ctf-value\">Bolta\u00f1a<\/div><\/div><\/div><\/div>\n<div class=\"pt-cv-content\">El camping la Gorga est\u00e1 situado en Bolta\u00f1a, a las puertas del Parque Nacional de Ordesa y Monte Perdido. El ...<br \/><div class=\"pt-cv-rmwrap\"><a href=\"https:\/\/ordesasobrarbe.com\/fr\/empresas\/camping-la-gorga\/\" class=\"_blank pt-cv-readmore btn btn-success cvprmct  cvplbd\" target=\"_blank\">Leer M\u00e1s<\/a><\/div><\/div><\/div><\/div>\n<div class=\"col-md-4 col-sm-6 col-xs-12 pt-cv-content-item pt-cv-2-col\"  data-pid=\"20275\"><div class='pt-cv-ifield'><a href=\"https:\/\/ordesasobrarbe.com\/fr\/empresas\/alea-comunicacion\/\" class=\"_blank pt-cv-href-thumbnail pt-cv-thumb-left cvplbd\" target=\"_blank\" ><img loading=\"lazy\" width=\"400\" height=\"400\" src=\"https:\/\/ordesasobrarbe.com\/wp-content\/uploads\/2015\/08\/alea-comunicacion_principal-400x254.jpg\" class=\"pt-cv-thumbnail img-none pull-left skip-lazy \" alt=\"Alea Comunicacion\" decoding=\"async\" data-no-lazy=\"1\" \/><\/a>\n<h4 class=\"pt-cv-title\"><a href=\"https:\/\/ordesasobrarbe.com\/fr\/empresas\/alea-comunicacion\/\" class=\"_blank cvplbd\" target=\"_blank\" >Alea Comunicacion<\/a><\/h4>\n<div class=\"pt-cv-ctf-list\" data-cvc=\"1\"><div class=\"col-md-12 pt-cv-ctf-column\"><div class=\"pt-cv-custom-fields pt-cv-ctf-wpcf-localidad-ubicacion\"><div class=\"pt-cv-ctf-value\">Lafortunada<\/div><\/div><\/div><\/div>\n<div class=\"pt-cv-content\"> ...<br \/><div class=\"pt-cv-rmwrap\"><a href=\"https:\/\/ordesasobrarbe.com\/fr\/empresas\/alea-comunicacion\/\" class=\"_blank pt-cv-readmore btn btn-success cvprmct  cvplbd\" target=\"_blank\">Leer M\u00e1s<\/a><\/div><\/div><\/div><\/div>\n<div class=\"col-md-4 col-sm-6 col-xs-12 pt-cv-content-item pt-cv-2-col\"  data-pid=\"20264\"><div class='pt-cv-ifield'><a href=\"https:\/\/ordesasobrarbe.com\/fr\/empresas\/la-creperia\/\" class=\"_blank pt-cv-href-thumbnail pt-cv-thumb-left cvplbd\" target=\"_blank\" ><img loading=\"lazy\" width=\"400\" height=\"400\" src=\"https:\/\/ordesasobrarbe.com\/wp-content\/uploads\/2015\/08\/la_creperia_principal-400x302.jpg\" class=\"pt-cv-thumbnail img-none pull-left skip-lazy \" alt=\"La Creperia\" decoding=\"async\" data-no-lazy=\"1\" \/><\/a>\n<h4 class=\"pt-cv-title\"><a href=\"https:\/\/ordesasobrarbe.com\/fr\/empresas\/la-creperia\/\" class=\"_blank cvplbd\" target=\"_blank\" >La Creperia<\/a><\/h4>\n<div class=\"pt-cv-ctf-list\" data-cvc=\"1\"><div class=\"col-md-12 pt-cv-ctf-column\"><div class=\"pt-cv-custom-fields pt-cv-ctf-wpcf-localidad-ubicacion\"><div class=\"pt-cv-ctf-value\">Ainsa<\/div><\/div><\/div><\/div>\n<div class=\"pt-cv-content\">La Creperia de Ainsa, comida diferente para gente diferente. Ven y prueba nuestros creps variados dulces o salado, goza con ...<br \/><div class=\"pt-cv-rmwrap\"><a href=\"https:\/\/ordesasobrarbe.com\/fr\/empresas\/la-creperia\/\" class=\"_blank pt-cv-readmore btn btn-success cvprmct  cvplbd\" target=\"_blank\">Leer M\u00e1s<\/a><\/div><\/div><\/div><\/div>\n<div class=\"col-md-4 col-sm-6 col-xs-12 pt-cv-content-item pt-cv-2-col\"  data-pid=\"21677\"><div class='pt-cv-ifield'><a href=\"https:\/\/ordesasobrarbe.com\/fr\/empresas\/gastrobar-sie7e\/\" class=\"_blank pt-cv-href-thumbnail pt-cv-thumb-left cvplbd\" target=\"_blank\" ><img loading=\"lazy\" width=\"400\" height=\"400\" src=\"https:\/\/ordesasobrarbe.com\/wp-content\/uploads\/2019\/05\/29060196_576978732695080_746278472100366721_o-400x400.jpg\" class=\"pt-cv-thumbnail img-none pull-left skip-lazy \" alt=\"Gastrobar Sie7e\" decoding=\"async\" data-no-lazy=\"1\" \/><\/a>\n<h4 class=\"pt-cv-title\"><a href=\"https:\/\/ordesasobrarbe.com\/fr\/empresas\/gastrobar-sie7e\/\" class=\"_blank cvplbd\" target=\"_blank\" >Gastrobar Sie7e<\/a><\/h4>\n<div class=\"pt-cv-ctf-list\" data-cvc=\"1\"><div class=\"col-md-12 pt-cv-ctf-column\"><div class=\"pt-cv-custom-fields pt-cv-ctf-wpcf-localidad-ubicacion\"><div class=\"pt-cv-ctf-value\">Ainsa<\/div><\/div><\/div><\/div>\n<div class=\"pt-cv-content\">Bar de tapas y raciones en el cruce comercial de Ainsa ...<br \/><div class=\"pt-cv-rmwrap\"><a href=\"https:\/\/ordesasobrarbe.com\/fr\/empresas\/gastrobar-sie7e\/\" class=\"_blank pt-cv-readmore btn btn-success cvprmct  cvplbd\" target=\"_blank\">Leer M\u00e1s<\/a><\/div><\/div><\/div><\/div>\n<div class=\"col-md-4 col-sm-6 col-xs-12 pt-cv-content-item pt-cv-2-col\"  data-pid=\"20294\"><div class='pt-cv-ifield'><a href=\"https:\/\/ordesasobrarbe.com\/fr\/empresas\/restaurante-bistro-la-capilleta\/\" class=\"_blank pt-cv-href-thumbnail pt-cv-thumb-left cvplbd\" target=\"_blank\" ><img loading=\"lazy\" width=\"400\" height=\"400\" src=\"https:\/\/ordesasobrarbe.com\/wp-content\/uploads\/2015\/08\/la-capilleta_principal-400x310.jpg\" class=\"pt-cv-thumbnail img-none pull-left skip-lazy \" alt=\"Restaurante Bistr\u00f3 la Capilleta\" decoding=\"async\" data-no-lazy=\"1\" \/><\/a>\n<h4 class=\"pt-cv-title\"><a href=\"https:\/\/ordesasobrarbe.com\/fr\/empresas\/restaurante-bistro-la-capilleta\/\" class=\"_blank cvplbd\" target=\"_blank\" >Restaurante Bistr\u00f3 la Capilleta<\/a><\/h4>\n<div class=\"pt-cv-ctf-list\" data-cvc=\"1\"><div class=\"col-md-12 pt-cv-ctf-column\"><div class=\"pt-cv-custom-fields pt-cv-ctf-wpcf-localidad-ubicacion\"><div class=\"pt-cv-ctf-value\">Plan<\/div><\/div><\/div><\/div>\n<div class=\"pt-cv-content\">Una esmerada cocina en el valle de Chistau ...<br \/><div class=\"pt-cv-rmwrap\"><a href=\"https:\/\/ordesasobrarbe.com\/fr\/empresas\/restaurante-bistro-la-capilleta\/\" class=\"_blank pt-cv-readmore btn btn-success cvprmct  cvplbd\" target=\"_blank\">Leer M\u00e1s<\/a><\/div><\/div><\/div><\/div>\n<div class=\"col-md-4 col-sm-6 col-xs-12 pt-cv-content-item pt-cv-2-col\"  data-pid=\"20296\"><div class='pt-cv-ifield'><a href=\"https:\/\/ordesasobrarbe.com\/fr\/empresas\/asociacion-zona-zero\/\" class=\"_blank pt-cv-href-thumbnail pt-cv-thumb-left cvplbd\" target=\"_blank\" ><img loading=\"lazy\" width=\"182\" height=\"182\" src=\"https:\/\/ordesasobrarbe.com\/wp-content\/uploads\/2015\/08\/zona-zero_principal.jpg\" class=\"pt-cv-thumbnail img-none pull-left skip-lazy \" alt=\"Asociaci\u00f3n Zona Zero\" decoding=\"async\" data-no-lazy=\"1\" \/><\/a>\n<h4 class=\"pt-cv-title\"><a href=\"https:\/\/ordesasobrarbe.com\/fr\/empresas\/asociacion-zona-zero\/\" class=\"_blank cvplbd\" target=\"_blank\" >Asociaci\u00f3n Zona Zero<\/a><\/h4>\n<div class=\"pt-cv-ctf-list\" data-cvc=\"1\"><div class=\"col-md-12 pt-cv-ctf-column\"><div class=\"pt-cv-custom-fields pt-cv-ctf-wpcf-localidad-ubicacion\"><div class=\"pt-cv-ctf-value\">Ainsa<\/div><\/div><\/div><\/div>\n<div class=\"pt-cv-content\">Centro BTT de enduro. En 2015 y 2018 Sobrarbe ha acogido el campeonato del mundo Enduro World Series ...<br \/><div class=\"pt-cv-rmwrap\"><a href=\"https:\/\/ordesasobrarbe.com\/fr\/empresas\/asociacion-zona-zero\/\" class=\"_blank pt-cv-readmore btn btn-success cvprmct  cvplbd\" target=\"_blank\">Leer M\u00e1s<\/a><\/div><\/div><\/div><\/div>\n<div class=\"col-md-4 col-sm-6 col-xs-12 pt-cv-content-item pt-cv-2-col\"  data-pid=\"20184\"><div class='pt-cv-ifield'><a href=\"https:\/\/ordesasobrarbe.com\/fr\/empresas\/carniceria-bun\/\" class=\"_blank pt-cv-href-thumbnail pt-cv-thumb-left cvplbd\" target=\"_blank\" ><img loading=\"lazy\" width=\"400\" height=\"400\" src=\"https:\/\/ordesasobrarbe.com\/wp-content\/uploads\/2017\/07\/carniceria_bun_principal-400x400.jpg\" class=\"pt-cv-thumbnail img-none pull-left skip-lazy \" alt=\"Carnicer\u00eda Bun\" decoding=\"async\" data-no-lazy=\"1\" \/><\/a>\n<h4 class=\"pt-cv-title\"><a href=\"https:\/\/ordesasobrarbe.com\/fr\/empresas\/carniceria-bun\/\" class=\"_blank cvplbd\" target=\"_blank\" >Carnicer\u00eda Bun<\/a><\/h4>\n<div class=\"pt-cv-ctf-list\" data-cvc=\"1\"><div class=\"col-md-12 pt-cv-ctf-column\"><div class=\"pt-cv-custom-fields pt-cv-ctf-wpcf-localidad-ubicacion\"><div class=\"pt-cv-ctf-value\">Torla Ordesa<\/div><\/div><\/div><\/div>\n<div class=\"pt-cv-content\">Empresa Familiar con mas de 50 a\u00f1os de experiencia y dedicados a la elaboracion de embutidos propios , la Ternera ...<br \/><div class=\"pt-cv-rmwrap\"><a href=\"https:\/\/ordesasobrarbe.com\/fr\/empresas\/carniceria-bun\/\" class=\"_blank pt-cv-readmore btn btn-success cvprmct  cvplbd\" target=\"_blank\">Leer M\u00e1s<\/a><\/div><\/div><\/div><\/div>\n<div class=\"col-md-4 col-sm-6 col-xs-12 pt-cv-content-item pt-cv-2-col\"  data-pid=\"20252\"><div class='pt-cv-ifield'><a href=\"https:\/\/ordesasobrarbe.com\/fr\/empresas\/hotel-ordesa\/\" class=\"_blank pt-cv-href-thumbnail pt-cv-thumb-left cvplbd\" target=\"_blank\" ><img loading=\"lazy\" width=\"400\" height=\"400\" src=\"https:\/\/ordesasobrarbe.com\/wp-content\/uploads\/2015\/08\/templatefotosobrarbe-400x400.jpg\" class=\"pt-cv-thumbnail img-none pull-left skip-lazy \" alt=\"Hotel Ordesa\" decoding=\"async\" data-no-lazy=\"1\" \/><\/a>\n<h4 class=\"pt-cv-title\"><a href=\"https:\/\/ordesasobrarbe.com\/fr\/empresas\/hotel-ordesa\/\" class=\"_blank cvplbd\" target=\"_blank\" >Hotel Ordesa<\/a><\/h4>\n<div class=\"pt-cv-ctf-list\" data-cvc=\"1\"><div class=\"col-md-12 pt-cv-ctf-column\"><div class=\"pt-cv-custom-fields pt-cv-ctf-wpcf-localidad-ubicacion\"><div class=\"pt-cv-ctf-value\">Torla<\/div><\/div><\/div><\/div>\n<div class=\"pt-cv-content\">Hotel rural de l\u00edneas modernas con habitaciones contempor\u00e1neas, desayuno buf\u00e9 opcional y carta de picnic ...<br \/><div class=\"pt-cv-rmwrap\"><a href=\"https:\/\/ordesasobrarbe.com\/fr\/empresas\/hotel-ordesa\/\" class=\"_blank pt-cv-readmore btn btn-success cvprmct  cvplbd\" target=\"_blank\">Leer M\u00e1s<\/a><\/div><\/div><\/div><\/div>\n<div class=\"col-md-4 col-sm-6 col-xs-12 pt-cv-content-item pt-cv-2-col\"  data-pid=\"19904\"><div class='pt-cv-ifield'><a href=\"https:\/\/ordesasobrarbe.com\/fr\/empresas\/queseria-bal-de-broto\/\" class=\"_blank pt-cv-href-thumbnail pt-cv-thumb-left cvplbd\" target=\"_blank\" ><img loading=\"lazy\" width=\"400\" height=\"400\" src=\"https:\/\/ordesasobrarbe.com\/wp-content\/uploads\/2024\/10\/Diseno-sin-titulo-2024-10-18T102229.148-768x768-400x400.png\" class=\"pt-cv-thumbnail img-none pull-left skip-lazy \" alt=\"etecuida senderismo Chist\u00e9n Sierra de Guara Aventura Pirineos Turismo Sobrarbe Patrimonio Sobrarbe Cultura Aragonesa Naturaleza Sobrarbe Senderismo Pirineos patrimonio Historia Sobrarbe Gastronom\u00eda Sobrarbe Ordesa Sobrarbe Bolta\u00f1a museo Bielsa aventura Sobrarbe ainsa Turismo Sostenible ordesa AETS Parque Nacional Ordesa naturaleza Huesca La Fueva Cultura Sobrarbe Actividades Sobrarbe broto Alojamiento Sobrarbe Asociaci\u00f3n Empresarial Tur\u00edstica de Sobrarbe Fiscal Aventura Pirineo Pirineo Aragon\u00e9s sobrarbe Posets Maladeta monte perdido Torla\" decoding=\"async\" data-no-lazy=\"1\" \/><\/a>\n<h4 class=\"pt-cv-title\"><a href=\"https:\/\/ordesasobrarbe.com\/fr\/empresas\/queseria-bal-de-broto\/\" class=\"_blank cvplbd\" target=\"_blank\" >Queser\u00eda Bal de Broto<\/a><\/h4>\n<div class=\"pt-cv-ctf-list\" data-cvc=\"1\"><div class=\"col-md-12 pt-cv-ctf-column\"><div class=\"pt-cv-custom-fields pt-cv-ctf-wpcf-localidad-ubicacion\"><div class=\"pt-cv-ctf-value\">Sarvis\u00e9<\/div><\/div><\/div><\/div>\n<div class=\"pt-cv-content\">Queser\u00eda artesana y sostenible en la zona de Broto ...<br \/><div class=\"pt-cv-rmwrap\"><a href=\"https:\/\/ordesasobrarbe.com\/fr\/empresas\/queseria-bal-de-broto\/\" class=\"_blank pt-cv-readmore btn btn-success cvprmct  cvplbd\" target=\"_blank\">Leer M\u00e1s<\/a><\/div><\/div><\/div><\/div>\n<div class=\"col-md-4 col-sm-6 col-xs-12 pt-cv-content-item pt-cv-2-col\"  data-pid=\"19868\"><div class='pt-cv-ifield'><a href=\"https:\/\/ordesasobrarbe.com\/fr\/empresas\/casa-san-martin\/\" class=\"_blank pt-cv-href-thumbnail pt-cv-thumb-left cvplbd\" target=\"_blank\" ><img loading=\"lazy\" width=\"400\" height=\"400\" src=\"https:\/\/ordesasobrarbe.com\/wp-content\/uploads\/2019\/01\/San-Martin-de-la-Solana-4-400x400.jpg\" class=\"pt-cv-thumbnail img-none pull-left skip-lazy \" alt=\"Casa San Mart\u00edn\" decoding=\"async\" data-no-lazy=\"1\" \/><\/a>\n<h4 class=\"pt-cv-title\"><a href=\"https:\/\/ordesasobrarbe.com\/fr\/empresas\/casa-san-martin\/\" class=\"_blank cvplbd\" target=\"_blank\" >Casa San Mart\u00edn<\/a><\/h4>\n<div class=\"pt-cv-ctf-list\" data-cvc=\"1\"><div class=\"col-md-12 pt-cv-ctf-column\"><div class=\"pt-cv-custom-fields pt-cv-ctf-wpcf-localidad-ubicacion\"><div class=\"pt-cv-ctf-value\">San Mart\u00edn de La Solana<\/div><\/div><\/div><\/div>\n<div class=\"pt-cv-content\">Perdida entre monta\u00f1as y bosques, es el refugio perfecto para relajarse con un buen libro frente la chimenea o dando ...<br \/><div class=\"pt-cv-rmwrap\"><a href=\"https:\/\/ordesasobrarbe.com\/fr\/empresas\/casa-san-martin\/\" class=\"_blank pt-cv-readmore btn btn-success cvprmct  cvplbd\" target=\"_blank\">Leer M\u00e1s<\/a><\/div><\/div><\/div><\/div><\/div><\/div>\n<div class=\"text-left pt-cv-pagination-wrapper\"><ul class=\"pt-cv-pagination pt-cv-ajax pagination\" data-totalpages=\"3\" data-currentpage=\"1\" data-sid=\"8a796cbzfe\" data-unid=\"\" data-isblock=\"\" data-postid=\"\"><li class=\"active\"><a href=\"#\">1<\/a><\/li>\n\t<li ><a class=\"\" href=\"https:\/\/ordesasobrarbe.com\/fr\/wp-json\/wp\/v2\/pages\/19662\/?_page=2\">2<\/a><\/li>\n\t<li ><a class=\"\" href=\"https:\/\/ordesasobrarbe.com\/fr\/wp-json\/wp\/v2\/pages\/19662\/?_page=3\">3<\/a><\/li>\n\t<li ><a class=\" \" href=\"https:\/\/ordesasobrarbe.com\/fr\/wp-json\/wp\/v2\/pages\/19662\/?_page=2\">&rsaquo;<\/a><\/li>\n\t<\/ul><img loading=\"lazy\" decoding=\"async\" width=\"15\" height=\"15\" class=\"pt-cv-spinner\" alt=\"Chargement\u2026\" src=\"data:image\/gif;base64,R0lGODlhDwAPALMPAMrKygwMDJOTkz09PZWVla+vr3p6euTk5M7OzuXl5TMzMwAAAJmZmWZmZszMzP\/\/\/yH\/C05FVFNDQVBFMi4wAwEAAAAh+QQFCgAPACwAAAAADwAPAAAEQvDJaZaZOIcV8iQK8VRX4iTYoAwZ4iCYoAjZ4RxejhVNoT+mRGP4cyF4Pp0N98sBGIBMEMOotl6YZ3S61Bmbkm4mAgAh+QQFCgAPACwAAAAADQANAAAENPDJSRSZeA418itN8QiK8BiLITVsFiyBBIoYqnoewAD4xPw9iY4XLGYSjkQR4UAUD45DLwIAIfkEBQoADwAsAAAAAA8ACQAABC\/wyVlamTi3nSdgwFNdhEJgTJoNyoB9ISYoQmdjiZPcj7EYCAeCF1gEDo4Dz2eIAAAh+QQFCgAPACwCAAAADQANAAAEM\/DJBxiYeLKdX3IJZT1FU0iIg2RNKx3OkZVnZ98ToRD4MyiDnkAh6BkNC0MvsAj0kMpHBAAh+QQFCgAPACwGAAAACQAPAAAEMDC59KpFDll73HkAA2wVY5KgiK5b0RRoI6MuzG6EQqCDMlSGheEhUAgqgUUAFRySIgAh+QQFCgAPACwCAAIADQANAAAEM\/DJKZNLND\/kkKaHc3xk+QAMYDKsiaqmZCxGVjSFFCxB1vwy2oOgIDxuucxAMTAJFAJNBAAh+QQFCgAPACwAAAYADwAJAAAEMNAs86q1yaWwwv2Ig0jUZx3OYa4XoRAfwADXoAwfo1+CIjyFRuEho60aSNYlOPxEAAAh+QQFCgAPACwAAAIADQANAAAENPA9s4y8+IUVcqaWJ4qEQozSoAzoIyhCK2NFU2SJk0hNnyEOhKR2AzAAj4Pj4GE4W0bkJQIAOw==\" \/><div class=\"clear pt-cv-clear-pagination\"><\/div><\/div><\/div>\t\t\t<style type=\"text\/css\" id=\"pt-cv-inline-style-cfe67d18qy\">#pt-cv-view-8a796cbzfe .pt-cv-title a, #pt-cv-view-8a796cbzfe  .panel-title { font-weight: 600 !important; display: block !important; text-align: center !important; clear: both !important; }\n#pt-cv-view-8a796cbzfe  .pt-cv-title a:hover, #pt-cv-view-8a796cbzfe  .panel-title:hover   { display: block !important; text-align: center !important; clear: both !important; }\n#pt-cv-view-8a796cbzfe .pt-cv-content , #pt-cv-view-8a796cbzfe  .pt-cv-content *:not(.pt-cv-readmore):not(style):not(script) { display: block !important; text-align: center !important; clear: both !important; }\n#pt-cv-view-8a796cbzfe .pt-cv-custom-fields * { margin-left: auto !important; margin-right: auto !important; display: block !important; text-align: center !important; clear: both !important; }\n#pt-cv-view-8a796cbzfe .pt-cv-readmore  { color: #ffffff !important; background-color: #00aeef !important; margin-left: auto !important; margin-right: auto !important; float: none !important; display: table !important; text-align: center !important; clear: both !important; }\n#pt-cv-view-8a796cbzfe .pt-cv-readmore:hover  { color: #ffffff !important; background-color: #00aeef !important; margin-left: auto !important; margin-right: auto !important; float: none !important; display: table !important; text-align: center !important; clear: both !important; }\n#pt-cv-view-8a796cbzfe  + .pt-cv-pagination-wrapper .pt-cv-more , #pt-cv-view-8a796cbzfe  + .pt-cv-pagination-wrapper .pagination .active a, .pt-cv-pagination[data-sid='8a796cbzfe'] .active a { color: #ffffff !important; background-color: #00aeef !important; }<\/style>\r\n\t\t\t<\/p>\n","protected":false},"author":1,"featured_media":30704,"parent":0,"menu_order":0,"comment_status":"closed","ping_status":"closed","template":"","meta":{"_et_pb_use_builder":"on","_et_pb_old_content":"","_et_gb_content_width":"","footnotes":""},"tags":[],"class_list":["post-19662","page","type-page","status-publish","has-post-thumbnail","hentry"],"publishpress_future_workflow_manual_trigger":{"enabledWorkflows":[]},"_links":{"self":[{"href":"https:\/\/ordesasobrarbe.com\/fr\/wp-json\/wp\/v2\/pages\/19662","targetHints":{"allow":["GET"]}}],"collection":[{"href":"https:\/\/ordesasobrarbe.com\/fr\/wp-json\/wp\/v2\/pages"}],"about":[{"href":"https:\/\/ordesasobrarbe.com\/fr\/wp-json\/wp\/v2\/types\/page"}],"author":[{"embeddable":true,"href":"https:\/\/ordesasobrarbe.com\/fr\/wp-json\/wp\/v2\/users\/1"}],"replies":[{"embeddable":true,"href":"https:\/\/ordesasobrarbe.com\/fr\/wp-json\/wp\/v2\/comments?post=19662"}],"version-history":[{"count":0,"href":"https:\/\/ordesasobrarbe.com\/fr\/wp-json\/wp\/v2\/pages\/19662\/revisions"}],"wp:featuredmedia":[{"embeddable":true,"href":"https:\/\/ordesasobrarbe.com\/fr\/wp-json\/wp\/v2\/media\/30704"}],"wp:attachment":[{"href":"https:\/\/ordesasobrarbe.com\/fr\/wp-json\/wp\/v2\/media?parent=19662"}],"wp:term":[{"taxonomy":"post_tag","embeddable":true,"href":"https:\/\/ordesasobrarbe.com\/fr\/wp-json\/wp\/v2\/tags?post=19662"}],"curies":[{"name":"wp","href":"https:\/\/api.w.org\/{rel}","templated":true}]}}